{"id":8,"date":"2020-04-02T14:21:39","date_gmt":"2020-04-02T12:21:39","guid":{"rendered":"https:\/\/www.traum-ferienwohnungen.de\/vermieter-magazin\/?page_id=8"},"modified":"2024-01-16T21:09:45","modified_gmt":"2024-01-16T20:09:45","slug":"vermieter-magazin","status":"publish","type":"page","link":"https:\/\/www.traum-ferienwohnungen.de\/vermieter-magazin\/","title":{"rendered":"Vermieter Magazin"},"content":{"rendered":"\n<section class=\"wp-block-uagb-section uagb-section__wrap uagb-section__background-image uagb-block-0c4c08c8 section__hero section__hero--primary\"><div class=\"uagb-section__overlay\"><\/div><div class=\"uagb-section__inner-wrap\">\n<h1 class=\"has-text-align-center hero-heading has-tfw-white-color has-text-color\">Vermieter Magazin<\/h1>\n\n\n\n<p class=\"has-text-align-center has-tfw-white-color has-text-color\">Hilfe und Tipps f\u00fcr die Vermietung von Ferienwohnungen und Ferienh\u00e4usern: Erfahren Sie, was Sie bei der Vermietung Ihrer Ferienwohnung beachten sollten.<\/p>\n<\/div><\/section>\n\n\n\n<div class=\"wp-block-image\"><figure class=\"aligncenter size-full\"><a href=\"https:\/\/www.traum-ferienwohnungen.de\/vermieten\/?utm_source=organic&amp;utm_medium=ho_blog&amp;utm_campaign=vermietenmagazine\" target=\"_blank\" rel=\"noopener\"><img loading=\"lazy\" width=\"1440\" height=\"1068\" src=\"https:\/\/www.traum-ferienwohnungen.de\/vermieter-magazin\/wp-content\/uploads\/2024\/01\/Banner-for-Traum-HO-Pages-1440x1068-DE-Mobile-2-17.jpg\" alt=\"\" class=\"wp-image-8065\" srcset=\"https:\/\/www.traum-ferienwohnungen.de\/vermieter-magazin\/wp-content\/uploads\/2024\/01\/Banner-for-Traum-HO-Pages-1440x1068-DE-Mobile-2-17.jpg 1440w, https:\/\/www.traum-ferienwohnungen.de\/vermieter-magazin\/wp-content\/uploads\/2024\/01\/Banner-for-Traum-HO-Pages-1440x1068-DE-Mobile-2-17-300x223.jpg 300w, https:\/\/www.traum-ferienwohnungen.de\/vermieter-magazin\/wp-content\/uploads\/2024\/01\/Banner-for-Traum-HO-Pages-1440x1068-DE-Mobile-2-17-1024x759.jpg 1024w, https:\/\/www.traum-ferienwohnungen.de\/vermieter-magazin\/wp-content\/uploads\/2024\/01\/Banner-for-Traum-HO-Pages-1440x1068-DE-Mobile-2-17-768x570.jpg 768w\" sizes=\"(max-width: 1440px) 100vw, 1440px\" \/><\/a><\/figure><\/div>\n\n\n\n<section class=\"wp-block-uagb-section uagb-section__wrap uagb-section__background-undefined uagb-block-aae82109 section__seo-text\"><div class=\"uagb-section__overlay\"><\/div><div class=\"uagb-section__inner-wrap\">\n<p class=\"has-text-align-center\">Sie starten gerade mit der Vermietung einer Ferienunterkunft, denken dar\u00fcber nach, eine Ferienwohnung oder ein Ferienhaus zu kaufen oder sind schon seit langem als Gastgeber t\u00e4tig? Dann sind Sie hier genau richtig. Auf diesen Seiten finden Sie<strong> hilfreiche Tipps und ausf\u00fchrliche Ratgeber<\/strong> rund um die Vermietung und Vermarktung einer Ferienunterkunft. Lesen Sie unsere <strong>Experten-Tipps<\/strong> und lassen Sie sich inspirieren.<\/p>\n<\/div><\/section>\n\n\n\n<section class=\"wp-block-uagb-section uagb-section__wrap uagb-section__background-undefined uagb-block-1673b792 uag-hide-mob\"><div class=\"uagb-section__overlay\"><\/div><div class=\"uagb-section__inner-wrap\">\n<h2 class=\"has-text-align-center\">Top Artikel<\/h2>\n\n\n<div  class=\"wp-block-cgb-top-articles-tfw-blocks\"><div class=\"tfw-card top-post tfw-red\">\n\t\t\t\t\t<h3>Create a guest folder<\/h3>\n\t\t\t\t\t<svg xmlns=\"http:\/\/www.w3.org\/2000\/svg\" width=\"350\" height=\"135\" viewBox=\"0 0 350 135\">\n\t\t\t\t\t\t<g fill=\"currentColor\">\n\t\t\t\t\t\t\t\t<path d=\"M677.293 44.783c18.534 8.854 36.941 18.949 52.355 33.751 14.857 14.116 26.593 34.18 26.352 54.867-.204 26.341-19.577 50.038-18.536 76.51.01 18.203 10.204 34.967 10.898 52.615 1.599 27.157-18.459 51.41-42.331 63.964-13.305 7.388-29.521 12.587-38.372 25.465-6.671 9.968-6.834 23.76-8.668 35.493-5.839 44.578-28.368 86.773-62.716 115.8-10.266 8.334-22.33 15.853-35.553 16.346-7.574.458-14.893-1.567-22.34-2.35-39.286-2.248-74.053 43.053-110.948 29.758-14.51-5.292-25.644-19.016-40.026-25.55-17.421-7.48-37.233-3.915-53.832 5.01-17.156 8.238-30.972 20.594-45.9 31.577-10.14 7.094-20.834 13.501-33.373 13.437-9.372-.358-17.804-3.755-25.552-7.708-16.052-8.593-31.165-20.225-36.95-37.152-7.202-21.47 2.671-44.284 8.137-66.933 16.186-59.809 2.842-125.234 20.826-184.226 19.052-63.274 69.652-110.049 120.425-152.412C397.566 74.994 457.538 28.577 528.051 7.748c19.382-5.494 39.878-9.615 60.165-5.599C601.74 4.827 613.64 11.1 625.54 17.372c17.166 9.965 34.459 18.688 51.753 27.411z\" opacity=\".6\" transform=\"translate(-341 -418)\"\/>\n\t\t\t\t\t\t\t\t<path d=\"M5.35 217.042c.603-21.082 2.426-42.561 9.911-63.188 7.073-19.819 21.028-39.182 40.552-47.555 24.812-10.768 55.116-2.436 79.534-14.424 17.086-7.58 28.584-24.122 44.863-32.113 24.831-12.796 55.942-4.053 77.655 13.138 12.47 9.418 24.095 22.479 39.866 25.433 12.134 2.116 25.149-3.466 36.927-6.624 44.278-13.059 93.261-9.458 134.797 10.716 12.095 6.171 24.171 14.37 30.133 26.579 3.58 6.92 4.723 14.633 7.085 21.949 14.228 37.817 71.218 51.616 74.081 91.783 1.067 15.823-7.187 31.983-7.339 48.203.222 19.466 11.809 36.583 27.091 48.454 14.87 12.68 32.216 20.512 48.736 29.959 10.876 6.568 21.339 13.943 26.495 25.741 3.561 8.947 15.722 13.334 15.233 22.252-1.39 18.644-4.851 30.854-31.354 55.084-17.161 15.69-42.684 15.91-66.22 20.198-62.882 9.68-118.753 49.417-181.616 57.069-67.325 8.43-132.283-19.62-193.17-49.667-68.558-32.942-137.077-69.939-185.958-127.474-13.219-15.911-25.613-33.44-30.279-54.155-3.111-13.81-2.172-27.591-1.232-41.372 2.216-20.259 3.213-40.122 4.209-59.986z\" opacity=\".3\" transform=\"translate(-341 -418)\"\/>\n\t\t\t\t\t\t\t\t<path d=\"M640.413 363.685c4.397 15.139 30.181 29.617 29.577 46.007-.749 20.38-8.959 33.585-22.163 45.185-15.189 13.342-38.29 13.401-52.92 27.52-10.421 9.306-20.824 23.277-30.578 32.69-14.738 14.79-51.2 16.23-70.585 8.97-11.029-3.847-22.291-10.479-34.188-8.97-9.118 1.272-17.1 8.224-24.757 13.167-28.515 19.429-64.192 28.081-98.364 23.236-10.019-1.622-20.488-4.691-27.525-12.013-4.132-4.104-6.711-9.33-10.067-13.995-18.781-23.65-62.489-20.42-73.722-48.345-4.382-11.014-2.209-24.402-5.814-35.977-4.615-13.8-16.778-23.326-30.37-28.274-13.482-5.618-27.617-7.219-41.535-10.159-9.242-2.183-18.375-5.035-24.744-12.25-4.583-5.55-6.945-12.115-8.638-18.572-3.279-13.584-4.337-28.182 2.402-40.144 8.619-15.093 26.729-21.092 42.493-29.532 42.526-21.283 73.182-62.348 116.158-82.184 45.973-21.412 98.613-16.325 148.815-8.886 56.322 7.743 113.544 18.381 161.496 48.127 13.048 8.295 25.879 17.929 33.942 31.6 5.376 9.114 7.862 19.134 10.348 29.155 3.062 14.922 6.9 29.283 10.739 43.644z\" transform=\"translate(-341 -418)\"\/>\n\t\t\t\t\t\t<\/g>\n\t\t\t\t\t<\/svg>\n\t\t\t\t\t<figure> \n\t\t\t\t\t<img width=\"1440\" height=\"440\" src=\"https:\/\/www.traum-ferienwohnungen.de\/vermieter-magazin\/wp-content\/uploads\/2022\/07\/gaestemappe-ferienwohnung.jpg\" class=\"attachment-post-thumbnail size-post-thumbnail wp-post-image\" alt=\"Illustration einer G\u00e4stemappe auf rotem Hintergrund\" loading=\"lazy\" srcset=\"https:\/\/www.traum-ferienwohnungen.de\/vermieter-magazin\/wp-content\/uploads\/2022\/07\/gaestemappe-ferienwohnung.jpg 1440w, https:\/\/www.traum-ferienwohnungen.de\/vermieter-magazin\/wp-content\/uploads\/2022\/07\/gaestemappe-ferienwohnung-300x92.jpg 300w, https:\/\/www.traum-ferienwohnungen.de\/vermieter-magazin\/wp-content\/uploads\/2022\/07\/gaestemappe-ferienwohnung-1024x313.jpg 1024w, https:\/\/www.traum-ferienwohnungen.de\/vermieter-magazin\/wp-content\/uploads\/2022\/07\/gaestemappe-ferienwohnung-768x235.jpg 768w\" sizes=\"(max-width: 1440px) 100vw, 1440px\" \/>\n\t\t\t\t\t<\/figure>\n\t\t\t\t\t<p>Die G\u00e4stemappe ist ein Must-Have f\u00fcr jede Ferienunterkunft. Wir zeigen Ihnen wie Sie Ihre mit unserem Muster professionell erstellen.\n\t\t\t\t\n\t\t\t\t\t<\/p>\n\t\t\t\t\t<a class=\"tfw-button tfw-button--yellow\" href=\"https:\/\/www.traum-ferienwohnungen.de\/vermieter-magazin\/gaestemappe-fuer-ferienwohnung-erstellen-mit-muster\/\" rel=\"bookmark\"> Erfahren Sie Mehr <\/a>\n\t\t\t\t<\/div><div class=\"tfw-card top-post tfw-green\">\n\t\t\t\t\t<h3>Ferienwohnung und Steuern<\/h3>\n\t\t\t\t\t<svg xmlns=\"http:\/\/www.w3.org\/2000\/svg\" width=\"350\" height=\"135\" viewBox=\"0 0 350 135\">\n\t\t\t\t\t\t<g fill=\"currentColor\">\n\t\t\t\t\t\t\t\t<path d=\"M677.293 44.783c18.534 8.854 36.941 18.949 52.355 33.751 14.857 14.116 26.593 34.18 26.352 54.867-.204 26.341-19.577 50.038-18.536 76.51.01 18.203 10.204 34.967 10.898 52.615 1.599 27.157-18.459 51.41-42.331 63.964-13.305 7.388-29.521 12.587-38.372 25.465-6.671 9.968-6.834 23.76-8.668 35.493-5.839 44.578-28.368 86.773-62.716 115.8-10.266 8.334-22.33 15.853-35.553 16.346-7.574.458-14.893-1.567-22.34-2.35-39.286-2.248-74.053 43.053-110.948 29.758-14.51-5.292-25.644-19.016-40.026-25.55-17.421-7.48-37.233-3.915-53.832 5.01-17.156 8.238-30.972 20.594-45.9 31.577-10.14 7.094-20.834 13.501-33.373 13.437-9.372-.358-17.804-3.755-25.552-7.708-16.052-8.593-31.165-20.225-36.95-37.152-7.202-21.47 2.671-44.284 8.137-66.933 16.186-59.809 2.842-125.234 20.826-184.226 19.052-63.274 69.652-110.049 120.425-152.412C397.566 74.994 457.538 28.577 528.051 7.748c19.382-5.494 39.878-9.615 60.165-5.599C601.74 4.827 613.64 11.1 625.54 17.372c17.166 9.965 34.459 18.688 51.753 27.411z\" opacity=\".6\" transform=\"translate(-341 -418)\"\/>\n\t\t\t\t\t\t\t\t<path d=\"M5.35 217.042c.603-21.082 2.426-42.561 9.911-63.188 7.073-19.819 21.028-39.182 40.552-47.555 24.812-10.768 55.116-2.436 79.534-14.424 17.086-7.58 28.584-24.122 44.863-32.113 24.831-12.796 55.942-4.053 77.655 13.138 12.47 9.418 24.095 22.479 39.866 25.433 12.134 2.116 25.149-3.466 36.927-6.624 44.278-13.059 93.261-9.458 134.797 10.716 12.095 6.171 24.171 14.37 30.133 26.579 3.58 6.92 4.723 14.633 7.085 21.949 14.228 37.817 71.218 51.616 74.081 91.783 1.067 15.823-7.187 31.983-7.339 48.203.222 19.466 11.809 36.583 27.091 48.454 14.87 12.68 32.216 20.512 48.736 29.959 10.876 6.568 21.339 13.943 26.495 25.741 3.561 8.947 15.722 13.334 15.233 22.252-1.39 18.644-4.851 30.854-31.354 55.084-17.161 15.69-42.684 15.91-66.22 20.198-62.882 9.68-118.753 49.417-181.616 57.069-67.325 8.43-132.283-19.62-193.17-49.667-68.558-32.942-137.077-69.939-185.958-127.474-13.219-15.911-25.613-33.44-30.279-54.155-3.111-13.81-2.172-27.591-1.232-41.372 2.216-20.259 3.213-40.122 4.209-59.986z\" opacity=\".3\" transform=\"translate(-341 -418)\"\/>\n\t\t\t\t\t\t\t\t<path d=\"M640.413 363.685c4.397 15.139 30.181 29.617 29.577 46.007-.749 20.38-8.959 33.585-22.163 45.185-15.189 13.342-38.29 13.401-52.92 27.52-10.421 9.306-20.824 23.277-30.578 32.69-14.738 14.79-51.2 16.23-70.585 8.97-11.029-3.847-22.291-10.479-34.188-8.97-9.118 1.272-17.1 8.224-24.757 13.167-28.515 19.429-64.192 28.081-98.364 23.236-10.019-1.622-20.488-4.691-27.525-12.013-4.132-4.104-6.711-9.33-10.067-13.995-18.781-23.65-62.489-20.42-73.722-48.345-4.382-11.014-2.209-24.402-5.814-35.977-4.615-13.8-16.778-23.326-30.37-28.274-13.482-5.618-27.617-7.219-41.535-10.159-9.242-2.183-18.375-5.035-24.744-12.25-4.583-5.55-6.945-12.115-8.638-18.572-3.279-13.584-4.337-28.182 2.402-40.144 8.619-15.093 26.729-21.092 42.493-29.532 42.526-21.283 73.182-62.348 116.158-82.184 45.973-21.412 98.613-16.325 148.815-8.886 56.322 7.743 113.544 18.381 161.496 48.127 13.048 8.295 25.879 17.929 33.942 31.6 5.376 9.114 7.862 19.134 10.348 29.155 3.062 14.922 6.9 29.283 10.739 43.644z\" transform=\"translate(-341 -418)\"\/>\n\t\t\t\t\t\t<\/g>\n\t\t\t\t\t<\/svg>\n\t\t\t\t\t<figure> \n\t\t\t\t\t<img width=\"1440\" height=\"440\" src=\"https:\/\/www.traum-ferienwohnungen.de\/vermieter-magazin\/wp-content\/uploads\/2021\/12\/ferienwohnung-steuern-einkommen-umsatz-gewerbe.jpg\" class=\"attachment-post-thumbnail size-post-thumbnail wp-post-image\" alt=\"Auswertung auf Clipboard, dazu ein langer Kassenbon und viele Papiere f\u00fcr die Steuer auf gr\u00fcnem Hintergrund\" loading=\"lazy\" srcset=\"https:\/\/www.traum-ferienwohnungen.de\/vermieter-magazin\/wp-content\/uploads\/2021\/12\/ferienwohnung-steuern-einkommen-umsatz-gewerbe.jpg 1440w, https:\/\/www.traum-ferienwohnungen.de\/vermieter-magazin\/wp-content\/uploads\/2021\/12\/ferienwohnung-steuern-einkommen-umsatz-gewerbe-300x92.jpg 300w, https:\/\/www.traum-ferienwohnungen.de\/vermieter-magazin\/wp-content\/uploads\/2021\/12\/ferienwohnung-steuern-einkommen-umsatz-gewerbe-1024x313.jpg 1024w, https:\/\/www.traum-ferienwohnungen.de\/vermieter-magazin\/wp-content\/uploads\/2021\/12\/ferienwohnung-steuern-einkommen-umsatz-gewerbe-768x235.jpg 768w\" sizes=\"(max-width: 1440px) 100vw, 1440px\" \/>\n\t\t\t\t\t<\/figure>\n\t\t\t\t\t<p>Bei Steuern herrscht oft gro\u00dfe Unsicherheit. Wir zeigen Ihnen, welche Steuern Sie f\u00fcr Ihre Ferienunterkunft wann zahlen m\u00fcssen.\n\t\t\t\t\n\t\t\t\t\t<\/p>\n\t\t\t\t\t<a class=\"tfw-button tfw-button--yellow\" href=\"https:\/\/www.traum-ferienwohnungen.de\/vermieter-magazin\/steuer-umsatzsteuer-bei-ferienwohnungen\/\" rel=\"bookmark\"> Erfahren Sie Mehr <\/a>\n\t\t\t\t<\/div><div class=\"tfw-card top-post tfw-green\">\n\t\t\t\t\t<h3>Umgang mit Stornierungen<\/h3>\n\t\t\t\t\t<svg xmlns=\"http:\/\/www.w3.org\/2000\/svg\" width=\"350\" height=\"135\" viewBox=\"0 0 350 135\">\n\t\t\t\t\t\t<g fill=\"currentColor\">\n\t\t\t\t\t\t\t\t<path d=\"M677.293 44.783c18.534 8.854 36.941 18.949 52.355 33.751 14.857 14.116 26.593 34.18 26.352 54.867-.204 26.341-19.577 50.038-18.536 76.51.01 18.203 10.204 34.967 10.898 52.615 1.599 27.157-18.459 51.41-42.331 63.964-13.305 7.388-29.521 12.587-38.372 25.465-6.671 9.968-6.834 23.76-8.668 35.493-5.839 44.578-28.368 86.773-62.716 115.8-10.266 8.334-22.33 15.853-35.553 16.346-7.574.458-14.893-1.567-22.34-2.35-39.286-2.248-74.053 43.053-110.948 29.758-14.51-5.292-25.644-19.016-40.026-25.55-17.421-7.48-37.233-3.915-53.832 5.01-17.156 8.238-30.972 20.594-45.9 31.577-10.14 7.094-20.834 13.501-33.373 13.437-9.372-.358-17.804-3.755-25.552-7.708-16.052-8.593-31.165-20.225-36.95-37.152-7.202-21.47 2.671-44.284 8.137-66.933 16.186-59.809 2.842-125.234 20.826-184.226 19.052-63.274 69.652-110.049 120.425-152.412C397.566 74.994 457.538 28.577 528.051 7.748c19.382-5.494 39.878-9.615 60.165-5.599C601.74 4.827 613.64 11.1 625.54 17.372c17.166 9.965 34.459 18.688 51.753 27.411z\" opacity=\".6\" transform=\"translate(-341 -418)\"\/>\n\t\t\t\t\t\t\t\t<path d=\"M5.35 217.042c.603-21.082 2.426-42.561 9.911-63.188 7.073-19.819 21.028-39.182 40.552-47.555 24.812-10.768 55.116-2.436 79.534-14.424 17.086-7.58 28.584-24.122 44.863-32.113 24.831-12.796 55.942-4.053 77.655 13.138 12.47 9.418 24.095 22.479 39.866 25.433 12.134 2.116 25.149-3.466 36.927-6.624 44.278-13.059 93.261-9.458 134.797 10.716 12.095 6.171 24.171 14.37 30.133 26.579 3.58 6.92 4.723 14.633 7.085 21.949 14.228 37.817 71.218 51.616 74.081 91.783 1.067 15.823-7.187 31.983-7.339 48.203.222 19.466 11.809 36.583 27.091 48.454 14.87 12.68 32.216 20.512 48.736 29.959 10.876 6.568 21.339 13.943 26.495 25.741 3.561 8.947 15.722 13.334 15.233 22.252-1.39 18.644-4.851 30.854-31.354 55.084-17.161 15.69-42.684 15.91-66.22 20.198-62.882 9.68-118.753 49.417-181.616 57.069-67.325 8.43-132.283-19.62-193.17-49.667-68.558-32.942-137.077-69.939-185.958-127.474-13.219-15.911-25.613-33.44-30.279-54.155-3.111-13.81-2.172-27.591-1.232-41.372 2.216-20.259 3.213-40.122 4.209-59.986z\" opacity=\".3\" transform=\"translate(-341 -418)\"\/>\n\t\t\t\t\t\t\t\t<path d=\"M640.413 363.685c4.397 15.139 30.181 29.617 29.577 46.007-.749 20.38-8.959 33.585-22.163 45.185-15.189 13.342-38.29 13.401-52.92 27.52-10.421 9.306-20.824 23.277-30.578 32.69-14.738 14.79-51.2 16.23-70.585 8.97-11.029-3.847-22.291-10.479-34.188-8.97-9.118 1.272-17.1 8.224-24.757 13.167-28.515 19.429-64.192 28.081-98.364 23.236-10.019-1.622-20.488-4.691-27.525-12.013-4.132-4.104-6.711-9.33-10.067-13.995-18.781-23.65-62.489-20.42-73.722-48.345-4.382-11.014-2.209-24.402-5.814-35.977-4.615-13.8-16.778-23.326-30.37-28.274-13.482-5.618-27.617-7.219-41.535-10.159-9.242-2.183-18.375-5.035-24.744-12.25-4.583-5.55-6.945-12.115-8.638-18.572-3.279-13.584-4.337-28.182 2.402-40.144 8.619-15.093 26.729-21.092 42.493-29.532 42.526-21.283 73.182-62.348 116.158-82.184 45.973-21.412 98.613-16.325 148.815-8.886 56.322 7.743 113.544 18.381 161.496 48.127 13.048 8.295 25.879 17.929 33.942 31.6 5.376 9.114 7.862 19.134 10.348 29.155 3.062 14.922 6.9 29.283 10.739 43.644z\" transform=\"translate(-341 -418)\"\/>\n\t\t\t\t\t\t<\/g>\n\t\t\t\t\t<\/svg>\n\t\t\t\t\t<figure> \n\t\t\t\t\t<img width=\"1440\" height=\"440\" src=\"https:\/\/www.traum-ferienwohnungen.de\/vermieter-magazin\/wp-content\/uploads\/2020\/10\/buchungen-stornieren-ferienwohnung-header.jpg\" class=\"attachment-post-thumbnail size-post-thumbnail wp-post-image\" alt=\"Buchung einer Ferienwohnung stornieren - Stornorechnung f\u00fcr eine Ferienwohnung erstellen mit Muster\" loading=\"lazy\" srcset=\"https:\/\/www.traum-ferienwohnungen.de\/vermieter-magazin\/wp-content\/uploads\/2020\/10\/buchungen-stornieren-ferienwohnung-header.jpg 1440w, https:\/\/www.traum-ferienwohnungen.de\/vermieter-magazin\/wp-content\/uploads\/2020\/10\/buchungen-stornieren-ferienwohnung-header-300x92.jpg 300w, https:\/\/www.traum-ferienwohnungen.de\/vermieter-magazin\/wp-content\/uploads\/2020\/10\/buchungen-stornieren-ferienwohnung-header-1024x313.jpg 1024w, https:\/\/www.traum-ferienwohnungen.de\/vermieter-magazin\/wp-content\/uploads\/2020\/10\/buchungen-stornieren-ferienwohnung-header-768x235.jpg 768w\" sizes=\"(max-width: 1440px) 100vw, 1440px\" \/>\n\t\t\t\t\t<\/figure>\n\t\t\t\t\t<p>Stornierungen sind bei der Vermietung \u00e4rgerlich, aber leider nicht vermeidbar.Erleichtern Sie sich die Bearbeitung mit unseren Tipps und einer kostenlosen Muster-Stornorechnung \n\t\t\t\t\n\t\t\t\t\t<\/p>\n\t\t\t\t\t<a class=\"tfw-button tfw-button--yellow\" href=\"https:\/\/www.traum-ferienwohnungen.de\/vermieter-magazin\/stornorechnung-ferienwohnung-muster\/\" rel=\"bookmark\"> Erfahren Sie Mehr <\/a>\n\t\t\t\t<\/div><\/div><\/div><\/section>\n\n\n\n<section class=\"wp-block-uagb-section uagb-section__wrap uagb-section__background-color uagb-block-8f788e1c\"><div class=\"uagb-section__overlay\"><\/div><div class=\"uagb-section__inner-wrap\">\n<h2 class=\"has-text-align-center\">Unsere Tipps und Ratgeber, wenn Sie Ihre Ferienwohnung vermieten m\u00f6chten<\/h2>\n\n\n<div  class=\"wp-block-cgb-all-articles-tfw-blocks\"><div class=\"filter-bar\"><div class=\"filter-btns\"><button class=\"category-filter-btn\" type=\"button\" id=\"reset-filter-btn\">Alle<\/button><button class=\"category-filter-btn\" type=\"button\" data-category=\"Allgemein\">Allgemein<\/button><button class=\"category-filter-btn\" type=\"button\" data-category=\"Ausstattung\">Ausstattung<\/button><button class=\"category-filter-btn\" type=\"button\" data-category=\"Finanzielles\">Finanzielles<\/button><button class=\"category-filter-btn\" type=\"button\" data-category=\"Sicherheit\">Sicherheit<\/button><button class=\"category-filter-btn\" type=\"button\" data-category=\"Vermarktung\">Vermarktung<\/button><button class=\"category-filter-btn\" type=\"button\" data-category=\"Verwaltung\">Verwaltung<\/button><\/div><select id=\"category-select\"><option>Alle<\/option><option value=\"Allgemein\">Allgemein<\/option><option value=\"Ausstattung\">Ausstattung<\/option><option value=\"Finanzielles\">Finanzielles<\/option><option value=\"Sicherheit\">Sicherheit<\/option><option value=\"Vermarktung\">Vermarktung<\/option><option value=\"Verwaltung\">Verwaltung<\/option><\/select><\/div><div class=\"all-posts\"> <div class=\"tfw-card all-post tfw-yellow \" data-categories=\"Allgemein|Finanzielles|Verwaltung\">\n\t\t\t\t\t<div class=\"cat-list\"> <span class=\"cat-item\">Allgemein<\/span><span class=\"cat-item\">Finanzielles<\/span><span class=\"cat-item\">Verwaltung<\/span> <\/div>\n\t\t\t\t\t<h3>Italy\u2019s CIN Rule<\/h3>\n\t\t\t\t\t<a href=\"https:\/\/www.traum-ferienwohnungen.de\/vermieter-magazin\/understanding-cin-a-guide-for-property-owners-in-italy\/\" rel=\"bookmark\">\n\t\t\t\t\t\t<figure> \n\t\t\t\t\t\t<img width=\"1000\" height=\"500\" src=\"https:\/\/www.traum-ferienwohnungen.de\/vermieter-magazin\/wp-content\/uploads\/2024\/12\/Why-What-is.png\" class=\"attachment-post-thumbnail size-post-thumbnail wp-post-image\" alt=\"\" loading=\"lazy\" srcset=\"https:\/\/www.traum-ferienwohnungen.de\/vermieter-magazin\/wp-content\/uploads\/2024\/12\/Why-What-is.png 1000w, https:\/\/www.traum-ferienwohnungen.de\/vermieter-magazin\/wp-content\/uploads\/2024\/12\/Why-What-is-300x150.png 300w, https:\/\/www.traum-ferienwohnungen.de\/vermieter-magazin\/wp-content\/uploads\/2024\/12\/Why-What-is-768x384.png 768w\" sizes=\"(max-width: 1000px) 100vw, 1000px\" \/>\n\t\t\t\t\t\t<\/figure>\n\t\t\t\t\t<\/a>\n\t\t\t\t\t<p>&#8222;Starting January 1, 2025, all short-term rentals in Italy require a CIN (Codice Identificativo Nazionale). Find out how to obtain your CIN, display it properly, and avoid penalties. Stay compliant with this essential regulation for Italian short-term rentals.\n\t\t\t\t\t<\/p>\n\t\t\t\t\t<a class=\"tfw-button tfw-button--black\" href=\"https:\/\/www.traum-ferienwohnungen.de\/vermieter-magazin\/understanding-cin-a-guide-for-property-owners-in-italy\/\" rel=\"bookmark\"> Erfahren Sie Mehr <\/a>\n\t\t\t\t<\/div><div class=\"tfw-card all-post tfw-yellow \" data-categories=\"Allgemein|Verwaltung\">\n\t\t\t\t\t<div class=\"cat-list\"> <span class=\"cat-item\">Allgemein<\/span><span class=\"cat-item\">Verwaltung<\/span> <\/div>\n\t\t\t\t\t<h3>Willkommen Winter! Vorbereitung des Ferienhauses<\/h3>\n\t\t\t\t\t<a href=\"https:\/\/www.traum-ferienwohnungen.de\/vermieter-magazin\/ferienhaus-fur-den-winter-vorzubereiten\/\" rel=\"bookmark\">\n\t\t\t\t\t\t<figure> \n\t\t\t\t\t\t<img width=\"1274\" height=\"751\" src=\"https:\/\/www.traum-ferienwohnungen.de\/vermieter-magazin\/wp-content\/uploads\/2023\/12\/3shutterstock_763093549-4.jpg\" class=\"attachment-post-thumbnail size-post-thumbnail wp-post-image\" alt=\"\" loading=\"lazy\" srcset=\"https:\/\/www.traum-ferienwohnungen.de\/vermieter-magazin\/wp-content\/uploads\/2023\/12\/3shutterstock_763093549-4.jpg 1274w, https:\/\/www.traum-ferienwohnungen.de\/vermieter-magazin\/wp-content\/uploads\/2023\/12\/3shutterstock_763093549-4-300x177.jpg 300w, https:\/\/www.traum-ferienwohnungen.de\/vermieter-magazin\/wp-content\/uploads\/2023\/12\/3shutterstock_763093549-4-1024x604.jpg 1024w, https:\/\/www.traum-ferienwohnungen.de\/vermieter-magazin\/wp-content\/uploads\/2023\/12\/3shutterstock_763093549-4-768x453.jpg 768w\" sizes=\"(max-width: 1274px) 100vw, 1274px\" \/>\n\t\t\t\t\t\t<\/figure>\n\t\t\t\t\t<\/a>\n\t\t\t\t\t<p>Winter kann ein unangenehmer Gast sein, aber mit Planung und Weitsicht kann Ihr Ferienhaus f\u00fcr den Winter der K\u00e4lte trotzen. Dieser Leitfaden weist den Weg. Sind Sie bereit, Ihr Ferienhaus in einen Ort der Winterfreude zu verwandeln? Fangen wir an!\n\t\t\t\t\t<\/p>\n\t\t\t\t\t<a class=\"tfw-button tfw-button--black\" href=\"https:\/\/www.traum-ferienwohnungen.de\/vermieter-magazin\/ferienhaus-fur-den-winter-vorzubereiten\/\" rel=\"bookmark\"> Erfahren Sie Mehr <\/a>\n\t\t\t\t<\/div><div class=\"tfw-card all-post tfw-yellow \" data-categories=\"Allgemein|Verwaltung\">\n\t\t\t\t\t<div class=\"cat-list\"> <span class=\"cat-item\">Allgemein<\/span><span class=\"cat-item\">Verwaltung<\/span> <\/div>\n\t\t\t\t\t<h3>Doppelbuchungen: Vermeidung und L\u00f6sung<\/h3>\n\t\t\t\t\t<a href=\"https:\/\/www.traum-ferienwohnungen.de\/vermieter-magazin\/doppelbuchungen\/\" rel=\"bookmark\">\n\t\t\t\t\t\t<figure> \n\t\t\t\t\t\t<img width=\"600\" height=\"400\" src=\"https:\/\/www.traum-ferienwohnungen.de\/vermieter-magazin\/wp-content\/uploads\/2023\/01\/ferienunterkunft-preise-kalkulieren-check.jpg\" class=\"attachment-post-thumbnail size-post-thumbnail wp-post-image\" alt=\"Paar, das mit Unterlagen vor einem Laptop sitzt und Mietpreise kalkuliert bzw. \u00fcberpr\u00fcft\" loading=\"lazy\" srcset=\"https:\/\/www.traum-ferienwohnungen.de\/vermieter-magazin\/wp-content\/uploads\/2023\/01\/ferienunterkunft-preise-kalkulieren-check.jpg 600w, https:\/\/www.traum-ferienwohnungen.de\/vermieter-magazin\/wp-content\/uploads\/2023\/01\/ferienunterkunft-preise-kalkulieren-check-300x200.jpg 300w\" sizes=\"(max-width: 600px) 100vw, 600px\" \/>\n\t\t\t\t\t\t<\/figure>\n\t\t\t\t\t<\/a>\n\t\t\t\t\t<p>In diesem Text werden die negativen Folgen von Doppelbuchungen, die m\u00f6glichen Gr\u00fcnde, L\u00f6sungen und Ma\u00dfnahmen zu ihrer Vermeidung erl\u00e4utert. Also, lasst uns etwas dar\u00fcber lernen!\n\t\t\t\t\t<\/p>\n\t\t\t\t\t<a class=\"tfw-button tfw-button--black\" href=\"https:\/\/www.traum-ferienwohnungen.de\/vermieter-magazin\/doppelbuchungen\/\" rel=\"bookmark\"> Erfahren Sie Mehr <\/a>\n\t\t\t\t<\/div><div class=\"tfw-card all-post tfw-yellow \" data-categories=\"Allgemein\">\n\t\t\t\t\t<div class=\"cat-list\"> <span class=\"cat-item\">Allgemein<\/span> <\/div>\n\t\t\t\t\t<h3>Gruppenunterkunft: So richten Sie Ihr Ferienhaus f\u00fcr Gruppen ein.<\/h3>\n\t\t\t\t\t<a href=\"https:\/\/www.traum-ferienwohnungen.de\/vermieter-magazin\/gruppenunterkunft\/\" rel=\"bookmark\">\n\t\t\t\t\t\t<figure> \n\t\t\t\t\t\t<img width=\"1440\" height=\"440\" src=\"https:\/\/www.traum-ferienwohnungen.de\/vermieter-magazin\/wp-content\/uploads\/2023\/05\/feature-img-traum2.jpg\" class=\"attachment-post-thumbnail size-post-thumbnail wp-post-image\" alt=\"Gl\u00fcckliche Freundesgruppe im Urlaub\" loading=\"lazy\" srcset=\"https:\/\/www.traum-ferienwohnungen.de\/vermieter-magazin\/wp-content\/uploads\/2023\/05\/feature-img-traum2.jpg 1440w, https:\/\/www.traum-ferienwohnungen.de\/vermieter-magazin\/wp-content\/uploads\/2023\/05\/feature-img-traum2-300x92.jpg 300w, https:\/\/www.traum-ferienwohnungen.de\/vermieter-magazin\/wp-content\/uploads\/2023\/05\/feature-img-traum2-1024x313.jpg 1024w, https:\/\/www.traum-ferienwohnungen.de\/vermieter-magazin\/wp-content\/uploads\/2023\/05\/feature-img-traum2-768x235.jpg 768w\" sizes=\"(max-width: 1440px) 100vw, 1440px\" \/>\n\t\t\t\t\t\t<\/figure>\n\t\t\t\t\t<\/a>\n\t\t\t\t\t<p>Entdecken Sie hier die Vorteile einer Gruppenunterkunft.Wenn Sie Ihr Ferienhaus auch f\u00fcr Gruppen zur Verf\u00fcgung stellen, und was bei der Gestaltung zu ber\u00fccksichtigen ist.\n\t\t\t\t\t<\/p>\n\t\t\t\t\t<a class=\"tfw-button tfw-button--black\" href=\"https:\/\/www.traum-ferienwohnungen.de\/vermieter-magazin\/gruppenunterkunft\/\" rel=\"bookmark\"> Erfahren Sie Mehr <\/a>\n\t\t\t\t<\/div><div class=\"tfw-card all-post tfw-yellow \" data-categories=\"Vermarktung\">\n\t\t\t\t\t<div class=\"cat-list\"> <span class=\"cat-item\">Vermarktung<\/span> <\/div>\n\t\t\t\t\t<h3>(Kostenlose) Tools f\u00fcr Vermieter<\/h3>\n\t\t\t\t\t<a href=\"https:\/\/www.traum-ferienwohnungen.de\/vermieter-magazin\/kostenlose-tools-vermieter\/\" rel=\"bookmark\">\n\t\t\t\t\t\t<figure> \n\t\t\t\t\t\t<img width=\"1440\" height=\"440\" src=\"https:\/\/www.traum-ferienwohnungen.de\/vermieter-magazin\/wp-content\/uploads\/2023\/04\/tools-vermietung-ferienunterkunft-header.jpg\" class=\"attachment-post-thumbnail size-post-thumbnail wp-post-image\" alt=\"Illustration eines Handy mit verschiedenen Tools f\u00fcr die Vermarktung von Ferienunterk\u00fcnften\" loading=\"lazy\" srcset=\"https:\/\/www.traum-ferienwohnungen.de\/vermieter-magazin\/wp-content\/uploads\/2023\/04\/tools-vermietung-ferienunterkunft-header.jpg 1440w, https:\/\/www.traum-ferienwohnungen.de\/vermieter-magazin\/wp-content\/uploads\/2023\/04\/tools-vermietung-ferienunterkunft-header-300x92.jpg 300w, https:\/\/www.traum-ferienwohnungen.de\/vermieter-magazin\/wp-content\/uploads\/2023\/04\/tools-vermietung-ferienunterkunft-header-1024x313.jpg 1024w, https:\/\/www.traum-ferienwohnungen.de\/vermieter-magazin\/wp-content\/uploads\/2023\/04\/tools-vermietung-ferienunterkunft-header-768x235.jpg 768w\" sizes=\"(max-width: 1440px) 100vw, 1440px\" \/>\n\t\t\t\t\t\t<\/figure>\n\t\t\t\t\t<\/a>\n\t\t\t\t\t<p>Buchhaltung, Marketing, Organisation \u2013 als Vermieter gibt es immer viel zu tun. Wir zeigen Ihnen hier Tools, Apps &#038; Co., die Ihnen Ihren Arbeitsalltag erleichtern.\n\t\t\t\t\t<\/p>\n\t\t\t\t\t<a class=\"tfw-button tfw-button--black\" href=\"https:\/\/www.traum-ferienwohnungen.de\/vermieter-magazin\/kostenlose-tools-vermieter\/\" rel=\"bookmark\"> Erfahren Sie Mehr <\/a>\n\t\t\t\t<\/div><div class=\"tfw-card all-post tfw-yellow \" data-categories=\"Allgemein|Vermarktung\">\n\t\t\t\t\t<div class=\"cat-list\"> <span class=\"cat-item\">Allgemein<\/span><span class=\"cat-item\">Vermarktung<\/span> <\/div>\n\t\t\t\t\t<h3>ChatGPT f\u00fcr Ihr Inserat nutzen<\/h3>\n\t\t\t\t\t<a href=\"https:\/\/www.traum-ferienwohnungen.de\/vermieter-magazin\/chatgpt-inserat-ferienwohnung\/\" rel=\"bookmark\">\n\t\t\t\t\t\t<figure> \n\t\t\t\t\t\t<img width=\"1440\" height=\"440\" src=\"https:\/\/www.traum-ferienwohnungen.de\/vermieter-magazin\/wp-content\/uploads\/2023\/03\/chatgpt-vermieter-ferienwohnung.jpg\" class=\"attachment-post-thumbnail size-post-thumbnail wp-post-image\" alt=\"Illustration einer k\u00fcnstlichen Intelligenz im Internet\" loading=\"lazy\" srcset=\"https:\/\/www.traum-ferienwohnungen.de\/vermieter-magazin\/wp-content\/uploads\/2023\/03\/chatgpt-vermieter-ferienwohnung.jpg 1440w, https:\/\/www.traum-ferienwohnungen.de\/vermieter-magazin\/wp-content\/uploads\/2023\/03\/chatgpt-vermieter-ferienwohnung-300x92.jpg 300w, https:\/\/www.traum-ferienwohnungen.de\/vermieter-magazin\/wp-content\/uploads\/2023\/03\/chatgpt-vermieter-ferienwohnung-1024x313.jpg 1024w, https:\/\/www.traum-ferienwohnungen.de\/vermieter-magazin\/wp-content\/uploads\/2023\/03\/chatgpt-vermieter-ferienwohnung-768x235.jpg 768w\" sizes=\"(max-width: 1440px) 100vw, 1440px\" \/>\n\t\t\t\t\t\t<\/figure>\n\t\t\t\t\t<\/a>\n\t\t\t\t\t<p>Mit ChatGPT das perfekte Inserat f\u00fcr Ferienwohnungen schreiben? Wof\u00fcr Sie die KI nutzen k\u00f6nnen und enorm Zeit sparen, zeigen wir Ihnen hier.\n\t\t\t\t\t<\/p>\n\t\t\t\t\t<a class=\"tfw-button tfw-button--black\" href=\"https:\/\/www.traum-ferienwohnungen.de\/vermieter-magazin\/chatgpt-inserat-ferienwohnung\/\" rel=\"bookmark\"> Erfahren Sie Mehr <\/a>\n\t\t\t\t<\/div><div class=\"tfw-card all-post tfw-green paginate-hidden\" data-categories=\"Allgemein|Verwaltung\">\n\t\t\t\t\t<div class=\"cat-list\"> <span class=\"cat-item\">Allgemein<\/span><span class=\"cat-item\">Verwaltung<\/span> <\/div>\n\t\t\t\t\t<h3>Wallboxen f\u00fcr Ferienunterk\u00fcnfte<\/h3>\n\t\t\t\t\t<a href=\"https:\/\/www.traum-ferienwohnungen.de\/vermieter-magazin\/wallbox-ferienhaeuser\/\" rel=\"bookmark\">\n\t\t\t\t\t\t<figure> \n\t\t\t\t\t\t<img width=\"1440\" height=\"440\" src=\"https:\/\/www.traum-ferienwohnungen.de\/vermieter-magazin\/wp-content\/uploads\/2023\/03\/wallbox-elektroauto-laden-ferienwohnung.jpg\" class=\"attachment-post-thumbnail size-post-thumbnail wp-post-image\" alt=\"Illustration eines Hauses mit Wallbox, an der ein Elektroauto l\u00e4dt\" loading=\"lazy\" srcset=\"https:\/\/www.traum-ferienwohnungen.de\/vermieter-magazin\/wp-content\/uploads\/2023\/03\/wallbox-elektroauto-laden-ferienwohnung.jpg 1440w, https:\/\/www.traum-ferienwohnungen.de\/vermieter-magazin\/wp-content\/uploads\/2023\/03\/wallbox-elektroauto-laden-ferienwohnung-300x92.jpg 300w, https:\/\/www.traum-ferienwohnungen.de\/vermieter-magazin\/wp-content\/uploads\/2023\/03\/wallbox-elektroauto-laden-ferienwohnung-1024x313.jpg 1024w, https:\/\/www.traum-ferienwohnungen.de\/vermieter-magazin\/wp-content\/uploads\/2023\/03\/wallbox-elektroauto-laden-ferienwohnung-768x235.jpg 768w\" sizes=\"(max-width: 1440px) 100vw, 1440px\" \/>\n\t\t\t\t\t\t<\/figure>\n\t\t\t\t\t<\/a>\n\t\t\t\t\t<p>Immer mehr Menschen wollen mit dem Elektroauto in den Urlaub fahren und suchen gezielt nach Unterk\u00fcnften mit Ladem\u00f6glichkeit. Lernen Sie hier, was Sie \u00fcber Modelle, Kosten &#038; Installation einer Wallbox wissen m\u00fcssen.\n\t\t\t\t\t<\/p>\n\t\t\t\t\t<a class=\"tfw-button tfw-button--black\" href=\"https:\/\/www.traum-ferienwohnungen.de\/vermieter-magazin\/wallbox-ferienhaeuser\/\" rel=\"bookmark\"> Erfahren Sie Mehr <\/a>\n\t\t\t\t<\/div><div class=\"tfw-card all-post tfw-purple paginate-hidden\" data-categories=\"Allgemein\">\n\t\t\t\t\t<div class=\"cat-list\"> <span class=\"cat-item\">Allgemein<\/span> <\/div>\n\t\t\t\t\t<h3>Familie Knust und ihr M\u00fcritz-Hof<\/h3>\n\t\t\t\t\t<a href=\"https:\/\/www.traum-ferienwohnungen.de\/vermieter-magazin\/traum-haeuser-mueritz-hof-knust\/\" rel=\"bookmark\">\n\t\t\t\t\t\t<figure> \n\t\t\t\t\t\t<img width=\"1440\" height=\"440\" src=\"https:\/\/www.traum-ferienwohnungen.de\/vermieter-magazin\/wp-content\/uploads\/2023\/03\/mueritz-hof-knust-header.jpg\" class=\"attachment-post-thumbnail size-post-thumbnail wp-post-image\" alt=\"Grafik mit 3 Polaroids des M\u00fcritz-Hofs Knust\" loading=\"lazy\" srcset=\"https:\/\/www.traum-ferienwohnungen.de\/vermieter-magazin\/wp-content\/uploads\/2023\/03\/mueritz-hof-knust-header.jpg 1440w, https:\/\/www.traum-ferienwohnungen.de\/vermieter-magazin\/wp-content\/uploads\/2023\/03\/mueritz-hof-knust-header-300x92.jpg 300w, https:\/\/www.traum-ferienwohnungen.de\/vermieter-magazin\/wp-content\/uploads\/2023\/03\/mueritz-hof-knust-header-1024x313.jpg 1024w, https:\/\/www.traum-ferienwohnungen.de\/vermieter-magazin\/wp-content\/uploads\/2023\/03\/mueritz-hof-knust-header-768x235.jpg 768w\" sizes=\"(max-width: 1440px) 100vw, 1440px\" \/>\n\t\t\t\t\t\t<\/figure>\n\t\t\t\t\t<\/a>\n\t\t\t\t\t<p>Familie Knust hat auf ihrem Bauernhof alles auf Familien ausgelegt. Im Interview erz\u00e4hlt Anne Carolin Knust, wie sie dazu gekommen sind und was sie heute so erfolgreich macht.\n\t\t\t\t\t<\/p>\n\t\t\t\t\t<a class=\"tfw-button tfw-button--black\" href=\"https:\/\/www.traum-ferienwohnungen.de\/vermieter-magazin\/traum-haeuser-mueritz-hof-knust\/\" rel=\"bookmark\"> Erfahren Sie Mehr <\/a>\n\t\t\t\t<\/div><div class=\"tfw-card all-post tfw-yellow paginate-hidden\" data-categories=\"Allgemein|Vermarktung\">\n\t\t\t\t\t<div class=\"cat-list\"> <span class=\"cat-item\">Allgemein<\/span><span class=\"cat-item\">Vermarktung<\/span> <\/div>\n\t\t\t\t\t<h3>Ferienunterkunft erfolgreich vermarkten<\/h3>\n\t\t\t\t\t<a href=\"https:\/\/www.traum-ferienwohnungen.de\/vermieter-magazin\/ferienwohnung-erfolgreich-online-vermarkten\/\" rel=\"bookmark\">\n\t\t\t\t\t\t<figure> \n\t\t\t\t\t\t<img width=\"1440\" height=\"440\" src=\"https:\/\/www.traum-ferienwohnungen.de\/vermieter-magazin\/wp-content\/uploads\/2021\/11\/sichtbarkeit-vermarktung-ferienwohnung-internet.jpg\" class=\"attachment-post-thumbnail size-post-thumbnail wp-post-image\" alt=\"Frau mit Fernglas, dazu Icons zum Vermarkten von Ferienwohnungen auf gelben Hintergrund\" loading=\"lazy\" srcset=\"https:\/\/www.traum-ferienwohnungen.de\/vermieter-magazin\/wp-content\/uploads\/2021\/11\/sichtbarkeit-vermarktung-ferienwohnung-internet.jpg 1440w, https:\/\/www.traum-ferienwohnungen.de\/vermieter-magazin\/wp-content\/uploads\/2021\/11\/sichtbarkeit-vermarktung-ferienwohnung-internet-300x92.jpg 300w, https:\/\/www.traum-ferienwohnungen.de\/vermieter-magazin\/wp-content\/uploads\/2021\/11\/sichtbarkeit-vermarktung-ferienwohnung-internet-1024x313.jpg 1024w, https:\/\/www.traum-ferienwohnungen.de\/vermieter-magazin\/wp-content\/uploads\/2021\/11\/sichtbarkeit-vermarktung-ferienwohnung-internet-768x235.jpg 768w\" sizes=\"(max-width: 1440px) 100vw, 1440px\" \/>\n\t\t\t\t\t\t<\/figure>\n\t\t\t\t\t<\/a>\n\t\t\t\t\t<p>Um die Auslastung Ihrer Ferienunterkunft zu erh\u00f6hen bzw. hoch zu halten, m\u00fcssen Sie immer wieder G\u00e4ste finden. Wir zeigen Ihnen, mit welchen Vermarktungskan\u00e4len Sie Urlauber erreichen.\n\t\t\t\t\t<\/p>\n\t\t\t\t\t<a class=\"tfw-button tfw-button--black\" href=\"https:\/\/www.traum-ferienwohnungen.de\/vermieter-magazin\/ferienwohnung-erfolgreich-online-vermarkten\/\" rel=\"bookmark\"> Erfahren Sie Mehr <\/a>\n\t\t\t\t<\/div><div class=\"tfw-card all-post tfw-blue paginate-hidden\" data-categories=\"Allgemein|Finanzielles\">\n\t\t\t\t\t<div class=\"cat-list\"> <span class=\"cat-item\">Allgemein<\/span><span class=\"cat-item\">Finanzielles<\/span> <\/div>\n\t\t\t\t\t<h3>Einfach Rechnung erstellen<\/h3>\n\t\t\t\t\t<a href=\"https:\/\/www.traum-ferienwohnungen.de\/vermieter-magazin\/rechnung-fuer-ihre-ferienwohnung-erstellen-mit-musterrechnung\/\" rel=\"bookmark\">\n\t\t\t\t\t\t<figure> \n\t\t\t\t\t\t<img width=\"1440\" height=\"440\" src=\"https:\/\/www.traum-ferienwohnungen.de\/vermieter-magazin\/wp-content\/uploads\/2023\/03\/rechnung-erstellen-ferienwohnung-vorlage.jpg\" class=\"attachment-post-thumbnail size-post-thumbnail wp-post-image\" alt=\"Grafik mit Taschenrechner und M\u00fcnzen, was eine Rechnung simuliert\" loading=\"lazy\" srcset=\"https:\/\/www.traum-ferienwohnungen.de\/vermieter-magazin\/wp-content\/uploads\/2023\/03\/rechnung-erstellen-ferienwohnung-vorlage.jpg 1440w, https:\/\/www.traum-ferienwohnungen.de\/vermieter-magazin\/wp-content\/uploads\/2023\/03\/rechnung-erstellen-ferienwohnung-vorlage-300x92.jpg 300w, https:\/\/www.traum-ferienwohnungen.de\/vermieter-magazin\/wp-content\/uploads\/2023\/03\/rechnung-erstellen-ferienwohnung-vorlage-1024x313.jpg 1024w, https:\/\/www.traum-ferienwohnungen.de\/vermieter-magazin\/wp-content\/uploads\/2023\/03\/rechnung-erstellen-ferienwohnung-vorlage-768x235.jpg 768w\" sizes=\"(max-width: 1440px) 100vw, 1440px\" \/>\n\t\t\t\t\t\t<\/figure>\n\t\t\t\t\t<\/a>\n\t\t\t\t\t<p>Erfahren Sie, ob Sie eine Rechnung ausstellen m\u00fcssen und was Sie dabei beachten sollten. Laden Sie sich au\u00dferdem unser Muster herunter.\n\t\t\t\t\t<\/p>\n\t\t\t\t\t<a class=\"tfw-button tfw-button--black\" href=\"https:\/\/www.traum-ferienwohnungen.de\/vermieter-magazin\/rechnung-fuer-ihre-ferienwohnung-erstellen-mit-musterrechnung\/\" rel=\"bookmark\"> Erfahren Sie Mehr <\/a>\n\t\t\t\t<\/div><div class=\"tfw-card all-post tfw-purple paginate-hidden\" data-categories=\"Allgemein\">\n\t\t\t\t\t<div class=\"cat-list\"> <span class=\"cat-item\">Allgemein<\/span> <\/div>\n\t\t\t\t\t<h3>Ina Gr\u00f6hn und der Mithinghof<\/h3>\n\t\t\t\t\t<a href=\"https:\/\/www.traum-ferienwohnungen.de\/vermieter-magazin\/traum-haeuser-mithinghof\/\" rel=\"bookmark\">\n\t\t\t\t\t\t<figure> \n\t\t\t\t\t\t<img width=\"1440\" height=\"440\" src=\"https:\/\/www.traum-ferienwohnungen.de\/vermieter-magazin\/wp-content\/uploads\/2023\/02\/mithinghof-traum-haeuser-header.jpg\" class=\"attachment-post-thumbnail size-post-thumbnail wp-post-image\" alt=\"Grafik mit 3 Polaroids des Mithinghofs auf der Halbinseln Eiderstedt\" loading=\"lazy\" srcset=\"https:\/\/www.traum-ferienwohnungen.de\/vermieter-magazin\/wp-content\/uploads\/2023\/02\/mithinghof-traum-haeuser-header.jpg 1440w, https:\/\/www.traum-ferienwohnungen.de\/vermieter-magazin\/wp-content\/uploads\/2023\/02\/mithinghof-traum-haeuser-header-300x92.jpg 300w, https:\/\/www.traum-ferienwohnungen.de\/vermieter-magazin\/wp-content\/uploads\/2023\/02\/mithinghof-traum-haeuser-header-1024x313.jpg 1024w, https:\/\/www.traum-ferienwohnungen.de\/vermieter-magazin\/wp-content\/uploads\/2023\/02\/mithinghof-traum-haeuser-header-768x235.jpg 768w\" sizes=\"(max-width: 1440px) 100vw, 1440px\" \/>\n\t\t\t\t\t\t<\/figure>\n\t\t\t\t\t<\/a>\n\t\t\t\t\t<p>Ina Gr\u00f6hn bietet auf der beliebten Halbinsel Eiderstedt Urlaub auf dem Bauernhof auf einem aktiven Milchviehbetrieb. Uns hat sie erz\u00e4hlt, worauf sie bei der Vermietung am meisten Wert legt.\n\t\t\t\t\t<\/p>\n\t\t\t\t\t<a class=\"tfw-button tfw-button--black\" href=\"https:\/\/www.traum-ferienwohnungen.de\/vermieter-magazin\/traum-haeuser-mithinghof\/\" rel=\"bookmark\"> Erfahren Sie Mehr <\/a>\n\t\t\t\t<\/div><div class=\"tfw-card all-post tfw-yellow paginate-hidden\" data-categories=\"Allgemein|Vermarktung\">\n\t\t\t\t\t<div class=\"cat-list\"> <span class=\"cat-item\">Allgemein<\/span><span class=\"cat-item\">Vermarktung<\/span> <\/div>\n\t\t\t\t\t<h3>Abheben vom Wettbewerb<\/h3>\n\t\t\t\t\t<a href=\"https:\/\/www.traum-ferienwohnungen.de\/vermieter-magazin\/ferienwohnung-wettbewerb-abheben\/\" rel=\"bookmark\">\n\t\t\t\t\t\t<figure> \n\t\t\t\t\t\t<img width=\"1440\" height=\"440\" src=\"https:\/\/www.traum-ferienwohnungen.de\/vermieter-magazin\/wp-content\/uploads\/2023\/02\/ferienwohnung-abheben-wettbewerb.jpg\" class=\"attachment-post-thumbnail size-post-thumbnail wp-post-image\" alt=\"Grafik mit mehreren Menschen auf einem Podest\" loading=\"lazy\" srcset=\"https:\/\/www.traum-ferienwohnungen.de\/vermieter-magazin\/wp-content\/uploads\/2023\/02\/ferienwohnung-abheben-wettbewerb.jpg 1440w, https:\/\/www.traum-ferienwohnungen.de\/vermieter-magazin\/wp-content\/uploads\/2023\/02\/ferienwohnung-abheben-wettbewerb-300x92.jpg 300w, https:\/\/www.traum-ferienwohnungen.de\/vermieter-magazin\/wp-content\/uploads\/2023\/02\/ferienwohnung-abheben-wettbewerb-1024x313.jpg 1024w, https:\/\/www.traum-ferienwohnungen.de\/vermieter-magazin\/wp-content\/uploads\/2023\/02\/ferienwohnung-abheben-wettbewerb-768x235.jpg 768w\" sizes=\"(max-width: 1440px) 100vw, 1440px\" \/>\n\t\t\t\t\t\t<\/figure>\n\t\t\t\t\t<\/a>\n\t\t\t\t\t<p>Damit Urlauber bei genau Ihnen buchen, m\u00fcssen Sie sich von anderen Unterk\u00fcnften abheben. Wir zeigen Ihnen, wie Sie sich Wettbewerbsvorteile verschaffen.\n\t\t\t\t\t<\/p>\n\t\t\t\t\t<a class=\"tfw-button tfw-button--black\" href=\"https:\/\/www.traum-ferienwohnungen.de\/vermieter-magazin\/ferienwohnung-wettbewerb-abheben\/\" rel=\"bookmark\"> Erfahren Sie Mehr <\/a>\n\t\t\t\t<\/div><div class=\"tfw-card all-post tfw-purple paginate-hidden\" data-categories=\"Allgemein\">\n\t\t\t\t\t<div class=\"cat-list\"> <span class=\"cat-item\">Allgemein<\/span> <\/div>\n\t\t\t\t\t<h3>Familie Kargruber und der Preindlerhof<\/h3>\n\t\t\t\t\t<a href=\"https:\/\/www.traum-ferienwohnungen.de\/vermieter-magazin\/traum-haeuser-preindlerhof-hayloft\/\" rel=\"bookmark\">\n\t\t\t\t\t\t<figure> \n\t\t\t\t\t\t<img width=\"1440\" height=\"440\" src=\"https:\/\/www.traum-ferienwohnungen.de\/vermieter-magazin\/wp-content\/uploads\/2023\/01\/preindlerhof-haylof-mountain-header.jpg\" class=\"attachment-post-thumbnail size-post-thumbnail wp-post-image\" alt=\"Grafik mit 3 Polaroids der Ferienwohnungen Hayloft Mountain auf dem Preindlerhof in S\u00fcdtirol\" loading=\"lazy\" srcset=\"https:\/\/www.traum-ferienwohnungen.de\/vermieter-magazin\/wp-content\/uploads\/2023\/01\/preindlerhof-haylof-mountain-header.jpg 1440w, https:\/\/www.traum-ferienwohnungen.de\/vermieter-magazin\/wp-content\/uploads\/2023\/01\/preindlerhof-haylof-mountain-header-300x92.jpg 300w, https:\/\/www.traum-ferienwohnungen.de\/vermieter-magazin\/wp-content\/uploads\/2023\/01\/preindlerhof-haylof-mountain-header-1024x313.jpg 1024w, https:\/\/www.traum-ferienwohnungen.de\/vermieter-magazin\/wp-content\/uploads\/2023\/01\/preindlerhof-haylof-mountain-header-768x235.jpg 768w\" sizes=\"(max-width: 1440px) 100vw, 1440px\" \/>\n\t\t\t\t\t\t<\/figure>\n\t\t\t\t\t<\/a>\n\t\t\t\t\t<p>Helene und Werner Kargruber haben in S\u00fcdtirol einen ganz besonderen Ort f\u00fcr Urlaub auf dem Bauernhof geschaffen. Uns haben sie im Interview einen Einblick in ihr Erfolgsrezept gegeben.\n\t\t\t\t\t<\/p>\n\t\t\t\t\t<a class=\"tfw-button tfw-button--black\" href=\"https:\/\/www.traum-ferienwohnungen.de\/vermieter-magazin\/traum-haeuser-preindlerhof-hayloft\/\" rel=\"bookmark\"> Erfahren Sie Mehr <\/a>\n\t\t\t\t<\/div><div class=\"tfw-card all-post tfw-green paginate-hidden\" data-categories=\"Allgemein|Verwaltung\">\n\t\t\t\t\t<div class=\"cat-list\"> <span class=\"cat-item\">Allgemein<\/span><span class=\"cat-item\">Verwaltung<\/span> <\/div>\n\t\t\t\t\t<h3>G\u00e4stefragebogen erstellen<\/h3>\n\t\t\t\t\t<a href=\"https:\/\/www.traum-ferienwohnungen.de\/vermieter-magazin\/fragebogen-gaeste-ferienwohnung\/\" rel=\"bookmark\">\n\t\t\t\t\t\t<figure> \n\t\t\t\t\t\t<img width=\"1440\" height=\"440\" src=\"https:\/\/www.traum-ferienwohnungen.de\/vermieter-magazin\/wp-content\/uploads\/2023\/01\/fragebogen-gaeste-ferienunterkunft.jpg\" class=\"attachment-post-thumbnail size-post-thumbnail wp-post-image\" alt=\"Illustration mehrere Online-Frageb\u00f6gen\" loading=\"lazy\" srcset=\"https:\/\/www.traum-ferienwohnungen.de\/vermieter-magazin\/wp-content\/uploads\/2023\/01\/fragebogen-gaeste-ferienunterkunft.jpg 1440w, https:\/\/www.traum-ferienwohnungen.de\/vermieter-magazin\/wp-content\/uploads\/2023\/01\/fragebogen-gaeste-ferienunterkunft-300x92.jpg 300w, https:\/\/www.traum-ferienwohnungen.de\/vermieter-magazin\/wp-content\/uploads\/2023\/01\/fragebogen-gaeste-ferienunterkunft-1024x313.jpg 1024w, https:\/\/www.traum-ferienwohnungen.de\/vermieter-magazin\/wp-content\/uploads\/2023\/01\/fragebogen-gaeste-ferienunterkunft-768x235.jpg 768w\" sizes=\"(max-width: 1440px) 100vw, 1440px\" \/>\n\t\t\t\t\t\t<\/figure>\n\t\t\t\t\t<\/a>\n\t\t\t\t\t<p>Ein Fragebogen f\u00fcr G\u00e4ste ist ein wertvolles Tool, um Ihre Ferienunterkunft zu optimieren. Erfahren Sie hier, wie Sie eine solche G\u00e4steumfrage erstellen.\n\t\t\t\t\t<\/p>\n\t\t\t\t\t<a class=\"tfw-button tfw-button--black\" href=\"https:\/\/www.traum-ferienwohnungen.de\/vermieter-magazin\/fragebogen-gaeste-ferienwohnung\/\" rel=\"bookmark\"> Erfahren Sie Mehr <\/a>\n\t\t\t\t<\/div><div class=\"tfw-card all-post tfw-purple paginate-hidden\" data-categories=\"Allgemein\">\n\t\t\t\t\t<div class=\"cat-list\"> <span class=\"cat-item\">Allgemein<\/span> <\/div>\n\t\t\t\t\t<h3>Katrin Baumann und ihr L\u00fctt L\u00f6nneberga<\/h3>\n\t\t\t\t\t<a href=\"https:\/\/www.traum-ferienwohnungen.de\/vermieter-magazin\/traum-haeuser-luett-loenneberga\/\" rel=\"bookmark\">\n\t\t\t\t\t\t<figure> \n\t\t\t\t\t\t<img width=\"1440\" height=\"440\" src=\"https:\/\/www.traum-ferienwohnungen.de\/vermieter-magazin\/wp-content\/uploads\/2023\/01\/traum-haeuser-luett-loenneberga-header.jpg\" class=\"attachment-post-thumbnail size-post-thumbnail wp-post-image\" alt=\"Grafik mit drei Polaroids des Ferienhauses L\u00fctt L\u00f6nneberga in Neufeld an der Nordsee\" loading=\"lazy\" srcset=\"https:\/\/www.traum-ferienwohnungen.de\/vermieter-magazin\/wp-content\/uploads\/2023\/01\/traum-haeuser-luett-loenneberga-header.jpg 1440w, https:\/\/www.traum-ferienwohnungen.de\/vermieter-magazin\/wp-content\/uploads\/2023\/01\/traum-haeuser-luett-loenneberga-header-300x92.jpg 300w, https:\/\/www.traum-ferienwohnungen.de\/vermieter-magazin\/wp-content\/uploads\/2023\/01\/traum-haeuser-luett-loenneberga-header-1024x313.jpg 1024w, https:\/\/www.traum-ferienwohnungen.de\/vermieter-magazin\/wp-content\/uploads\/2023\/01\/traum-haeuser-luett-loenneberga-header-768x235.jpg 768w\" sizes=\"(max-width: 1440px) 100vw, 1440px\" \/>\n\t\t\t\t\t\t<\/figure>\n\t\t\t\t\t<\/a>\n\t\t\t\t\t<p>Katrin Baumann hat mit ihren Ferienh\u00e4usern &#8222;L\u00fctt L\u00f6nneberga&#8220; ein Familienparadies geschaffen. Uns verr\u00e4t sie, was sie dazu bewogen hat und was ihren Erfolg ausmacht.\n\t\t\t\t\t<\/p>\n\t\t\t\t\t<a class=\"tfw-button tfw-button--black\" href=\"https:\/\/www.traum-ferienwohnungen.de\/vermieter-magazin\/traum-haeuser-luett-loenneberga\/\" rel=\"bookmark\"> Erfahren Sie Mehr <\/a>\n\t\t\t\t<\/div><div class=\"tfw-card all-post tfw-yellow paginate-hidden\" data-categories=\"Allgemein|Vermarktung\">\n\t\t\t\t\t<div class=\"cat-list\"> <span class=\"cat-item\">Allgemein<\/span><span class=\"cat-item\">Vermarktung<\/span> <\/div>\n\t\t\t\t\t<h3>Zielgruppen f\u00fcr FeWos<\/h3>\n\t\t\t\t\t<a href=\"https:\/\/www.traum-ferienwohnungen.de\/vermieter-magazin\/zielgruppe-ferienwohnung-ferienhaus\/\" rel=\"bookmark\">\n\t\t\t\t\t\t<figure> \n\t\t\t\t\t\t<img width=\"1440\" height=\"440\" src=\"https:\/\/www.traum-ferienwohnungen.de\/vermieter-magazin\/wp-content\/uploads\/2023\/01\/zielgruppe-ferienwohung-ferienhaus.jpg\" class=\"attachment-post-thumbnail size-post-thumbnail wp-post-image\" alt=\"Grafiken mit Menschen und einer Lupe, die die Zielgruppe symbolisieren sollen\" loading=\"lazy\" srcset=\"https:\/\/www.traum-ferienwohnungen.de\/vermieter-magazin\/wp-content\/uploads\/2023\/01\/zielgruppe-ferienwohung-ferienhaus.jpg 1440w, https:\/\/www.traum-ferienwohnungen.de\/vermieter-magazin\/wp-content\/uploads\/2023\/01\/zielgruppe-ferienwohung-ferienhaus-300x92.jpg 300w, https:\/\/www.traum-ferienwohnungen.de\/vermieter-magazin\/wp-content\/uploads\/2023\/01\/zielgruppe-ferienwohung-ferienhaus-1024x313.jpg 1024w, https:\/\/www.traum-ferienwohnungen.de\/vermieter-magazin\/wp-content\/uploads\/2023\/01\/zielgruppe-ferienwohung-ferienhaus-768x235.jpg 768w\" sizes=\"(max-width: 1440px) 100vw, 1440px\" \/>\n\t\t\t\t\t\t<\/figure>\n\t\t\t\t\t<\/a>\n\t\t\t\t\t<p>Definieren Sie die Wunsch-Zielgruppe f\u00fcr Ihre Ferienwohnung und ziehen Sie rund ums Jahr mehr G\u00e4ste an. Wir zeigen Ihnen, wie es geht.\n\t\t\t\t\t<\/p>\n\t\t\t\t\t<a class=\"tfw-button tfw-button--black\" href=\"https:\/\/www.traum-ferienwohnungen.de\/vermieter-magazin\/zielgruppe-ferienwohnung-ferienhaus\/\" rel=\"bookmark\"> Erfahren Sie Mehr <\/a>\n\t\t\t\t<\/div><div class=\"tfw-card all-post tfw-green paginate-hidden\" data-categories=\"Allgemein|Verwaltung\">\n\t\t\t\t\t<div class=\"cat-list\"> <span class=\"cat-item\">Allgemein<\/span><span class=\"cat-item\">Verwaltung<\/span> <\/div>\n\t\t\t\t\t<h3>FeWo-Check f\u00fcr die Hauptsaison<\/h3>\n\t\t\t\t\t<a href=\"https:\/\/www.traum-ferienwohnungen.de\/vermieter-magazin\/ferienwohnung-saison-vorbereiten\/\" rel=\"bookmark\">\n\t\t\t\t\t\t<figure> \n\t\t\t\t\t\t<img width=\"1440\" height=\"440\" src=\"https:\/\/www.traum-ferienwohnungen.de\/vermieter-magazin\/wp-content\/uploads\/2023\/01\/vorbereitung-ferienunterkunft-hauptsaison.jpg\" class=\"attachment-post-thumbnail size-post-thumbnail wp-post-image\" alt=\"Illustration einer Checkliste f\u00fcr eine Ferienunterkunft\" loading=\"lazy\" srcset=\"https:\/\/www.traum-ferienwohnungen.de\/vermieter-magazin\/wp-content\/uploads\/2023\/01\/vorbereitung-ferienunterkunft-hauptsaison.jpg 1440w, https:\/\/www.traum-ferienwohnungen.de\/vermieter-magazin\/wp-content\/uploads\/2023\/01\/vorbereitung-ferienunterkunft-hauptsaison-300x92.jpg 300w, https:\/\/www.traum-ferienwohnungen.de\/vermieter-magazin\/wp-content\/uploads\/2023\/01\/vorbereitung-ferienunterkunft-hauptsaison-1024x313.jpg 1024w, https:\/\/www.traum-ferienwohnungen.de\/vermieter-magazin\/wp-content\/uploads\/2023\/01\/vorbereitung-ferienunterkunft-hauptsaison-768x235.jpg 768w\" sizes=\"(max-width: 1440px) 100vw, 1440px\" \/>\n\t\t\t\t\t\t<\/figure>\n\t\t\t\t\t<\/a>\n\t\t\t\t\t<p>Die Nebensaison k\u00f6nnen Sie perfekt nutzen, um Ihre Ferienwohnung wieder auf Vordermann zu bringen. Wir zeigen Ihnen, was Sie dabei auf keinen Fall vergessen sollten.\n\t\t\t\t\t<\/p>\n\t\t\t\t\t<a class=\"tfw-button tfw-button--black\" href=\"https:\/\/www.traum-ferienwohnungen.de\/vermieter-magazin\/ferienwohnung-saison-vorbereiten\/\" rel=\"bookmark\"> Erfahren Sie Mehr <\/a>\n\t\t\t\t<\/div><div class=\"tfw-card all-post tfw-blue paginate-hidden\" data-categories=\"Allgemein|Finanzielles\">\n\t\t\t\t\t<div class=\"cat-list\"> <span class=\"cat-item\">Allgemein<\/span><span class=\"cat-item\">Finanzielles<\/span> <\/div>\n\t\t\t\t\t<h3>Grundsteuererkl\u00e4rung leicht gemacht! <\/h3>\n\t\t\t\t\t<a href=\"https:\/\/www.traum-ferienwohnungen.de\/vermieter-magazin\/grundsteuererklaerung-so-gelingt-die-abgabe\/\" rel=\"bookmark\">\n\t\t\t\t\t\t<figure> \n\t\t\t\t\t\t<img width=\"1440\" height=\"440\" src=\"https:\/\/www.traum-ferienwohnungen.de\/vermieter-magazin\/wp-content\/uploads\/2023\/01\/header-grundsteuer.png\" class=\"attachment-post-thumbnail size-post-thumbnail wp-post-image\" alt=\"Illustration mit Marker und Taschenrechner\" loading=\"lazy\" srcset=\"https:\/\/www.traum-ferienwohnungen.de\/vermieter-magazin\/wp-content\/uploads\/2023\/01\/header-grundsteuer.png 1440w, https:\/\/www.traum-ferienwohnungen.de\/vermieter-magazin\/wp-content\/uploads\/2023\/01\/header-grundsteuer-300x92.png 300w, https:\/\/www.traum-ferienwohnungen.de\/vermieter-magazin\/wp-content\/uploads\/2023\/01\/header-grundsteuer-1024x313.png 1024w, https:\/\/www.traum-ferienwohnungen.de\/vermieter-magazin\/wp-content\/uploads\/2023\/01\/header-grundsteuer-768x235.png 768w\" sizes=\"(max-width: 1440px) 100vw, 1440px\" \/>\n\t\t\t\t\t\t<\/figure>\n\t\t\t\t\t<\/a>\n\t\t\t\t\t<p>Haben Sie schon an die Grundsteuererkl\u00e4rung f\u00fcr Ihre Ferienunterkunft gedacht? Wir zeigen Ihnen, wie dies ganz einfach gelingt!\r\n\n\t\t\t\t\t<\/p>\n\t\t\t\t\t<a class=\"tfw-button tfw-button--black\" href=\"https:\/\/www.traum-ferienwohnungen.de\/vermieter-magazin\/grundsteuererklaerung-so-gelingt-die-abgabe\/\" rel=\"bookmark\"> Erfahren Sie Mehr <\/a>\n\t\t\t\t<\/div><div class=\"tfw-card all-post tfw-purple paginate-hidden\" data-categories=\"Allgemein\">\n\t\t\t\t\t<div class=\"cat-list\"> <span class=\"cat-item\">Allgemein<\/span> <\/div>\n\t\t\t\t\t<h3>Sonja R\u00f6per und das Austragshaus Rh\u00f6n<\/h3>\n\t\t\t\t\t<a href=\"https:\/\/www.traum-ferienwohnungen.de\/vermieter-magazin\/traum-haeuser-austragshaus-rhoen\/\" rel=\"bookmark\">\n\t\t\t\t\t\t<figure> \n\t\t\t\t\t\t<img width=\"1440\" height=\"440\" src=\"https:\/\/www.traum-ferienwohnungen.de\/vermieter-magazin\/wp-content\/uploads\/2023\/01\/austragshaus-rhoen-stockheim-header.jpg\" class=\"attachment-post-thumbnail size-post-thumbnail wp-post-image\" alt=\"Grafik mit drei Polaroids des Ferienhauses Austragshaus Rh\u00f6n in Stockheim\" loading=\"lazy\" srcset=\"https:\/\/www.traum-ferienwohnungen.de\/vermieter-magazin\/wp-content\/uploads\/2023\/01\/austragshaus-rhoen-stockheim-header.jpg 1440w, https:\/\/www.traum-ferienwohnungen.de\/vermieter-magazin\/wp-content\/uploads\/2023\/01\/austragshaus-rhoen-stockheim-header-300x92.jpg 300w, https:\/\/www.traum-ferienwohnungen.de\/vermieter-magazin\/wp-content\/uploads\/2023\/01\/austragshaus-rhoen-stockheim-header-1024x313.jpg 1024w, https:\/\/www.traum-ferienwohnungen.de\/vermieter-magazin\/wp-content\/uploads\/2023\/01\/austragshaus-rhoen-stockheim-header-768x235.jpg 768w\" sizes=\"(max-width: 1440px) 100vw, 1440px\" \/>\n\t\t\t\t\t\t<\/figure>\n\t\t\t\t\t<\/a>\n\t\t\t\t\t<p>Sonja R\u00f6per vermietet mit dem Austragshaus Rh\u00f6n eine ganz besondere Unterkunft. Uns hat sie mit hinter die Kulissen der Vermietung genommen.\n\t\t\t\t\t<\/p>\n\t\t\t\t\t<a class=\"tfw-button tfw-button--black\" href=\"https:\/\/www.traum-ferienwohnungen.de\/vermieter-magazin\/traum-haeuser-austragshaus-rhoen\/\" rel=\"bookmark\"> Erfahren Sie Mehr <\/a>\n\t\t\t\t<\/div><div class=\"tfw-card all-post tfw-red paginate-hidden\" data-categories=\"Allgemein|Ausstattung\">\n\t\t\t\t\t<div class=\"cat-list\"> <span class=\"cat-item\">Allgemein<\/span><span class=\"cat-item\">Ausstattung<\/span> <\/div>\n\t\t\t\t\t<h3>Barrierefreie Ferienwohnung vermieten<\/h3>\n\t\t\t\t\t<a href=\"https:\/\/www.traum-ferienwohnungen.de\/vermieter-magazin\/ferienwohnung-barrierefrei-vermieten\/\" rel=\"bookmark\">\n\t\t\t\t\t\t<figure> \n\t\t\t\t\t\t<img width=\"1440\" height=\"440\" src=\"https:\/\/www.traum-ferienwohnungen.de\/vermieter-magazin\/wp-content\/uploads\/2022\/12\/ferienwohnung-ferienhaus-barrierefrei-vermieten.jpg\" class=\"attachment-post-thumbnail size-post-thumbnail wp-post-image\" alt=\"Illustration von Menschen mit Behinderungen\" loading=\"lazy\" srcset=\"https:\/\/www.traum-ferienwohnungen.de\/vermieter-magazin\/wp-content\/uploads\/2022\/12\/ferienwohnung-ferienhaus-barrierefrei-vermieten.jpg 1440w, https:\/\/www.traum-ferienwohnungen.de\/vermieter-magazin\/wp-content\/uploads\/2022\/12\/ferienwohnung-ferienhaus-barrierefrei-vermieten-300x92.jpg 300w, https:\/\/www.traum-ferienwohnungen.de\/vermieter-magazin\/wp-content\/uploads\/2022\/12\/ferienwohnung-ferienhaus-barrierefrei-vermieten-1024x313.jpg 1024w, https:\/\/www.traum-ferienwohnungen.de\/vermieter-magazin\/wp-content\/uploads\/2022\/12\/ferienwohnung-ferienhaus-barrierefrei-vermieten-768x235.jpg 768w\" sizes=\"(max-width: 1440px) 100vw, 1440px\" \/>\n\t\t\t\t\t\t<\/figure>\n\t\t\t\t\t<\/a>\n\t\t\t\t\t<p>Barrierefreie Ferienwohnungen sind gefragt. Mit unseren Tipps richten Sie Ihre Unterkunft behindertengerecht sowie ohne Barrieren ein und erschlie\u00dfen sich eine immens gro\u00dfe Zielgruppe.\n\t\t\t\t\t<\/p>\n\t\t\t\t\t<a class=\"tfw-button tfw-button--black\" href=\"https:\/\/www.traum-ferienwohnungen.de\/vermieter-magazin\/ferienwohnung-barrierefrei-vermieten\/\" rel=\"bookmark\"> Erfahren Sie Mehr <\/a>\n\t\t\t\t<\/div><div class=\"tfw-card all-post tfw-purple paginate-hidden\" data-categories=\"Allgemein\">\n\t\t\t\t\t<div class=\"cat-list\"> <span class=\"cat-item\">Allgemein<\/span> <\/div>\n\t\t\t\t\t<h3>Thomas Herdt und sein Haus Eiche<\/h3>\n\t\t\t\t\t<a href=\"https:\/\/www.traum-ferienwohnungen.de\/vermieter-magazin\/traum-haeuser-haus-eiche\/\" rel=\"bookmark\">\n\t\t\t\t\t\t<figure> \n\t\t\t\t\t\t<img width=\"1440\" height=\"440\" src=\"https:\/\/www.traum-ferienwohnungen.de\/vermieter-magazin\/wp-content\/uploads\/2022\/12\/haus-eiche-header-neu.jpg\" class=\"attachment-post-thumbnail size-post-thumbnail wp-post-image\" alt=\"Grafik mit drei Polaroids des Ferienhauses Haus Eiche\" loading=\"lazy\" srcset=\"https:\/\/www.traum-ferienwohnungen.de\/vermieter-magazin\/wp-content\/uploads\/2022\/12\/haus-eiche-header-neu.jpg 1440w, https:\/\/www.traum-ferienwohnungen.de\/vermieter-magazin\/wp-content\/uploads\/2022\/12\/haus-eiche-header-neu-300x92.jpg 300w, https:\/\/www.traum-ferienwohnungen.de\/vermieter-magazin\/wp-content\/uploads\/2022\/12\/haus-eiche-header-neu-1024x313.jpg 1024w, https:\/\/www.traum-ferienwohnungen.de\/vermieter-magazin\/wp-content\/uploads\/2022\/12\/haus-eiche-header-neu-768x235.jpg 768w\" sizes=\"(max-width: 1440px) 100vw, 1440px\" \/>\n\t\t\t\t\t\t<\/figure>\n\t\t\t\t\t<\/a>\n\t\t\t\t\t<p>Thomas Herdt hat mit seinem Ferienhaus Eiche aus einem Gef\u00e4ngnis eine gem\u00fctliche Unterkunft geschaffen. Uns hat er verraten wie das zusammenpasst.\n\t\t\t\t\t<\/p>\n\t\t\t\t\t<a class=\"tfw-button tfw-button--black\" href=\"https:\/\/www.traum-ferienwohnungen.de\/vermieter-magazin\/traum-haeuser-haus-eiche\/\" rel=\"bookmark\"> Erfahren Sie Mehr <\/a>\n\t\t\t\t<\/div><div class=\"tfw-card all-post tfw-yellow paginate-hidden\" data-categories=\"Allgemein|Vermarktung\">\n\t\t\t\t\t<div class=\"cat-list\"> <span class=\"cat-item\">Allgemein<\/span><span class=\"cat-item\">Vermarktung<\/span> <\/div>\n\t\t\t\t\t<h3>Reisetrends 2023<\/h3>\n\t\t\t\t\t<a href=\"https:\/\/www.traum-ferienwohnungen.de\/vermieter-magazin\/reisetrends-2023\/\" rel=\"bookmark\">\n\t\t\t\t\t\t<figure> \n\t\t\t\t\t\t<img width=\"1440\" height=\"440\" src=\"https:\/\/www.traum-ferienwohnungen.de\/vermieter-magazin\/wp-content\/uploads\/2022\/11\/header-resietrends-2023.jpg\" class=\"attachment-post-thumbnail size-post-thumbnail wp-post-image\" alt=\"Illustration mit Flugzeug, Koffer, Reisekarten und Palmen\" loading=\"lazy\" srcset=\"https:\/\/www.traum-ferienwohnungen.de\/vermieter-magazin\/wp-content\/uploads\/2022\/11\/header-resietrends-2023.jpg 1440w, https:\/\/www.traum-ferienwohnungen.de\/vermieter-magazin\/wp-content\/uploads\/2022\/11\/header-resietrends-2023-300x92.jpg 300w, https:\/\/www.traum-ferienwohnungen.de\/vermieter-magazin\/wp-content\/uploads\/2022\/11\/header-resietrends-2023-1024x313.jpg 1024w, https:\/\/www.traum-ferienwohnungen.de\/vermieter-magazin\/wp-content\/uploads\/2022\/11\/header-resietrends-2023-768x235.jpg 768w\" sizes=\"(max-width: 1440px) 100vw, 1440px\" \/>\n\t\t\t\t\t\t<\/figure>\n\t\t\t\t\t<\/a>\n\t\t\t\t\t<p>Das neue Buchungsjahr steht kurz bevor. Wir verraten Ihnen die Reisetrends 2023 &#038; informieren dar\u00fcber, wie sich Buchungsanfragen steigern lassen.\n\t\t\t\t\t<\/p>\n\t\t\t\t\t<a class=\"tfw-button tfw-button--black\" href=\"https:\/\/www.traum-ferienwohnungen.de\/vermieter-magazin\/reisetrends-2023\/\" rel=\"bookmark\"> Erfahren Sie Mehr <\/a>\n\t\t\t\t<\/div><div class=\"tfw-card all-post tfw-purple paginate-hidden\" data-categories=\"Allgemein\">\n\t\t\t\t\t<div class=\"cat-list\"> <span class=\"cat-item\">Allgemein<\/span> <\/div>\n\t\t\t\t\t<h3>Familie Meewes und ihre Reetdachkate<\/h3>\n\t\t\t\t\t<a href=\"https:\/\/www.traum-ferienwohnungen.de\/vermieter-magazin\/traum-haeuser-reetdachkate-koehn\/\" rel=\"bookmark\">\n\t\t\t\t\t\t<figure> \n\t\t\t\t\t\t<img width=\"1440\" height=\"440\" src=\"https:\/\/www.traum-ferienwohnungen.de\/vermieter-magazin\/wp-content\/uploads\/2022\/11\/reetdachkate-koehn-header.jpg\" class=\"attachment-post-thumbnail size-post-thumbnail wp-post-image\" alt=\"Grafik mit drei Polaroids der Reetdachkate K\u00f6hn\" loading=\"lazy\" srcset=\"https:\/\/www.traum-ferienwohnungen.de\/vermieter-magazin\/wp-content\/uploads\/2022\/11\/reetdachkate-koehn-header.jpg 1440w, https:\/\/www.traum-ferienwohnungen.de\/vermieter-magazin\/wp-content\/uploads\/2022\/11\/reetdachkate-koehn-header-300x92.jpg 300w, https:\/\/www.traum-ferienwohnungen.de\/vermieter-magazin\/wp-content\/uploads\/2022\/11\/reetdachkate-koehn-header-1024x313.jpg 1024w, https:\/\/www.traum-ferienwohnungen.de\/vermieter-magazin\/wp-content\/uploads\/2022\/11\/reetdachkate-koehn-header-768x235.jpg 768w\" sizes=\"(max-width: 1440px) 100vw, 1440px\" \/>\n\t\t\t\t\t\t<\/figure>\n\t\t\t\t\t<\/a>\n\t\t\t\t\t<p>Heike und Uwe Meewes vermieten mit ihrer Reetdachkate eine echte Rarit\u00e4t. Uns verraten sie, was ihre erfolgreiche Vermietung ausmacht.\n\t\t\t\t\t<\/p>\n\t\t\t\t\t<a class=\"tfw-button tfw-button--black\" href=\"https:\/\/www.traum-ferienwohnungen.de\/vermieter-magazin\/traum-haeuser-reetdachkate-koehn\/\" rel=\"bookmark\"> Erfahren Sie Mehr <\/a>\n\t\t\t\t<\/div><div class=\"tfw-card all-post tfw-red paginate-hidden\" data-categories=\"Allgemein|Ausstattung\">\n\t\t\t\t\t<div class=\"cat-list\"> <span class=\"cat-item\">Allgemein<\/span><span class=\"cat-item\">Ausstattung<\/span> <\/div>\n\t\t\t\t\t<h3>Unterkunft hundefreundlich machen<\/h3>\n\t\t\t\t\t<a href=\"https:\/\/www.traum-ferienwohnungen.de\/vermieter-magazin\/ferienwohnung-hund-vermieten\/\" rel=\"bookmark\">\n\t\t\t\t\t\t<figure> \n\t\t\t\t\t\t<img width=\"1440\" height=\"440\" src=\"https:\/\/www.traum-ferienwohnungen.de\/vermieter-magazin\/wp-content\/uploads\/2022\/11\/hundefreundliche-ferienunterkunft-header.jpg\" class=\"attachment-post-thumbnail size-post-thumbnail wp-post-image\" alt=\"Illustration einer Frau mit ihrem Hund\" loading=\"lazy\" srcset=\"https:\/\/www.traum-ferienwohnungen.de\/vermieter-magazin\/wp-content\/uploads\/2022\/11\/hundefreundliche-ferienunterkunft-header.jpg 1440w, https:\/\/www.traum-ferienwohnungen.de\/vermieter-magazin\/wp-content\/uploads\/2022\/11\/hundefreundliche-ferienunterkunft-header-300x92.jpg 300w, https:\/\/www.traum-ferienwohnungen.de\/vermieter-magazin\/wp-content\/uploads\/2022\/11\/hundefreundliche-ferienunterkunft-header-1024x313.jpg 1024w, https:\/\/www.traum-ferienwohnungen.de\/vermieter-magazin\/wp-content\/uploads\/2022\/11\/hundefreundliche-ferienunterkunft-header-768x235.jpg 768w\" sizes=\"(max-width: 1440px) 100vw, 1440px\" \/>\n\t\t\t\t\t\t<\/figure>\n\t\t\t\t\t<\/a>\n\t\t\t\t\t<p>Urlauber mit Hund sind eine steigende Zielgruppe f\u00fcr Ferienunterk\u00fcnfte. Wir zeigen Ihnen die Vor- und Nachteile und wie Sie sich perfekt auf Hundebesitzer einstellen.\n\t\t\t\t\t<\/p>\n\t\t\t\t\t<a class=\"tfw-button tfw-button--black\" href=\"https:\/\/www.traum-ferienwohnungen.de\/vermieter-magazin\/ferienwohnung-hund-vermieten\/\" rel=\"bookmark\"> Erfahren Sie Mehr <\/a>\n\t\t\t\t<\/div><div class=\"tfw-card all-post tfw-blue paginate-hidden\" data-categories=\"Allgemein|Finanzielles\">\n\t\t\t\t\t<div class=\"cat-list\"> <span class=\"cat-item\">Allgemein<\/span><span class=\"cat-item\">Finanzielles<\/span> <\/div>\n\t\t\t\t\t<h3>Mietpreise kalkulieren<\/h3>\n\t\t\t\t\t<a href=\"https:\/\/www.traum-ferienwohnungen.de\/vermieter-magazin\/mietpreis-fuer-ferienwohnung-kalkulieren\/\" rel=\"bookmark\">\n\t\t\t\t\t\t<figure> \n\t\t\t\t\t\t<img width=\"1440\" height=\"440\" src=\"https:\/\/www.traum-ferienwohnungen.de\/vermieter-magazin\/wp-content\/uploads\/2022\/10\/mietpreise-ferienwohnung-ferienhaus-kalkulieren.jpg\" class=\"attachment-post-thumbnail size-post-thumbnail wp-post-image\" alt=\"Illustration eines Hauses mit Taschenrechner und Geld daneben\" loading=\"lazy\" srcset=\"https:\/\/www.traum-ferienwohnungen.de\/vermieter-magazin\/wp-content\/uploads\/2022\/10\/mietpreise-ferienwohnung-ferienhaus-kalkulieren.jpg 1440w, https:\/\/www.traum-ferienwohnungen.de\/vermieter-magazin\/wp-content\/uploads\/2022\/10\/mietpreise-ferienwohnung-ferienhaus-kalkulieren-300x92.jpg 300w, https:\/\/www.traum-ferienwohnungen.de\/vermieter-magazin\/wp-content\/uploads\/2022\/10\/mietpreise-ferienwohnung-ferienhaus-kalkulieren-1024x313.jpg 1024w, https:\/\/www.traum-ferienwohnungen.de\/vermieter-magazin\/wp-content\/uploads\/2022\/10\/mietpreise-ferienwohnung-ferienhaus-kalkulieren-768x235.jpg 768w\" sizes=\"(max-width: 1440px) 100vw, 1440px\" \/>\n\t\t\t\t\t\t<\/figure>\n\t\t\t\t\t<\/a>\n\t\t\t\t\t<p>Eine richtige Kalkulation der Mietpreise ist das A &#038; O bei der erfolgreichen Vermietung von Ferienunterk\u00fcnften. Wir zeigen Ihnen, wie Sie in 6 Schritten Ihren optimalen Preis berechnen.\n\t\t\t\t\t<\/p>\n\t\t\t\t\t<a class=\"tfw-button tfw-button--black\" href=\"https:\/\/www.traum-ferienwohnungen.de\/vermieter-magazin\/mietpreis-fuer-ferienwohnung-kalkulieren\/\" rel=\"bookmark\"> Erfahren Sie Mehr <\/a>\n\t\t\t\t<\/div><div class=\"tfw-card all-post tfw-green paginate-hidden\" data-categories=\"Allgemein|Verwaltung\">\n\t\t\t\t\t<div class=\"cat-list\"> <span class=\"cat-item\">Allgemein<\/span><span class=\"cat-item\">Verwaltung<\/span> <\/div>\n\t\t\t\t\t<h3>Belegungsplan einfach erstellen<\/h3>\n\t\t\t\t\t<a href=\"https:\/\/www.traum-ferienwohnungen.de\/vermieter-magazin\/belegungsplan-zeitsparend-pflegen\/\" rel=\"bookmark\">\n\t\t\t\t\t\t<figure> \n\t\t\t\t\t\t<img width=\"1440\" height=\"440\" src=\"https:\/\/www.traum-ferienwohnungen.de\/vermieter-magazin\/wp-content\/uploads\/2022\/10\/belegungsplan-belegungskalender-ferienwohung.jpg\" class=\"attachment-post-thumbnail size-post-thumbnail wp-post-image\" alt=\"Grafik eines Kalender als Symbol f\u00fcr einen Belegungskalender f\u00fcr eine Ferienwohnung\" loading=\"lazy\" srcset=\"https:\/\/www.traum-ferienwohnungen.de\/vermieter-magazin\/wp-content\/uploads\/2022\/10\/belegungsplan-belegungskalender-ferienwohung.jpg 1440w, https:\/\/www.traum-ferienwohnungen.de\/vermieter-magazin\/wp-content\/uploads\/2022\/10\/belegungsplan-belegungskalender-ferienwohung-300x92.jpg 300w, https:\/\/www.traum-ferienwohnungen.de\/vermieter-magazin\/wp-content\/uploads\/2022\/10\/belegungsplan-belegungskalender-ferienwohung-1024x313.jpg 1024w, https:\/\/www.traum-ferienwohnungen.de\/vermieter-magazin\/wp-content\/uploads\/2022\/10\/belegungsplan-belegungskalender-ferienwohung-768x235.jpg 768w\" sizes=\"(max-width: 1440px) 100vw, 1440px\" \/>\n\t\t\t\t\t\t<\/figure>\n\t\t\t\t\t<\/a>\n\t\t\t\t\t<p>Ein aktueller Belegungskalender sorgt f\u00fcr eine optimale Auslastung Ihrer Ferienwohnung. Lesen Sie hier, wie Sie Ihren Belegungsplan zeitsparend pflegen k\u00f6nnen.\n\t\t\t\t\t<\/p>\n\t\t\t\t\t<a class=\"tfw-button tfw-button--black\" href=\"https:\/\/www.traum-ferienwohnungen.de\/vermieter-magazin\/belegungsplan-zeitsparend-pflegen\/\" rel=\"bookmark\"> Erfahren Sie Mehr <\/a>\n\t\t\t\t<\/div><div class=\"tfw-card all-post tfw-purple paginate-hidden\" data-categories=\"Allgemein\">\n\t\t\t\t\t<div class=\"cat-list\"> <span class=\"cat-item\">Allgemein<\/span> <\/div>\n\t\t\t\t\t<h3>Trine und ihr Ferienhaus &#8222;the forest&#8220;<\/h3>\n\t\t\t\t\t<a href=\"https:\/\/www.traum-ferienwohnungen.de\/vermieter-magazin\/traum-haeuser-the-forest-erfolgsgeschichte\/\" rel=\"bookmark\">\n\t\t\t\t\t\t<figure> \n\t\t\t\t\t\t<img width=\"1440\" height=\"440\" src=\"https:\/\/www.traum-ferienwohnungen.de\/vermieter-magazin\/wp-content\/uploads\/2022\/10\/traumhaeuser-forest-header.jpg\" class=\"attachment-post-thumbnail size-post-thumbnail wp-post-image\" alt=\"Grafik mit drei Polaroidbildern von Ferienhaus &quot;the forest&quot;\" loading=\"lazy\" srcset=\"https:\/\/www.traum-ferienwohnungen.de\/vermieter-magazin\/wp-content\/uploads\/2022\/10\/traumhaeuser-forest-header.jpg 1440w, https:\/\/www.traum-ferienwohnungen.de\/vermieter-magazin\/wp-content\/uploads\/2022\/10\/traumhaeuser-forest-header-300x92.jpg 300w, https:\/\/www.traum-ferienwohnungen.de\/vermieter-magazin\/wp-content\/uploads\/2022\/10\/traumhaeuser-forest-header-1024x313.jpg 1024w, https:\/\/www.traum-ferienwohnungen.de\/vermieter-magazin\/wp-content\/uploads\/2022\/10\/traumhaeuser-forest-header-768x235.jpg 768w\" sizes=\"(max-width: 1440px) 100vw, 1440px\" \/>\n\t\t\t\t\t\t<\/figure>\n\t\t\t\t\t<\/a>\n\t\t\t\t\t<p>Trine Pade hat mit ihrem Ferienhaus &#8222;the forest&#8220; Nachhaltigkeit und Moderne zusammengebracht. Uns verr\u00e4t sie ihr Erfolgsgeheimnis.\n\t\t\t\t\t<\/p>\n\t\t\t\t\t<a class=\"tfw-button tfw-button--black\" href=\"https:\/\/www.traum-ferienwohnungen.de\/vermieter-magazin\/traum-haeuser-the-forest-erfolgsgeschichte\/\" rel=\"bookmark\"> Erfahren Sie Mehr <\/a>\n\t\t\t\t<\/div><div class=\"tfw-card all-post tfw-green paginate-hidden\" data-categories=\"Allgemein|Verwaltung\">\n\t\t\t\t\t<div class=\"cat-list\"> <span class=\"cat-item\">Allgemein<\/span><span class=\"cat-item\">Verwaltung<\/span> <\/div>\n\t\t\t\t\t<h3>Umgang mit Energiekosten<\/h3>\n\t\t\t\t\t<a href=\"https:\/\/www.traum-ferienwohnungen.de\/vermieter-magazin\/umgang-energiekosten-ferienwohnung\/\" rel=\"bookmark\">\n\t\t\t\t\t\t<figure> \n\t\t\t\t\t\t<img width=\"1440\" height=\"440\" src=\"https:\/\/www.traum-ferienwohnungen.de\/vermieter-magazin\/wp-content\/uploads\/2022\/10\/energiekosten-sparen-ferienunterkunft.jpg\" class=\"attachment-post-thumbnail size-post-thumbnail wp-post-image\" alt=\"\" loading=\"lazy\" srcset=\"https:\/\/www.traum-ferienwohnungen.de\/vermieter-magazin\/wp-content\/uploads\/2022\/10\/energiekosten-sparen-ferienunterkunft.jpg 1440w, https:\/\/www.traum-ferienwohnungen.de\/vermieter-magazin\/wp-content\/uploads\/2022\/10\/energiekosten-sparen-ferienunterkunft-300x92.jpg 300w, https:\/\/www.traum-ferienwohnungen.de\/vermieter-magazin\/wp-content\/uploads\/2022\/10\/energiekosten-sparen-ferienunterkunft-1024x313.jpg 1024w, https:\/\/www.traum-ferienwohnungen.de\/vermieter-magazin\/wp-content\/uploads\/2022\/10\/energiekosten-sparen-ferienunterkunft-768x235.jpg 768w\" sizes=\"(max-width: 1440px) 100vw, 1440px\" \/>\n\t\t\t\t\t\t<\/figure>\n\t\t\t\t\t<\/a>\n\t\t\t\t\t<p>Die aktuell stark steigenden Energiekosten stellen viele Vermieter vor Herausforderungen. Wir zeigen Ihnen 3 Optionen damit umzugehen.\n\t\t\t\t\t<\/p>\n\t\t\t\t\t<a class=\"tfw-button tfw-button--black\" href=\"https:\/\/www.traum-ferienwohnungen.de\/vermieter-magazin\/umgang-energiekosten-ferienwohnung\/\" rel=\"bookmark\"> Erfahren Sie Mehr <\/a>\n\t\t\t\t<\/div><div class=\"tfw-card all-post tfw-red paginate-hidden\" data-categories=\"Allgemein|Ausstattung\">\n\t\t\t\t\t<div class=\"cat-list\"> <span class=\"cat-item\">Allgemein<\/span><span class=\"cat-item\">Ausstattung<\/span> <\/div>\n\t\t\t\t\t<h3>Unterk\u00fcnfte f\u00fcr Workations<\/h3>\n\t\t\t\t\t<a href=\"https:\/\/www.traum-ferienwohnungen.de\/vermieter-magazin\/ferienwohnung-fuer-workation\/\" rel=\"bookmark\">\n\t\t\t\t\t\t<figure> \n\t\t\t\t\t\t<img width=\"1440\" height=\"440\" src=\"https:\/\/www.traum-ferienwohnungen.de\/vermieter-magazin\/wp-content\/uploads\/2022\/09\/ferienunterkunft-workation.jpg\" class=\"attachment-post-thumbnail size-post-thumbnail wp-post-image\" alt=\"Illustration eines Mannes an einem Schreibtisch\" loading=\"lazy\" srcset=\"https:\/\/www.traum-ferienwohnungen.de\/vermieter-magazin\/wp-content\/uploads\/2022\/09\/ferienunterkunft-workation.jpg 1440w, https:\/\/www.traum-ferienwohnungen.de\/vermieter-magazin\/wp-content\/uploads\/2022\/09\/ferienunterkunft-workation-300x92.jpg 300w, https:\/\/www.traum-ferienwohnungen.de\/vermieter-magazin\/wp-content\/uploads\/2022\/09\/ferienunterkunft-workation-1024x313.jpg 1024w, https:\/\/www.traum-ferienwohnungen.de\/vermieter-magazin\/wp-content\/uploads\/2022\/09\/ferienunterkunft-workation-768x235.jpg 768w\" sizes=\"(max-width: 1440px) 100vw, 1440px\" \/>\n\t\t\t\t\t\t<\/figure>\n\t\t\t\t\t<\/a>\n\t\t\t\t\t<p>Workations haben sich in den letzten Jahren zum echten Trend entwickelt. Wir zeigen Ihnen, wie Sie Ihre Ferienwohnung fit f\u00fcr Workations machen.\n\t\t\t\t\t<\/p>\n\t\t\t\t\t<a class=\"tfw-button tfw-button--black\" href=\"https:\/\/www.traum-ferienwohnungen.de\/vermieter-magazin\/ferienwohnung-fuer-workation\/\" rel=\"bookmark\"> Erfahren Sie Mehr <\/a>\n\t\t\t\t<\/div><div class=\"tfw-card all-post tfw-purple paginate-hidden\" data-categories=\"Allgemein\">\n\t\t\t\t\t<div class=\"cat-list\"> <span class=\"cat-item\">Allgemein<\/span> <\/div>\n\t\t\t\t\t<h3>Katharina und ihr Hausboot \u201cHabitide\u201d<\/h3>\n\t\t\t\t\t<a href=\"https:\/\/www.traum-ferienwohnungen.de\/vermieter-magazin\/traum-haeuser-habitide-erfolgsgeschichte\/\" rel=\"bookmark\">\n\t\t\t\t\t\t<figure> \n\t\t\t\t\t\t<img width=\"1440\" height=\"440\" src=\"https:\/\/www.traum-ferienwohnungen.de\/vermieter-magazin\/wp-content\/uploads\/2022\/10\/3_habitide_header_HO-Magazin.jpg\" class=\"attachment-post-thumbnail size-post-thumbnail wp-post-image\" alt=\"\" loading=\"lazy\" srcset=\"https:\/\/www.traum-ferienwohnungen.de\/vermieter-magazin\/wp-content\/uploads\/2022\/10\/3_habitide_header_HO-Magazin.jpg 1440w, https:\/\/www.traum-ferienwohnungen.de\/vermieter-magazin\/wp-content\/uploads\/2022\/10\/3_habitide_header_HO-Magazin-300x92.jpg 300w, https:\/\/www.traum-ferienwohnungen.de\/vermieter-magazin\/wp-content\/uploads\/2022\/10\/3_habitide_header_HO-Magazin-1024x313.jpg 1024w, https:\/\/www.traum-ferienwohnungen.de\/vermieter-magazin\/wp-content\/uploads\/2022\/10\/3_habitide_header_HO-Magazin-768x235.jpg 768w\" sizes=\"(max-width: 1440px) 100vw, 1440px\" \/>\n\t\t\t\t\t\t<\/figure>\n\t\t\t\t\t<\/a>\n\t\t\t\t\t<p>Katharina Khodami vermietet seit einigen Jahren ihr Hausboot an G\u00e4ste. Uns verr\u00e4t sie ihr Erfolgsgeheimnis und warum ihr Nachhaltigkeit so wichtig ist.\n\t\t\t\t\t<\/p>\n\t\t\t\t\t<a class=\"tfw-button tfw-button--black\" href=\"https:\/\/www.traum-ferienwohnungen.de\/vermieter-magazin\/traum-haeuser-habitide-erfolgsgeschichte\/\" rel=\"bookmark\"> Erfahren Sie Mehr <\/a>\n\t\t\t\t<\/div><div class=\"tfw-card all-post tfw-purple paginate-hidden\" data-categories=\"Allgemein|Sicherheit\">\n\t\t\t\t\t<div class=\"cat-list\"> <span class=\"cat-item\">Allgemein<\/span><span class=\"cat-item\">Sicherheit<\/span> <\/div>\n\t\t\t\t\t<h3>Schutz vor Einbruch<\/h3>\n\t\t\t\t\t<a href=\"https:\/\/www.traum-ferienwohnungen.de\/vermieter-magazin\/schutz-vor-einbruch\/\" rel=\"bookmark\">\n\t\t\t\t\t\t<figure> \n\t\t\t\t\t\t<img width=\"1440\" height=\"440\" src=\"https:\/\/www.traum-ferienwohnungen.de\/vermieter-magazin\/wp-content\/uploads\/2022\/09\/HO_Mag_HeaderEinbruchschutz.jpg\" class=\"attachment-post-thumbnail size-post-thumbnail wp-post-image\" alt=\"Grafik mit einem Einbrecher vor einem Haus\" loading=\"lazy\" srcset=\"https:\/\/www.traum-ferienwohnungen.de\/vermieter-magazin\/wp-content\/uploads\/2022\/09\/HO_Mag_HeaderEinbruchschutz.jpg 1440w, https:\/\/www.traum-ferienwohnungen.de\/vermieter-magazin\/wp-content\/uploads\/2022\/09\/HO_Mag_HeaderEinbruchschutz-300x92.jpg 300w, https:\/\/www.traum-ferienwohnungen.de\/vermieter-magazin\/wp-content\/uploads\/2022\/09\/HO_Mag_HeaderEinbruchschutz-1024x313.jpg 1024w, https:\/\/www.traum-ferienwohnungen.de\/vermieter-magazin\/wp-content\/uploads\/2022\/09\/HO_Mag_HeaderEinbruchschutz-768x235.jpg 768w\" sizes=\"(max-width: 1440px) 100vw, 1440px\" \/>\n\t\t\t\t\t\t<\/figure>\n\t\t\t\t\t<\/a>\n\t\t\t\t\t<p>Besonders Ferienimmobilien sind in der dunklen Jahreszeit einbruchgef\u00e4hrdet. Mit diesen 10 Tipps gelingt Ihnen ein effektiver Einbruchschutz.\n\t\t\t\t\t<\/p>\n\t\t\t\t\t<a class=\"tfw-button tfw-button--black\" href=\"https:\/\/www.traum-ferienwohnungen.de\/vermieter-magazin\/schutz-vor-einbruch\/\" rel=\"bookmark\"> Erfahren Sie Mehr <\/a>\n\t\t\t\t<\/div><div class=\"tfw-card all-post tfw-red paginate-hidden\" data-categories=\"Allgemein|Ausstattung\">\n\t\t\t\t\t<div class=\"cat-list\"> <span class=\"cat-item\">Allgemein<\/span><span class=\"cat-item\">Ausstattung<\/span> <\/div>\n\t\t\t\t\t<h3>WLAN f\u00fcr Ferienwohnungen<\/h3>\n\t\t\t\t\t<a href=\"https:\/\/www.traum-ferienwohnungen.de\/vermieter-magazin\/sicheres-wlan-in-ferienwohnungen\/\" rel=\"bookmark\">\n\t\t\t\t\t\t<figure> \n\t\t\t\t\t\t<img width=\"1440\" height=\"440\" src=\"https:\/\/www.traum-ferienwohnungen.de\/vermieter-magazin\/wp-content\/uploads\/2022\/09\/header-wlan-internet-ferienwohnungen.jpg\" class=\"attachment-post-thumbnail size-post-thumbnail wp-post-image\" alt=\"wlan-ferienwohnungen\" loading=\"lazy\" srcset=\"https:\/\/www.traum-ferienwohnungen.de\/vermieter-magazin\/wp-content\/uploads\/2022\/09\/header-wlan-internet-ferienwohnungen.jpg 1440w, https:\/\/www.traum-ferienwohnungen.de\/vermieter-magazin\/wp-content\/uploads\/2022\/09\/header-wlan-internet-ferienwohnungen-300x92.jpg 300w, https:\/\/www.traum-ferienwohnungen.de\/vermieter-magazin\/wp-content\/uploads\/2022\/09\/header-wlan-internet-ferienwohnungen-1024x313.jpg 1024w, https:\/\/www.traum-ferienwohnungen.de\/vermieter-magazin\/wp-content\/uploads\/2022\/09\/header-wlan-internet-ferienwohnungen-768x235.jpg 768w\" sizes=\"(max-width: 1440px) 100vw, 1440px\" \/>\n\t\t\t\t\t\t<\/figure>\n\t\t\t\t\t<\/a>\n\t\t\t\t\t<p>WLAN geh\u00f6rt heutzutage zur Standardausstattung in einer Ferienwohnung. Lesen Sie worauf Sie beim Bereitstellen des WLANs unbedingt achten sollen. \n\t\t\t\t\t<\/p>\n\t\t\t\t\t<a class=\"tfw-button tfw-button--black\" href=\"https:\/\/www.traum-ferienwohnungen.de\/vermieter-magazin\/sicheres-wlan-in-ferienwohnungen\/\" rel=\"bookmark\"> Erfahren Sie Mehr <\/a>\n\t\t\t\t<\/div><div class=\"tfw-card all-post tfw-purple paginate-hidden\" data-categories=\"Allgemein\">\n\t\t\t\t\t<div class=\"cat-list\"> <span class=\"cat-item\">Allgemein<\/span> <\/div>\n\t\t\t\t\t<h3>&#8222;Wohnen mit Genuss&#8220; im Portr\u00e4t<\/h3>\n\t\t\t\t\t<a href=\"https:\/\/www.traum-ferienwohnungen.de\/vermieter-magazin\/traum-haeuser-wohnen-mit-genuss-wolff\/\" rel=\"bookmark\">\n\t\t\t\t\t\t<figure> \n\t\t\t\t\t\t<img width=\"1440\" height=\"440\" src=\"https:\/\/www.traum-ferienwohnungen.de\/vermieter-magazin\/wp-content\/uploads\/2022\/09\/wohnen-mit-genuss-header.jpg\" class=\"attachment-post-thumbnail size-post-thumbnail wp-post-image\" alt=\"\" loading=\"lazy\" srcset=\"https:\/\/www.traum-ferienwohnungen.de\/vermieter-magazin\/wp-content\/uploads\/2022\/09\/wohnen-mit-genuss-header.jpg 1440w, https:\/\/www.traum-ferienwohnungen.de\/vermieter-magazin\/wp-content\/uploads\/2022\/09\/wohnen-mit-genuss-header-300x92.jpg 300w, https:\/\/www.traum-ferienwohnungen.de\/vermieter-magazin\/wp-content\/uploads\/2022\/09\/wohnen-mit-genuss-header-1024x313.jpg 1024w, https:\/\/www.traum-ferienwohnungen.de\/vermieter-magazin\/wp-content\/uploads\/2022\/09\/wohnen-mit-genuss-header-768x235.jpg 768w\" sizes=\"(max-width: 1440px) 100vw, 1440px\" \/>\n\t\t\t\t\t\t<\/figure>\n\t\t\t\t\t<\/a>\n\t\t\t\t\t<p>Sie wollen hinter die Kulissen einer erfolgreichen Ferienunterkunft schauen? Katja und Michael Wolff zeigen Ihre Ferienwohnung &#8222;Wohnen mit Genuss&#8220;.\n\t\t\t\t\t<\/p>\n\t\t\t\t\t<a class=\"tfw-button tfw-button--black\" href=\"https:\/\/www.traum-ferienwohnungen.de\/vermieter-magazin\/traum-haeuser-wohnen-mit-genuss-wolff\/\" rel=\"bookmark\"> Erfahren Sie Mehr <\/a>\n\t\t\t\t<\/div><div class=\"tfw-card all-post tfw-yellow paginate-hidden\" data-categories=\"Allgemein|Vermarktung\">\n\t\t\t\t\t<div class=\"cat-list\"> <span class=\"cat-item\">Allgemein<\/span><span class=\"cat-item\">Vermarktung<\/span> <\/div>\n\t\t\t\t\t<h3>Gute Texte schreiben<\/h3>\n\t\t\t\t\t<a href=\"https:\/\/www.traum-ferienwohnungen.de\/vermieter-magazin\/gute-texte-schreiben-inserat\/\" rel=\"bookmark\">\n\t\t\t\t\t\t<figure> \n\t\t\t\t\t\t<img width=\"1440\" height=\"440\" src=\"https:\/\/www.traum-ferienwohnungen.de\/vermieter-magazin\/wp-content\/uploads\/2022\/09\/gute-inseratstexte-schreiben-tipps.jpg\" class=\"attachment-post-thumbnail size-post-thumbnail wp-post-image\" alt=\"Illustration einer Frau, die an einer Schreibmaschine sitzt und Texte schreibt\" loading=\"lazy\" srcset=\"https:\/\/www.traum-ferienwohnungen.de\/vermieter-magazin\/wp-content\/uploads\/2022\/09\/gute-inseratstexte-schreiben-tipps.jpg 1440w, https:\/\/www.traum-ferienwohnungen.de\/vermieter-magazin\/wp-content\/uploads\/2022\/09\/gute-inseratstexte-schreiben-tipps-300x92.jpg 300w, https:\/\/www.traum-ferienwohnungen.de\/vermieter-magazin\/wp-content\/uploads\/2022\/09\/gute-inseratstexte-schreiben-tipps-1024x313.jpg 1024w, https:\/\/www.traum-ferienwohnungen.de\/vermieter-magazin\/wp-content\/uploads\/2022\/09\/gute-inseratstexte-schreiben-tipps-768x235.jpg 768w\" sizes=\"(max-width: 1440px) 100vw, 1440px\" \/>\n\t\t\t\t\t\t<\/figure>\n\t\t\t\t\t<\/a>\n\t\t\t\t\t<p>Gute Texte bringen Ihnen mehr und zufriedenere G\u00e4ste. Expertin Andrea Feustel zeigen Ihnen, wie Sie f\u00fcr Inserat, Website und Co. leichter und erfolgreicher schreiben.\n\t\t\t\t\t<\/p>\n\t\t\t\t\t<a class=\"tfw-button tfw-button--black\" href=\"https:\/\/www.traum-ferienwohnungen.de\/vermieter-magazin\/gute-texte-schreiben-inserat\/\" rel=\"bookmark\"> Erfahren Sie Mehr <\/a>\n\t\t\t\t<\/div><div class=\"tfw-card all-post tfw-blue paginate-hidden\" data-categories=\"Allgemein|Finanzielles\">\n\t\t\t\t\t<div class=\"cat-list\"> <span class=\"cat-item\">Allgemein<\/span><span class=\"cat-item\">Finanzielles<\/span> <\/div>\n\t\t\t\t\t<h3>Saisonale Preise nutzen<\/h3>\n\t\t\t\t\t<a href=\"https:\/\/www.traum-ferienwohnungen.de\/vermieter-magazin\/saisonale-preise-ferienwohnung\/\" rel=\"bookmark\">\n\t\t\t\t\t\t<figure> \n\t\t\t\t\t\t<img width=\"1440\" height=\"440\" src=\"https:\/\/www.traum-ferienwohnungen.de\/vermieter-magazin\/wp-content\/uploads\/2022\/09\/header-saisonale-preise.jpg\" class=\"attachment-post-thumbnail size-post-thumbnail wp-post-image\" alt=\"Saisonale Preise\" loading=\"lazy\" srcset=\"https:\/\/www.traum-ferienwohnungen.de\/vermieter-magazin\/wp-content\/uploads\/2022\/09\/header-saisonale-preise.jpg 1440w, https:\/\/www.traum-ferienwohnungen.de\/vermieter-magazin\/wp-content\/uploads\/2022\/09\/header-saisonale-preise-300x92.jpg 300w, https:\/\/www.traum-ferienwohnungen.de\/vermieter-magazin\/wp-content\/uploads\/2022\/09\/header-saisonale-preise-1024x313.jpg 1024w, https:\/\/www.traum-ferienwohnungen.de\/vermieter-magazin\/wp-content\/uploads\/2022\/09\/header-saisonale-preise-768x235.jpg 768w\" sizes=\"(max-width: 1440px) 100vw, 1440px\" \/>\n\t\t\t\t\t\t<\/figure>\n\t\t\t\t\t<\/a>\n\t\t\t\t\t<p>Saisonale Preise helfen Ihnen dabei, den Gewinn Ihrer Ferienunterkunft zu erh\u00f6hen. Saisonale Preise helfen Ihnen dabei, den Gewinn Ihrer Ferienunterkunft zu erh\u00f6hen. \n\t\t\t\t\t<\/p>\n\t\t\t\t\t<a class=\"tfw-button tfw-button--black\" href=\"https:\/\/www.traum-ferienwohnungen.de\/vermieter-magazin\/saisonale-preise-ferienwohnung\/\" rel=\"bookmark\"> Erfahren Sie Mehr <\/a>\n\t\t\t\t<\/div><div class=\"tfw-card all-post tfw-purple paginate-hidden\" data-categories=\"Allgemein\">\n\t\t\t\t\t<div class=\"cat-list\"> <span class=\"cat-item\">Allgemein<\/span> <\/div>\n\t\t\t\t\t<h3>Das &#8222;Alte Schifferhaus&#8220; stellt sich vor<\/h3>\n\t\t\t\t\t<a href=\"https:\/\/www.traum-ferienwohnungen.de\/vermieter-magazin\/traum-haeuser-altes-schifferhaus\/\" rel=\"bookmark\">\n\t\t\t\t\t\t<figure> \n\t\t\t\t\t\t<img width=\"1440\" height=\"440\" src=\"https:\/\/www.traum-ferienwohnungen.de\/vermieter-magazin\/wp-content\/uploads\/2022\/08\/traum-haeuser-altes-schifferhaus-header.jpg\" class=\"attachment-post-thumbnail size-post-thumbnail wp-post-image\" alt=\"Grafik mit drei Polaroid-Fotos des Ferienhauses &quot;Altes Schifferhaus&quot; von Henrik und Monika Schmidtbauer und ein Stempel mit der Aufschrift &quot;Traum-H\u00e4user&quot;\" loading=\"lazy\" srcset=\"https:\/\/www.traum-ferienwohnungen.de\/vermieter-magazin\/wp-content\/uploads\/2022\/08\/traum-haeuser-altes-schifferhaus-header.jpg 1440w, https:\/\/www.traum-ferienwohnungen.de\/vermieter-magazin\/wp-content\/uploads\/2022\/08\/traum-haeuser-altes-schifferhaus-header-300x92.jpg 300w, https:\/\/www.traum-ferienwohnungen.de\/vermieter-magazin\/wp-content\/uploads\/2022\/08\/traum-haeuser-altes-schifferhaus-header-1024x313.jpg 1024w, https:\/\/www.traum-ferienwohnungen.de\/vermieter-magazin\/wp-content\/uploads\/2022\/08\/traum-haeuser-altes-schifferhaus-header-768x235.jpg 768w\" sizes=\"(max-width: 1440px) 100vw, 1440px\" \/>\n\t\t\t\t\t\t<\/figure>\n\t\t\t\t\t<\/a>\n\t\t\t\t\t<p>F\u00fcr unsere &#8222;Traum-H\u00e4user&#8220;-Serie haben Monika und Henrik Schmidtbauer interviewt. Lesen Sie hier die Erfolgsgeschichte des &#8222;Alten Schifferhauses&#8220;.\n\t\t\t\t\t<\/p>\n\t\t\t\t\t<a class=\"tfw-button tfw-button--black\" href=\"https:\/\/www.traum-ferienwohnungen.de\/vermieter-magazin\/traum-haeuser-altes-schifferhaus\/\" rel=\"bookmark\"> Erfahren Sie Mehr <\/a>\n\t\t\t\t<\/div><div class=\"tfw-card all-post tfw-green paginate-hidden\" data-categories=\"Allgemein|Verwaltung\">\n\t\t\t\t\t<div class=\"cat-list\"> <span class=\"cat-item\">Allgemein<\/span><span class=\"cat-item\">Verwaltung<\/span> <\/div>\n\t\t\t\t\t<h3>Eigene Wohnung vermieten<\/h3>\n\t\t\t\t\t<a href=\"https:\/\/www.traum-ferienwohnungen.de\/vermieter-magazin\/eigene-wohnung-vermieten-ferienwohnung\/\" rel=\"bookmark\">\n\t\t\t\t\t\t<figure> \n\t\t\t\t\t\t<img width=\"1440\" height=\"440\" src=\"https:\/\/www.traum-ferienwohnungen.de\/vermieter-magazin\/wp-content\/uploads\/2022\/08\/header-wohnung-ferienwohnung-vermieten.jpg\" class=\"attachment-post-thumbnail size-post-thumbnail wp-post-image\" alt=\"\" loading=\"lazy\" srcset=\"https:\/\/www.traum-ferienwohnungen.de\/vermieter-magazin\/wp-content\/uploads\/2022\/08\/header-wohnung-ferienwohnung-vermieten.jpg 1440w, https:\/\/www.traum-ferienwohnungen.de\/vermieter-magazin\/wp-content\/uploads\/2022\/08\/header-wohnung-ferienwohnung-vermieten-300x92.jpg 300w, https:\/\/www.traum-ferienwohnungen.de\/vermieter-magazin\/wp-content\/uploads\/2022\/08\/header-wohnung-ferienwohnung-vermieten-1024x313.jpg 1024w, https:\/\/www.traum-ferienwohnungen.de\/vermieter-magazin\/wp-content\/uploads\/2022\/08\/header-wohnung-ferienwohnung-vermieten-768x235.jpg 768w\" sizes=\"(max-width: 1440px) 100vw, 1440px\" \/>\n\t\t\t\t\t\t<\/figure>\n\t\t\t\t\t<\/a>\n\t\t\t\t\t<p>Die eigene Wohnung als Ferienwohnung zu vermieten ist eine lukrative Einkommensquelle. Wir zeigen Ihnen, was Sie hier beachten sollten!\n\t\t\t\t\t<\/p>\n\t\t\t\t\t<a class=\"tfw-button tfw-button--black\" href=\"https:\/\/www.traum-ferienwohnungen.de\/vermieter-magazin\/eigene-wohnung-vermieten-ferienwohnung\/\" rel=\"bookmark\"> Erfahren Sie Mehr <\/a>\n\t\t\t\t<\/div><div class=\"tfw-card all-post tfw-blue paginate-hidden\" data-categories=\"Allgemein|Finanzielles\">\n\t\t\t\t\t<div class=\"cat-list\"> <span class=\"cat-item\">Allgemein<\/span><span class=\"cat-item\">Finanzielles<\/span> <\/div>\n\t\t\t\t\t<h3>Endreinigung richtig angeben<\/h3>\n\t\t\t\t\t<a href=\"https:\/\/www.traum-ferienwohnungen.de\/vermieter-magazin\/endreinigung-richtig-angeben\/\" rel=\"bookmark\">\n\t\t\t\t\t\t<figure> \n\t\t\t\t\t\t<img width=\"1440\" height=\"440\" src=\"https:\/\/www.traum-ferienwohnungen.de\/vermieter-magazin\/wp-content\/uploads\/2022\/09\/endreinigung-ferienwohnung-angeben.jpg\" class=\"attachment-post-thumbnail size-post-thumbnail wp-post-image\" alt=\"\" loading=\"lazy\" srcset=\"https:\/\/www.traum-ferienwohnungen.de\/vermieter-magazin\/wp-content\/uploads\/2022\/09\/endreinigung-ferienwohnung-angeben.jpg 1440w, https:\/\/www.traum-ferienwohnungen.de\/vermieter-magazin\/wp-content\/uploads\/2022\/09\/endreinigung-ferienwohnung-angeben-300x92.jpg 300w, https:\/\/www.traum-ferienwohnungen.de\/vermieter-magazin\/wp-content\/uploads\/2022\/09\/endreinigung-ferienwohnung-angeben-1024x313.jpg 1024w, https:\/\/www.traum-ferienwohnungen.de\/vermieter-magazin\/wp-content\/uploads\/2022\/09\/endreinigung-ferienwohnung-angeben-768x235.jpg 768w\" sizes=\"(max-width: 1440px) 100vw, 1440px\" \/>\n\t\t\t\t\t\t<\/figure>\n\t\t\t\t\t<\/a>\n\t\t\t\t\t<p>Bei den Kosten f\u00fcr die Endreinigung gilt es die Preisangabenverordnung zu beachten. Wir zeigen Ihnen, worauf es ankommt.\n\t\t\t\t\t<\/p>\n\t\t\t\t\t<a class=\"tfw-button tfw-button--black\" href=\"https:\/\/www.traum-ferienwohnungen.de\/vermieter-magazin\/endreinigung-richtig-angeben\/\" rel=\"bookmark\"> Erfahren Sie Mehr <\/a>\n\t\t\t\t<\/div><div class=\"tfw-card all-post tfw-red paginate-hidden\" data-categories=\"Allgemein|Ausstattung\">\n\t\t\t\t\t<div class=\"cat-list\"> <span class=\"cat-item\">Allgemein<\/span><span class=\"cat-item\">Ausstattung<\/span> <\/div>\n\t\t\t\t\t<h3>Kinderfreundliche Ausstattung<\/h3>\n\t\t\t\t\t<a href=\"https:\/\/www.traum-ferienwohnungen.de\/vermieter-magazin\/ferienwohnung-kinderfreundlich-ausstatten\/\" rel=\"bookmark\">\n\t\t\t\t\t\t<figure> \n\t\t\t\t\t\t<img width=\"1440\" height=\"440\" src=\"https:\/\/www.traum-ferienwohnungen.de\/vermieter-magazin\/wp-content\/uploads\/2022\/08\/header-ferienwohnung-kinderfreundlich-machen.jpg\" class=\"attachment-post-thumbnail size-post-thumbnail wp-post-image\" alt=\"Ferienwohnung kinderfreundlich gestalten\" loading=\"lazy\" srcset=\"https:\/\/www.traum-ferienwohnungen.de\/vermieter-magazin\/wp-content\/uploads\/2022\/08\/header-ferienwohnung-kinderfreundlich-machen.jpg 1440w, https:\/\/www.traum-ferienwohnungen.de\/vermieter-magazin\/wp-content\/uploads\/2022\/08\/header-ferienwohnung-kinderfreundlich-machen-300x92.jpg 300w, https:\/\/www.traum-ferienwohnungen.de\/vermieter-magazin\/wp-content\/uploads\/2022\/08\/header-ferienwohnung-kinderfreundlich-machen-1024x313.jpg 1024w, https:\/\/www.traum-ferienwohnungen.de\/vermieter-magazin\/wp-content\/uploads\/2022\/08\/header-ferienwohnung-kinderfreundlich-machen-768x235.jpg 768w\" sizes=\"(max-width: 1440px) 100vw, 1440px\" \/>\n\t\t\t\t\t\t<\/figure>\n\t\t\t\t\t<\/a>\n\t\t\t\t\t<p>Familien mit kleinen Kindern sind eine bedeutende Zielgruppe f\u00fcr private Ferienunterk\u00fcnfte.Mit unseren Tipps gestalten Sie Ihre Ferienwohnung kinderfreundlich.\n\t\t\t\t\t<\/p>\n\t\t\t\t\t<a class=\"tfw-button tfw-button--black\" href=\"https:\/\/www.traum-ferienwohnungen.de\/vermieter-magazin\/ferienwohnung-kinderfreundlich-ausstatten\/\" rel=\"bookmark\"> Erfahren Sie Mehr <\/a>\n\t\t\t\t<\/div><div class=\"tfw-card all-post tfw-green paginate-hidden\" data-categories=\"Allgemein|Verwaltung\">\n\t\t\t\t\t<div class=\"cat-list\"> <span class=\"cat-item\">Allgemein<\/span><span class=\"cat-item\">Verwaltung<\/span> <\/div>\n\t\t\t\t\t<h3>Schl\u00fcssel\u00fcbergabe or\u00adga\u00adni\u00adsie\u00adren<\/h3>\n\t\t\t\t\t<a href=\"https:\/\/www.traum-ferienwohnungen.de\/vermieter-magazin\/schluesseluebergabe-fuer-die-ferienwohnung\/\" rel=\"bookmark\">\n\t\t\t\t\t\t<figure> \n\t\t\t\t\t\t<img width=\"1440\" height=\"440\" src=\"https:\/\/www.traum-ferienwohnungen.de\/vermieter-magazin\/wp-content\/uploads\/2020\/06\/schluesseluebergabe-ferienwohnung-ferienhaus.jpg\" class=\"attachment-post-thumbnail size-post-thumbnail wp-post-image\" alt=\"Grafik eines Hausschl\u00fcssels auf gr\u00fcnem Hintergrund\" loading=\"lazy\" srcset=\"https:\/\/www.traum-ferienwohnungen.de\/vermieter-magazin\/wp-content\/uploads\/2020\/06\/schluesseluebergabe-ferienwohnung-ferienhaus.jpg 1440w, https:\/\/www.traum-ferienwohnungen.de\/vermieter-magazin\/wp-content\/uploads\/2020\/06\/schluesseluebergabe-ferienwohnung-ferienhaus-300x92.jpg 300w, https:\/\/www.traum-ferienwohnungen.de\/vermieter-magazin\/wp-content\/uploads\/2020\/06\/schluesseluebergabe-ferienwohnung-ferienhaus-1024x313.jpg 1024w, https:\/\/www.traum-ferienwohnungen.de\/vermieter-magazin\/wp-content\/uploads\/2020\/06\/schluesseluebergabe-ferienwohnung-ferienhaus-768x235.jpg 768w\" sizes=\"(max-width: 1440px) 100vw, 1440px\" \/>\n\t\t\t\t\t\t<\/figure>\n\t\t\t\t\t<\/a>\n\t\t\t\t\t<p>Pers\u00f6nlicher Kontakt, elektronisches Schloss oder Schl\u00fcsselversteck &#8211; Wir stellen Ihnen 10 Optionen f\u00fcr die Schl\u00fcssel\u00fcbergabe vor.\n\t\t\t\t\t<\/p>\n\t\t\t\t\t<a class=\"tfw-button tfw-button--black\" href=\"https:\/\/www.traum-ferienwohnungen.de\/vermieter-magazin\/schluesseluebergabe-fuer-die-ferienwohnung\/\" rel=\"bookmark\"> Erfahren Sie Mehr <\/a>\n\t\t\t\t<\/div><div class=\"tfw-card all-post tfw-green paginate-hidden\" data-categories=\"Allgemein|Verwaltung\">\n\t\t\t\t\t<div class=\"cat-list\"> <span class=\"cat-item\">Allgemein<\/span><span class=\"cat-item\">Verwaltung<\/span> <\/div>\n\t\t\t\t\t<h3>Zeitmanagement im Vermietungsalltag<\/h3>\n\t\t\t\t\t<a href=\"https:\/\/www.traum-ferienwohnungen.de\/vermieter-magazin\/organisation-ferienwohnung-tipps\/\" rel=\"bookmark\">\n\t\t\t\t\t\t<figure> \n\t\t\t\t\t\t<img width=\"1440\" height=\"440\" src=\"https:\/\/www.traum-ferienwohnungen.de\/vermieter-magazin\/wp-content\/uploads\/2022\/08\/zeitmanagement-verwaltung-ferienwohnung.jpg\" class=\"attachment-post-thumbnail size-post-thumbnail wp-post-image\" alt=\"Illustration von Kalender, Checkliste und Wecker - Zeitmanagement f\u00fcr Vermieter von Ferienunterk\u00fcnften\" loading=\"lazy\" srcset=\"https:\/\/www.traum-ferienwohnungen.de\/vermieter-magazin\/wp-content\/uploads\/2022\/08\/zeitmanagement-verwaltung-ferienwohnung.jpg 1440w, https:\/\/www.traum-ferienwohnungen.de\/vermieter-magazin\/wp-content\/uploads\/2022\/08\/zeitmanagement-verwaltung-ferienwohnung-300x92.jpg 300w, https:\/\/www.traum-ferienwohnungen.de\/vermieter-magazin\/wp-content\/uploads\/2022\/08\/zeitmanagement-verwaltung-ferienwohnung-1024x313.jpg 1024w, https:\/\/www.traum-ferienwohnungen.de\/vermieter-magazin\/wp-content\/uploads\/2022\/08\/zeitmanagement-verwaltung-ferienwohnung-768x235.jpg 768w\" sizes=\"(max-width: 1440px) 100vw, 1440px\" \/>\n\t\t\t\t\t\t<\/figure>\n\t\t\t\t\t<\/a>\n\t\t\t\t\t<p>Kalender, Checklisten, Co.? Die richtige Organisation Ihrer Ferienunterkunft spart Ihnen viel Zeit. Expertin Julia Leifheit verr\u00e4t Ihnen ihre besten Tipps.\n\t\t\t\t\t<\/p>\n\t\t\t\t\t<a class=\"tfw-button tfw-button--black\" href=\"https:\/\/www.traum-ferienwohnungen.de\/vermieter-magazin\/organisation-ferienwohnung-tipps\/\" rel=\"bookmark\"> Erfahren Sie Mehr <\/a>\n\t\t\t\t<\/div><div class=\"tfw-card all-post tfw-green paginate-hidden\" data-categories=\"Allgemein|Verwaltung\">\n\t\t\t\t\t<div class=\"cat-list\"> <span class=\"cat-item\">Allgemein<\/span><span class=\"cat-item\">Verwaltung<\/span> <\/div>\n\t\t\t\t\t<h3>Check-in und Check-out<\/h3>\n\t\t\t\t\t<a href=\"https:\/\/www.traum-ferienwohnungen.de\/vermieter-magazin\/checkin-checkout-gaeste-ferienwohnung\/\" rel=\"bookmark\">\n\t\t\t\t\t\t<figure> \n\t\t\t\t\t\t<img width=\"1440\" height=\"440\" src=\"https:\/\/www.traum-ferienwohnungen.de\/vermieter-magazin\/wp-content\/uploads\/2022\/08\/header-check-in-check-out-ferienwohnung.jpg\" class=\"attachment-post-thumbnail size-post-thumbnail wp-post-image\" alt=\"\" loading=\"lazy\" srcset=\"https:\/\/www.traum-ferienwohnungen.de\/vermieter-magazin\/wp-content\/uploads\/2022\/08\/header-check-in-check-out-ferienwohnung.jpg 1440w, https:\/\/www.traum-ferienwohnungen.de\/vermieter-magazin\/wp-content\/uploads\/2022\/08\/header-check-in-check-out-ferienwohnung-300x92.jpg 300w, https:\/\/www.traum-ferienwohnungen.de\/vermieter-magazin\/wp-content\/uploads\/2022\/08\/header-check-in-check-out-ferienwohnung-1024x313.jpg 1024w, https:\/\/www.traum-ferienwohnungen.de\/vermieter-magazin\/wp-content\/uploads\/2022\/08\/header-check-in-check-out-ferienwohnung-768x235.jpg 768w\" sizes=\"(max-width: 1440px) 100vw, 1440px\" \/>\n\t\t\t\t\t\t<\/figure>\n\t\t\t\t\t<\/a>\n\t\t\t\t\t<p>Check-in- und Check-out geh\u00f6ren zum Gesamterlebnis einer Ferienunterkunft. Mit unseren Tipps l\u00e4sst sich der Ablauf stressfrei und sicher gestalten.\n\t\t\t\t\t<\/p>\n\t\t\t\t\t<a class=\"tfw-button tfw-button--black\" href=\"https:\/\/www.traum-ferienwohnungen.de\/vermieter-magazin\/checkin-checkout-gaeste-ferienwohnung\/\" rel=\"bookmark\"> Erfahren Sie Mehr <\/a>\n\t\t\t\t<\/div><div class=\"tfw-card all-post tfw-red paginate-hidden\" data-categories=\"Allgemein|Ausstattung\">\n\t\t\t\t\t<div class=\"cat-list\"> <span class=\"cat-item\">Allgemein<\/span><span class=\"cat-item\">Ausstattung<\/span> <\/div>\n\t\t\t\t\t<h3>Inventarliste Ferienwohnung<\/h3>\n\t\t\t\t\t<a href=\"https:\/\/www.traum-ferienwohnungen.de\/vermieter-magazin\/inventarliste-ferienwohnung-erstellen\/\" rel=\"bookmark\">\n\t\t\t\t\t\t<figure> \n\t\t\t\t\t\t<img width=\"1440\" height=\"440\" src=\"https:\/\/www.traum-ferienwohnungen.de\/vermieter-magazin\/wp-content\/uploads\/2022\/08\/inventarliste-ferienwohnung-ferienhaus-erstellen.jpg\" class=\"attachment-post-thumbnail size-post-thumbnail wp-post-image\" alt=\"\" loading=\"lazy\" srcset=\"https:\/\/www.traum-ferienwohnungen.de\/vermieter-magazin\/wp-content\/uploads\/2022\/08\/inventarliste-ferienwohnung-ferienhaus-erstellen.jpg 1440w, https:\/\/www.traum-ferienwohnungen.de\/vermieter-magazin\/wp-content\/uploads\/2022\/08\/inventarliste-ferienwohnung-ferienhaus-erstellen-300x92.jpg 300w, https:\/\/www.traum-ferienwohnungen.de\/vermieter-magazin\/wp-content\/uploads\/2022\/08\/inventarliste-ferienwohnung-ferienhaus-erstellen-1024x313.jpg 1024w, https:\/\/www.traum-ferienwohnungen.de\/vermieter-magazin\/wp-content\/uploads\/2022\/08\/inventarliste-ferienwohnung-ferienhaus-erstellen-768x235.jpg 768w\" sizes=\"(max-width: 1440px) 100vw, 1440px\" \/>\n\t\t\t\t\t\t<\/figure>\n\t\t\t\t\t<\/a>\n\t\t\t\t\t<p>Eine Inventarliste kann Ihnen &#8211; gerade in stressigen Zeiten &#8211; viel Arbeit abnehmen. Wir zeigen Ihnen, wie Sie eine solche Liste f\u00fcr Ihre Ferienunterkunft erstellen.\n\t\t\t\t\t<\/p>\n\t\t\t\t\t<a class=\"tfw-button tfw-button--black\" href=\"https:\/\/www.traum-ferienwohnungen.de\/vermieter-magazin\/inventarliste-ferienwohnung-erstellen\/\" rel=\"bookmark\"> Erfahren Sie Mehr <\/a>\n\t\t\t\t<\/div><div class=\"tfw-card all-post tfw-green paginate-hidden\" data-categories=\"Allgemein|Verwaltung\">\n\t\t\t\t\t<div class=\"cat-list\"> <span class=\"cat-item\">Allgemein<\/span><span class=\"cat-item\">Verwaltung<\/span> <\/div>\n\t\t\t\t\t<h3>Rundfunkbeitrag Ferienwohnung<\/h3>\n\t\t\t\t\t<a href=\"https:\/\/www.traum-ferienwohnungen.de\/vermieter-magazin\/rundfunkbeitrag-bei-ferienwohnungen\/\" rel=\"bookmark\">\n\t\t\t\t\t\t<figure> \n\t\t\t\t\t\t<img width=\"1440\" height=\"440\" src=\"https:\/\/www.traum-ferienwohnungen.de\/vermieter-magazin\/wp-content\/uploads\/2022\/08\/header-rundfunkbeitrag-gez-ferienwohnung.jpg\" class=\"attachment-post-thumbnail size-post-thumbnail wp-post-image\" alt=\"Illustration Fernseher mit Mann und Frau\" loading=\"lazy\" srcset=\"https:\/\/www.traum-ferienwohnungen.de\/vermieter-magazin\/wp-content\/uploads\/2022\/08\/header-rundfunkbeitrag-gez-ferienwohnung.jpg 1440w, https:\/\/www.traum-ferienwohnungen.de\/vermieter-magazin\/wp-content\/uploads\/2022\/08\/header-rundfunkbeitrag-gez-ferienwohnung-300x92.jpg 300w, https:\/\/www.traum-ferienwohnungen.de\/vermieter-magazin\/wp-content\/uploads\/2022\/08\/header-rundfunkbeitrag-gez-ferienwohnung-1024x313.jpg 1024w, https:\/\/www.traum-ferienwohnungen.de\/vermieter-magazin\/wp-content\/uploads\/2022\/08\/header-rundfunkbeitrag-gez-ferienwohnung-768x235.jpg 768w\" sizes=\"(max-width: 1440px) 100vw, 1440px\" \/>\n\t\t\t\t\t\t<\/figure>\n\t\t\t\t\t<\/a>\n\t\t\t\t\t<p>Generell f\u00e4llt der Rundfunkbeitrag auch bei Ferienwohnungen an. Wir informieren Sie, welche Besonderheit es hier zu beachten gilt.\n\t\t\t\t\t<\/p>\n\t\t\t\t\t<a class=\"tfw-button tfw-button--black\" href=\"https:\/\/www.traum-ferienwohnungen.de\/vermieter-magazin\/rundfunkbeitrag-bei-ferienwohnungen\/\" rel=\"bookmark\"> Erfahren Sie Mehr <\/a>\n\t\t\t\t<\/div><div class=\"tfw-card all-post tfw-red paginate-hidden\" data-categories=\"Allgemein|Ausstattung\">\n\t\t\t\t\t<div class=\"cat-list\"> <span class=\"cat-item\">Allgemein<\/span><span class=\"cat-item\">Ausstattung<\/span> <\/div>\n\t\t\t\t\t<h3>Create a guest folder<\/h3>\n\t\t\t\t\t<a href=\"https:\/\/www.traum-ferienwohnungen.de\/vermieter-magazin\/gaestemappe-fuer-ferienwohnung-erstellen-mit-muster\/\" rel=\"bookmark\">\n\t\t\t\t\t\t<figure> \n\t\t\t\t\t\t<img width=\"1440\" height=\"440\" src=\"https:\/\/www.traum-ferienwohnungen.de\/vermieter-magazin\/wp-content\/uploads\/2022\/07\/gaestemappe-ferienwohnung.jpg\" class=\"attachment-post-thumbnail size-post-thumbnail wp-post-image\" alt=\"Illustration einer G\u00e4stemappe auf rotem Hintergrund\" loading=\"lazy\" srcset=\"https:\/\/www.traum-ferienwohnungen.de\/vermieter-magazin\/wp-content\/uploads\/2022\/07\/gaestemappe-ferienwohnung.jpg 1440w, https:\/\/www.traum-ferienwohnungen.de\/vermieter-magazin\/wp-content\/uploads\/2022\/07\/gaestemappe-ferienwohnung-300x92.jpg 300w, https:\/\/www.traum-ferienwohnungen.de\/vermieter-magazin\/wp-content\/uploads\/2022\/07\/gaestemappe-ferienwohnung-1024x313.jpg 1024w, https:\/\/www.traum-ferienwohnungen.de\/vermieter-magazin\/wp-content\/uploads\/2022\/07\/gaestemappe-ferienwohnung-768x235.jpg 768w\" sizes=\"(max-width: 1440px) 100vw, 1440px\" \/>\n\t\t\t\t\t\t<\/figure>\n\t\t\t\t\t<\/a>\n\t\t\t\t\t<p>Die G\u00e4stemappe ist ein Must-Have f\u00fcr jede Ferienunterkunft. Wir zeigen Ihnen wie Sie Ihre mit unserem Muster professionell erstellen.\n\t\t\t\t\t<\/p>\n\t\t\t\t\t<a class=\"tfw-button tfw-button--black\" href=\"https:\/\/www.traum-ferienwohnungen.de\/vermieter-magazin\/gaestemappe-fuer-ferienwohnung-erstellen-mit-muster\/\" rel=\"bookmark\"> Erfahren Sie Mehr <\/a>\n\t\t\t\t<\/div><div class=\"tfw-card all-post tfw-yellow paginate-hidden\" data-categories=\"Allgemein|Vermarktung\">\n\t\t\t\t\t<div class=\"cat-list\"> <span class=\"cat-item\">Allgemein<\/span><span class=\"cat-item\">Vermarktung<\/span> <\/div>\n\t\t\t\t\t<h3>Tipps aus Netflix-Serie<\/h3>\n\t\t\t\t\t<a href=\"https:\/\/www.traum-ferienwohnungen.de\/vermieter-magazin\/vermieter-tipps-netflix\/\" rel=\"bookmark\">\n\t\t\t\t\t\t<figure> \n\t\t\t\t\t\t<img width=\"1440\" height=\"440\" src=\"https:\/\/www.traum-ferienwohnungen.de\/vermieter-magazin\/wp-content\/uploads\/2022\/07\/netflix-spektakulaerste-ferienwohnungen-welt-vermieter.jpg\" class=\"attachment-post-thumbnail size-post-thumbnail wp-post-image\" alt=\"Illustration eines Ferienhauses mit Strand zur Netflix Serie &quot;Die spektakul\u00e4rsten Ferienwohnungen der Welt&quot;\" loading=\"lazy\" srcset=\"https:\/\/www.traum-ferienwohnungen.de\/vermieter-magazin\/wp-content\/uploads\/2022\/07\/netflix-spektakulaerste-ferienwohnungen-welt-vermieter.jpg 1440w, https:\/\/www.traum-ferienwohnungen.de\/vermieter-magazin\/wp-content\/uploads\/2022\/07\/netflix-spektakulaerste-ferienwohnungen-welt-vermieter-300x92.jpg 300w, https:\/\/www.traum-ferienwohnungen.de\/vermieter-magazin\/wp-content\/uploads\/2022\/07\/netflix-spektakulaerste-ferienwohnungen-welt-vermieter-1024x313.jpg 1024w, https:\/\/www.traum-ferienwohnungen.de\/vermieter-magazin\/wp-content\/uploads\/2022\/07\/netflix-spektakulaerste-ferienwohnungen-welt-vermieter-768x235.jpg 768w\" sizes=\"(max-width: 1440px) 100vw, 1440px\" \/>\n\t\t\t\t\t\t<\/figure>\n\t\t\t\t\t<\/a>\n\t\t\t\t\t<p>&#8222;Die spektakul\u00e4rsten Ferienwohnungen der Welt&#8220; ist aktuell in aller Munde. Wir zeigen Ihnen, was Sie als Vermieter daraus lernen k\u00f6nnen.\n\t\t\t\t\t<\/p>\n\t\t\t\t\t<a class=\"tfw-button tfw-button--black\" href=\"https:\/\/www.traum-ferienwohnungen.de\/vermieter-magazin\/vermieter-tipps-netflix\/\" rel=\"bookmark\"> Erfahren Sie Mehr <\/a>\n\t\t\t\t<\/div><div class=\"tfw-card all-post tfw-green paginate-hidden\" data-categories=\"Allgemein|Verwaltung\">\n\t\t\t\t\t<div class=\"cat-list\"> <span class=\"cat-item\">Allgemein<\/span><span class=\"cat-item\">Verwaltung<\/span> <\/div>\n\t\t\t\t\t<h3>Nachhaltige Ferienwohnung<\/h3>\n\t\t\t\t\t<a href=\"https:\/\/www.traum-ferienwohnungen.de\/vermieter-magazin\/nachhaltige-ferienwohnung\/\" rel=\"bookmark\">\n\t\t\t\t\t\t<figure> \n\t\t\t\t\t\t<img width=\"1440\" height=\"440\" src=\"https:\/\/www.traum-ferienwohnungen.de\/vermieter-magazin\/wp-content\/uploads\/2022\/07\/ferienwohnung-ferienhaus-nachhaltig-machen.jpg\" class=\"attachment-post-thumbnail size-post-thumbnail wp-post-image\" alt=\"\" loading=\"lazy\" srcset=\"https:\/\/www.traum-ferienwohnungen.de\/vermieter-magazin\/wp-content\/uploads\/2022\/07\/ferienwohnung-ferienhaus-nachhaltig-machen.jpg 1440w, https:\/\/www.traum-ferienwohnungen.de\/vermieter-magazin\/wp-content\/uploads\/2022\/07\/ferienwohnung-ferienhaus-nachhaltig-machen-300x92.jpg 300w, https:\/\/www.traum-ferienwohnungen.de\/vermieter-magazin\/wp-content\/uploads\/2022\/07\/ferienwohnung-ferienhaus-nachhaltig-machen-1024x313.jpg 1024w, https:\/\/www.traum-ferienwohnungen.de\/vermieter-magazin\/wp-content\/uploads\/2022\/07\/ferienwohnung-ferienhaus-nachhaltig-machen-768x235.jpg 768w\" sizes=\"(max-width: 1440px) 100vw, 1440px\" \/>\n\t\t\t\t\t\t<\/figure>\n\t\t\t\t\t<\/a>\n\t\t\t\t\t<p>Nachhaltiger Urlaub wird vielen G\u00e4sten immer wichtiger. Wir zeigen Ihnen, wie Sie Ihre Ferienunterkunft &#8222;gr\u00fcner&#8220; machen k\u00f6nnen.\n\t\t\t\t\t<\/p>\n\t\t\t\t\t<a class=\"tfw-button tfw-button--black\" href=\"https:\/\/www.traum-ferienwohnungen.de\/vermieter-magazin\/nachhaltige-ferienwohnung\/\" rel=\"bookmark\"> Erfahren Sie Mehr <\/a>\n\t\t\t\t<\/div><div class=\"tfw-card all-post tfw-purple paginate-hidden\" data-categories=\"Allgemein\">\n\t\t\t\t\t<div class=\"cat-list\"> <span class=\"cat-item\">Allgemein<\/span> <\/div>\n\t\t\t\t\t<h3>Wir wurden ausgezeichnet<\/h3>\n\t\t\t\t\t<a href=\"https:\/\/www.traum-ferienwohnungen.de\/vermieter-magazin\/award-bestes-online-portal\/\" rel=\"bookmark\">\n\t\t\t\t\t\t<figure> \n\t\t\t\t\t\t<img width=\"1440\" height=\"440\" src=\"https:\/\/www.traum-ferienwohnungen.de\/vermieter-magazin\/wp-content\/uploads\/2022\/06\/auszeichnung-online-portal.jpg\" class=\"attachment-post-thumbnail size-post-thumbnail wp-post-image\" alt=\"\" loading=\"lazy\" srcset=\"https:\/\/www.traum-ferienwohnungen.de\/vermieter-magazin\/wp-content\/uploads\/2022\/06\/auszeichnung-online-portal.jpg 1440w, https:\/\/www.traum-ferienwohnungen.de\/vermieter-magazin\/wp-content\/uploads\/2022\/06\/auszeichnung-online-portal-300x92.jpg 300w, https:\/\/www.traum-ferienwohnungen.de\/vermieter-magazin\/wp-content\/uploads\/2022\/06\/auszeichnung-online-portal-1024x313.jpg 1024w, https:\/\/www.traum-ferienwohnungen.de\/vermieter-magazin\/wp-content\/uploads\/2022\/06\/auszeichnung-online-portal-768x235.jpg 768w\" sizes=\"(max-width: 1440px) 100vw, 1440px\" \/>\n\t\t\t\t\t\t<\/figure>\n\t\t\t\t\t<\/a>\n\t\t\t\t\t<p>Es gibt Grund zum Feiern: Wir wurden mit dem Award \u201eDeutschlands Beste Online-Portale 2022\u201c &#8211; einem Preis von Verbrauchern &#8211; ausgezeichnet und sagen Danke.\n\t\t\t\t\t<\/p>\n\t\t\t\t\t<a class=\"tfw-button tfw-button--black\" href=\"https:\/\/www.traum-ferienwohnungen.de\/vermieter-magazin\/award-bestes-online-portal\/\" rel=\"bookmark\"> Erfahren Sie Mehr <\/a>\n\t\t\t\t<\/div><div class=\"tfw-card all-post tfw-yellow paginate-hidden\" data-categories=\"Allgemein|Vermarktung\">\n\t\t\t\t\t<div class=\"cat-list\"> <span class=\"cat-item\">Allgemein<\/span><span class=\"cat-item\">Vermarktung<\/span> <\/div>\n\t\t\t\t\t<h3>Name f\u00fcr Ferienunterkunft<\/h3>\n\t\t\t\t\t<a href=\"https:\/\/www.traum-ferienwohnungen.de\/vermieter-magazin\/schoene-namen-ferienhaeuser\/\" rel=\"bookmark\">\n\t\t\t\t\t\t<figure> \n\t\t\t\t\t\t<img width=\"1440\" height=\"440\" src=\"https:\/\/www.traum-ferienwohnungen.de\/vermieter-magazin\/wp-content\/uploads\/2022\/06\/schoene-ausgefallene-namen-ferienhaus-ferienwohnung.jpg\" class=\"attachment-post-thumbnail size-post-thumbnail wp-post-image\" alt=\"\" loading=\"lazy\" srcset=\"https:\/\/www.traum-ferienwohnungen.de\/vermieter-magazin\/wp-content\/uploads\/2022\/06\/schoene-ausgefallene-namen-ferienhaus-ferienwohnung.jpg 1440w, https:\/\/www.traum-ferienwohnungen.de\/vermieter-magazin\/wp-content\/uploads\/2022\/06\/schoene-ausgefallene-namen-ferienhaus-ferienwohnung-300x92.jpg 300w, https:\/\/www.traum-ferienwohnungen.de\/vermieter-magazin\/wp-content\/uploads\/2022\/06\/schoene-ausgefallene-namen-ferienhaus-ferienwohnung-1024x313.jpg 1024w, https:\/\/www.traum-ferienwohnungen.de\/vermieter-magazin\/wp-content\/uploads\/2022\/06\/schoene-ausgefallene-namen-ferienhaus-ferienwohnung-768x235.jpg 768w\" sizes=\"(max-width: 1440px) 100vw, 1440px\" \/>\n\t\t\t\t\t\t<\/figure>\n\t\t\t\t\t<\/a>\n\t\t\t\t\t<p>Der Name Ihrer Ferienunterkunft ist Ihr Aush\u00e4ngeschild und bestimmt den ersten Eindruck. Lernen Sie hier, wie Sie in 6 Schritten den perfekten Namen f\u00fcr Ihre Unterkunft finden.\n\t\t\t\t\t<\/p>\n\t\t\t\t\t<a class=\"tfw-button tfw-button--black\" href=\"https:\/\/www.traum-ferienwohnungen.de\/vermieter-magazin\/schoene-namen-ferienhaeuser\/\" rel=\"bookmark\"> Erfahren Sie Mehr <\/a>\n\t\t\t\t<\/div><div class=\"tfw-card all-post tfw-yellow paginate-hidden\" data-categories=\"Allgemein|Vermarktung\">\n\t\t\t\t\t<div class=\"cat-list\"> <span class=\"cat-item\">Allgemein<\/span><span class=\"cat-item\">Vermarktung<\/span> <\/div>\n\t\t\t\t\t<h3>Buchungen steigern<\/h3>\n\t\t\t\t\t<a href=\"https:\/\/www.traum-ferienwohnungen.de\/vermieter-magazin\/ferienwohnung-buchungen-steigern\/\" rel=\"bookmark\">\n\t\t\t\t\t\t<figure> \n\t\t\t\t\t\t<img width=\"1440\" height=\"440\" src=\"https:\/\/www.traum-ferienwohnungen.de\/vermieter-magazin\/wp-content\/uploads\/2022\/06\/buchungen-steigern-ferienwohnung-ferienhaus.jpg\" class=\"attachment-post-thumbnail size-post-thumbnail wp-post-image\" alt=\"\" loading=\"lazy\" srcset=\"https:\/\/www.traum-ferienwohnungen.de\/vermieter-magazin\/wp-content\/uploads\/2022\/06\/buchungen-steigern-ferienwohnung-ferienhaus.jpg 1440w, https:\/\/www.traum-ferienwohnungen.de\/vermieter-magazin\/wp-content\/uploads\/2022\/06\/buchungen-steigern-ferienwohnung-ferienhaus-300x92.jpg 300w, https:\/\/www.traum-ferienwohnungen.de\/vermieter-magazin\/wp-content\/uploads\/2022\/06\/buchungen-steigern-ferienwohnung-ferienhaus-1024x313.jpg 1024w, https:\/\/www.traum-ferienwohnungen.de\/vermieter-magazin\/wp-content\/uploads\/2022\/06\/buchungen-steigern-ferienwohnung-ferienhaus-768x235.jpg 768w\" sizes=\"(max-width: 1440px) 100vw, 1440px\" \/>\n\t\t\t\t\t\t<\/figure>\n\t\t\t\t\t<\/a>\n\t\t\t\t\t<p>Ihre Ferienwohnung ist noch nicht voll ausgelastet und Sie w\u00fcnschen sich neue G\u00e4ste? Hier sind 11 leicht umsetzbare Tipps f\u00fcr mehr Buchungen das ganze Jahr \u00fcber.\n\t\t\t\t\t<\/p>\n\t\t\t\t\t<a class=\"tfw-button tfw-button--black\" href=\"https:\/\/www.traum-ferienwohnungen.de\/vermieter-magazin\/ferienwohnung-buchungen-steigern\/\" rel=\"bookmark\"> Erfahren Sie Mehr <\/a>\n\t\t\t\t<\/div><div class=\"tfw-card all-post tfw-green paginate-hidden\" data-categories=\"Allgemein|Verwaltung\">\n\t\t\t\t\t<div class=\"cat-list\"> <span class=\"cat-item\">Allgemein<\/span><span class=\"cat-item\">Verwaltung<\/span> <\/div>\n\t\t\t\t\t<h3>Ferienwohnung erfolgreich vermieten<\/h3>\n\t\t\t\t\t<a href=\"https:\/\/www.traum-ferienwohnungen.de\/vermieter-magazin\/ferienwohnung-vermieten-ratgeber\/\" rel=\"bookmark\">\n\t\t\t\t\t\t<figure> \n\t\t\t\t\t\t<img width=\"1440\" height=\"440\" src=\"https:\/\/www.traum-ferienwohnungen.de\/vermieter-magazin\/wp-content\/uploads\/2021\/03\/ferienwohnung-vermieten-header-1.jpg\" class=\"attachment-post-thumbnail size-post-thumbnail wp-post-image\" alt=\"Gr\u00fcner Hintergrund, darauf Icons von einem Haus sowie drei Personen, die miteinander sprechen\" loading=\"lazy\" srcset=\"https:\/\/www.traum-ferienwohnungen.de\/vermieter-magazin\/wp-content\/uploads\/2021\/03\/ferienwohnung-vermieten-header-1.jpg 1440w, https:\/\/www.traum-ferienwohnungen.de\/vermieter-magazin\/wp-content\/uploads\/2021\/03\/ferienwohnung-vermieten-header-1-300x92.jpg 300w, https:\/\/www.traum-ferienwohnungen.de\/vermieter-magazin\/wp-content\/uploads\/2021\/03\/ferienwohnung-vermieten-header-1-1024x313.jpg 1024w, https:\/\/www.traum-ferienwohnungen.de\/vermieter-magazin\/wp-content\/uploads\/2021\/03\/ferienwohnung-vermieten-header-1-768x235.jpg 768w\" sizes=\"(max-width: 1440px) 100vw, 1440px\" \/>\n\t\t\t\t\t\t<\/figure>\n\t\t\t\t\t<\/a>\n\t\t\t\t\t<p>Beim Thema Ferienwohnung vermieten gibt es einiges zu beachten. Unser Ratgeber fasst die wichtigsten Punkte zusammen.\n\t\t\t\t\t<\/p>\n\t\t\t\t\t<a class=\"tfw-button tfw-button--black\" href=\"https:\/\/www.traum-ferienwohnungen.de\/vermieter-magazin\/ferienwohnung-vermieten-ratgeber\/\" rel=\"bookmark\"> Erfahren Sie Mehr <\/a>\n\t\t\t\t<\/div><div class=\"tfw-card all-post tfw-blue paginate-hidden\" data-categories=\"Allgemein|Finanzielles\">\n\t\t\t\t\t<div class=\"cat-list\"> <span class=\"cat-item\">Allgemein<\/span><span class=\"cat-item\">Finanzielles<\/span> <\/div>\n\t\t\t\t\t<h3>Nebenkosten Ferienunterkunft<\/h3>\n\t\t\t\t\t<a href=\"https:\/\/www.traum-ferienwohnungen.de\/vermieter-magazin\/nebenkosten-ferienwohnung\/\" rel=\"bookmark\">\n\t\t\t\t\t\t<figure> \n\t\t\t\t\t\t<img width=\"1440\" height=\"440\" src=\"https:\/\/www.traum-ferienwohnungen.de\/vermieter-magazin\/wp-content\/uploads\/2022\/05\/nebenkosten-laufende-kosten-ferienwohnung-ferienhaus.jpg\" class=\"attachment-post-thumbnail size-post-thumbnail wp-post-image\" alt=\"Zeichnung von Mann und Frau vor einem Kassenbon auf blauem Hintergrund\" loading=\"lazy\" srcset=\"https:\/\/www.traum-ferienwohnungen.de\/vermieter-magazin\/wp-content\/uploads\/2022\/05\/nebenkosten-laufende-kosten-ferienwohnung-ferienhaus.jpg 1440w, https:\/\/www.traum-ferienwohnungen.de\/vermieter-magazin\/wp-content\/uploads\/2022\/05\/nebenkosten-laufende-kosten-ferienwohnung-ferienhaus-300x92.jpg 300w, https:\/\/www.traum-ferienwohnungen.de\/vermieter-magazin\/wp-content\/uploads\/2022\/05\/nebenkosten-laufende-kosten-ferienwohnung-ferienhaus-1024x313.jpg 1024w, https:\/\/www.traum-ferienwohnungen.de\/vermieter-magazin\/wp-content\/uploads\/2022\/05\/nebenkosten-laufende-kosten-ferienwohnung-ferienhaus-768x235.jpg 768w\" sizes=\"(max-width: 1440px) 100vw, 1440px\" \/>\n\t\t\t\t\t\t<\/figure>\n\t\t\t\t\t<\/a>\n\t\t\t\t\t<p>Die Nebenkosten Ihrer Ferienwohnung zu kennen ist wichtig f\u00fcr Ihren Erfolg. Lesen Sie, welche laufenden Kosten Sie kennen m\u00fcssen und wie Sie sparen.\n\t\t\t\t\t<\/p>\n\t\t\t\t\t<a class=\"tfw-button tfw-button--black\" href=\"https:\/\/www.traum-ferienwohnungen.de\/vermieter-magazin\/nebenkosten-ferienwohnung\/\" rel=\"bookmark\"> Erfahren Sie Mehr <\/a>\n\t\t\t\t<\/div><div class=\"tfw-card all-post tfw-blue paginate-hidden\" data-categories=\"Allgemein|Finanzielles\">\n\t\t\t\t\t<div class=\"cat-list\"> <span class=\"cat-item\">Allgemein<\/span><span class=\"cat-item\">Finanzielles<\/span> <\/div>\n\t\t\t\t\t<h3>Zahlung Ferienwohnung<\/h3>\n\t\t\t\t\t<a href=\"https:\/\/www.traum-ferienwohnungen.de\/vermieter-magazin\/ferienwohnung-bezahlen-optionen\/\" rel=\"bookmark\">\n\t\t\t\t\t\t<figure> \n\t\t\t\t\t\t<img width=\"1440\" height=\"440\" src=\"https:\/\/www.traum-ferienwohnungen.de\/vermieter-magazin\/wp-content\/uploads\/2022\/04\/zahlungsoptionen-ferienwohnung-ferienhaus.jpg\" class=\"attachment-post-thumbnail size-post-thumbnail wp-post-image\" alt=\"Hand mit einer Bargeld-M\u00fcnze auf blauem Hintergrund\" loading=\"lazy\" srcset=\"https:\/\/www.traum-ferienwohnungen.de\/vermieter-magazin\/wp-content\/uploads\/2022\/04\/zahlungsoptionen-ferienwohnung-ferienhaus.jpg 1440w, https:\/\/www.traum-ferienwohnungen.de\/vermieter-magazin\/wp-content\/uploads\/2022\/04\/zahlungsoptionen-ferienwohnung-ferienhaus-300x92.jpg 300w, https:\/\/www.traum-ferienwohnungen.de\/vermieter-magazin\/wp-content\/uploads\/2022\/04\/zahlungsoptionen-ferienwohnung-ferienhaus-1024x313.jpg 1024w, https:\/\/www.traum-ferienwohnungen.de\/vermieter-magazin\/wp-content\/uploads\/2022\/04\/zahlungsoptionen-ferienwohnung-ferienhaus-768x235.jpg 768w\" sizes=\"(max-width: 1440px) 100vw, 1440px\" \/>\n\t\t\t\t\t\t<\/figure>\n\t\t\t\t\t<\/a>\n\t\t\t\t\t<p>Die richtigen Zahlungsoptionen anzubieten ist wichtig f\u00fcr den Erfolg Ihrer Ferienwohnung. Wir zeigen Ihnen, welche Varianten Urlauber besonders sch\u00e4tzen.\n\t\t\t\t\t<\/p>\n\t\t\t\t\t<a class=\"tfw-button tfw-button--black\" href=\"https:\/\/www.traum-ferienwohnungen.de\/vermieter-magazin\/ferienwohnung-bezahlen-optionen\/\" rel=\"bookmark\"> Erfahren Sie Mehr <\/a>\n\t\t\t\t<\/div><div class=\"tfw-card all-post tfw-green paginate-hidden\" data-categories=\"Allgemein|Verwaltung\">\n\t\t\t\t\t<div class=\"cat-list\"> <span class=\"cat-item\">Allgemein<\/span><span class=\"cat-item\">Verwaltung<\/span> <\/div>\n\t\t\t\t\t<h3>Aus der Ferne verwalten<\/h3>\n\t\t\t\t\t<a href=\"https:\/\/www.traum-ferienwohnungen.de\/vermieter-magazin\/ferienwohnung-ausland-verwalten\/\" rel=\"bookmark\">\n\t\t\t\t\t\t<figure> \n\t\t\t\t\t\t<img width=\"1440\" height=\"440\" src=\"https:\/\/www.traum-ferienwohnungen.de\/vermieter-magazin\/wp-content\/uploads\/2022\/04\/ferienwohnung-ferienhaus-ausland-ferne-verwalten.jpg\" class=\"attachment-post-thumbnail size-post-thumbnail wp-post-image\" alt=\"\" loading=\"lazy\" srcset=\"https:\/\/www.traum-ferienwohnungen.de\/vermieter-magazin\/wp-content\/uploads\/2022\/04\/ferienwohnung-ferienhaus-ausland-ferne-verwalten.jpg 1440w, https:\/\/www.traum-ferienwohnungen.de\/vermieter-magazin\/wp-content\/uploads\/2022\/04\/ferienwohnung-ferienhaus-ausland-ferne-verwalten-300x92.jpg 300w, https:\/\/www.traum-ferienwohnungen.de\/vermieter-magazin\/wp-content\/uploads\/2022\/04\/ferienwohnung-ferienhaus-ausland-ferne-verwalten-1024x313.jpg 1024w, https:\/\/www.traum-ferienwohnungen.de\/vermieter-magazin\/wp-content\/uploads\/2022\/04\/ferienwohnung-ferienhaus-ausland-ferne-verwalten-768x235.jpg 768w\" sizes=\"(max-width: 1440px) 100vw, 1440px\" \/>\n\t\t\t\t\t\t<\/figure>\n\t\t\t\t\t<\/a>\n\t\t\t\t\t<p>Eine gute Verwaltung der Ferienwohnung entscheidet \u00fcber die erfolgreiche Vermietung. Wir geben Ihnen erprobte Tipps f\u00fcr reibungslose Abl\u00e4ufe.\n\t\t\t\t\t<\/p>\n\t\t\t\t\t<a class=\"tfw-button tfw-button--black\" href=\"https:\/\/www.traum-ferienwohnungen.de\/vermieter-magazin\/ferienwohnung-ausland-verwalten\/\" rel=\"bookmark\"> Erfahren Sie Mehr <\/a>\n\t\t\t\t<\/div><div class=\"tfw-card all-post tfw-green paginate-hidden\" data-categories=\"Allgemein|Verwaltung\">\n\t\t\t\t\t<div class=\"cat-list\"> <span class=\"cat-item\">Allgemein<\/span><span class=\"cat-item\">Verwaltung<\/span> <\/div>\n\t\t\t\t\t<h3>Ferienwohnung reinigen<\/h3>\n\t\t\t\t\t<a href=\"https:\/\/www.traum-ferienwohnungen.de\/vermieter-magazin\/ferienwohnung-reinigung-mit-checkliste\/\" rel=\"bookmark\">\n\t\t\t\t\t\t<figure> \n\t\t\t\t\t\t<img width=\"1440\" height=\"440\" src=\"https:\/\/www.traum-ferienwohnungen.de\/vermieter-magazin\/wp-content\/uploads\/2022\/03\/reinigung-ferienwohnung-feriehaus-tipps-checkliste.jpg\" class=\"attachment-post-thumbnail size-post-thumbnail wp-post-image\" alt=\"Zwei illustrierte Personen, die Reinigungsutensilien in der Hand haben auf gr\u00fcnem Hintergrund\" loading=\"lazy\" srcset=\"https:\/\/www.traum-ferienwohnungen.de\/vermieter-magazin\/wp-content\/uploads\/2022\/03\/reinigung-ferienwohnung-feriehaus-tipps-checkliste.jpg 1440w, https:\/\/www.traum-ferienwohnungen.de\/vermieter-magazin\/wp-content\/uploads\/2022\/03\/reinigung-ferienwohnung-feriehaus-tipps-checkliste-300x92.jpg 300w, https:\/\/www.traum-ferienwohnungen.de\/vermieter-magazin\/wp-content\/uploads\/2022\/03\/reinigung-ferienwohnung-feriehaus-tipps-checkliste-1024x313.jpg 1024w, https:\/\/www.traum-ferienwohnungen.de\/vermieter-magazin\/wp-content\/uploads\/2022\/03\/reinigung-ferienwohnung-feriehaus-tipps-checkliste-768x235.jpg 768w\" sizes=\"(max-width: 1440px) 100vw, 1440px\" \/>\n\t\t\t\t\t\t<\/figure>\n\t\t\t\t\t<\/a>\n\t\t\t\t\t<p>Die gr\u00fcndliche Reinigung der Ferienwohnung ist wichtig f\u00fcr zufriedene G\u00e4ste. Holen Sie sich hier unsere Checklisten f\u00fcr alle R\u00e4ume.\n\t\t\t\t\t<\/p>\n\t\t\t\t\t<a class=\"tfw-button tfw-button--black\" href=\"https:\/\/www.traum-ferienwohnungen.de\/vermieter-magazin\/ferienwohnung-reinigung-mit-checkliste\/\" rel=\"bookmark\"> Erfahren Sie Mehr <\/a>\n\t\t\t\t<\/div><div class=\"tfw-card all-post tfw-red paginate-hidden\" data-categories=\"Allgemein|Ausstattung\">\n\t\t\t\t\t<div class=\"cat-list\"> <span class=\"cat-item\">Allgemein<\/span><span class=\"cat-item\">Ausstattung<\/span> <\/div>\n\t\t\t\t\t<h3>Ausstattung Ferienwohnung<\/h3>\n\t\t\t\t\t<a href=\"https:\/\/www.traum-ferienwohnungen.de\/vermieter-magazin\/ferienwohnung-ausstattung-liste\/\" rel=\"bookmark\">\n\t\t\t\t\t\t<figure> \n\t\t\t\t\t\t<img width=\"1440\" height=\"440\" src=\"https:\/\/www.traum-ferienwohnungen.de\/vermieter-magazin\/wp-content\/uploads\/2022\/02\/ausstattung-ferienwohnung-checkliste.png\" class=\"attachment-post-thumbnail size-post-thumbnail wp-post-image\" alt=\"Illustration einer voll ausgestatteten K\u00fcche - in einer Ferienunterkunft - darin eine Frau\" loading=\"lazy\" srcset=\"https:\/\/www.traum-ferienwohnungen.de\/vermieter-magazin\/wp-content\/uploads\/2022\/02\/ausstattung-ferienwohnung-checkliste.png 1440w, https:\/\/www.traum-ferienwohnungen.de\/vermieter-magazin\/wp-content\/uploads\/2022\/02\/ausstattung-ferienwohnung-checkliste-300x92.png 300w, https:\/\/www.traum-ferienwohnungen.de\/vermieter-magazin\/wp-content\/uploads\/2022\/02\/ausstattung-ferienwohnung-checkliste-1024x313.png 1024w, https:\/\/www.traum-ferienwohnungen.de\/vermieter-magazin\/wp-content\/uploads\/2022\/02\/ausstattung-ferienwohnung-checkliste-768x235.png 768w\" sizes=\"(max-width: 1440px) 100vw, 1440px\" \/>\n\t\t\t\t\t\t<\/figure>\n\t\t\t\t\t<\/a>\n\t\t\t\t\t<p>Die richtige Ausstattung hat einen gro\u00dfen Einfluss auf die erfolgreiche Vermietung Ihrer Ferienunterkunft. Lesen Sie hier, was auf keinen Fall fehlen darf.\n\t\t\t\t\t<\/p>\n\t\t\t\t\t<a class=\"tfw-button tfw-button--black\" href=\"https:\/\/www.traum-ferienwohnungen.de\/vermieter-magazin\/ferienwohnung-ausstattung-liste\/\" rel=\"bookmark\"> Erfahren Sie Mehr <\/a>\n\t\t\t\t<\/div><div class=\"tfw-card all-post tfw-red paginate-hidden\" data-categories=\"Allgemein|Ausstattung\">\n\t\t\t\t\t<div class=\"cat-list\"> <span class=\"cat-item\">Allgemein<\/span><span class=\"cat-item\">Ausstattung<\/span> <\/div>\n\t\t\t\t\t<h3>NEU: Unsere Traum-Plaza<\/h3>\n\t\t\t\t\t<a href=\"https:\/\/www.traum-ferienwohnungen.de\/vermieter-magazin\/news-traum-plaza\/\" rel=\"bookmark\">\n\t\t\t\t\t\t<figure> \n\t\t\t\t\t\t<img width=\"1440\" height=\"440\" src=\"https:\/\/www.traum-ferienwohnungen.de\/vermieter-magazin\/wp-content\/uploads\/2022\/02\/traum-plaza-neue-funktion.jpg\" class=\"attachment-post-thumbnail size-post-thumbnail wp-post-image\" alt=\"Grafik eines M\u00f6bel-Onlineshop, der die neue Traum Plaza von Traum-Ferienwohnungen\" loading=\"lazy\" srcset=\"https:\/\/www.traum-ferienwohnungen.de\/vermieter-magazin\/wp-content\/uploads\/2022\/02\/traum-plaza-neue-funktion.jpg 1440w, https:\/\/www.traum-ferienwohnungen.de\/vermieter-magazin\/wp-content\/uploads\/2022\/02\/traum-plaza-neue-funktion-300x92.jpg 300w, https:\/\/www.traum-ferienwohnungen.de\/vermieter-magazin\/wp-content\/uploads\/2022\/02\/traum-plaza-neue-funktion-1024x313.jpg 1024w, https:\/\/www.traum-ferienwohnungen.de\/vermieter-magazin\/wp-content\/uploads\/2022\/02\/traum-plaza-neue-funktion-768x235.jpg 768w\" sizes=\"(max-width: 1440px) 100vw, 1440px\" \/>\n\t\t\t\t\t\t<\/figure>\n\t\t\t\t\t<\/a>\n\t\t\t\t\t<p>Sie w\u00fcnschen sich einen Onlineshop, in dem Sie alles f\u00fcr Ihre Ferienunterkunft finden? Mit der Traum-Plaza haben wir daf\u00fcr jetzt eine einzigartige L\u00f6sung entwickelt.\n\t\t\t\t\t<\/p>\n\t\t\t\t\t<a class=\"tfw-button tfw-button--black\" href=\"https:\/\/www.traum-ferienwohnungen.de\/vermieter-magazin\/news-traum-plaza\/\" rel=\"bookmark\"> Erfahren Sie Mehr <\/a>\n\t\t\t\t<\/div><div class=\"tfw-card all-post tfw-red paginate-hidden\" data-categories=\"Allgemein|Ausstattung\">\n\t\t\t\t\t<div class=\"cat-list\"> <span class=\"cat-item\">Allgemein<\/span><span class=\"cat-item\">Ausstattung<\/span> <\/div>\n\t\t\t\t\t<h3>Ferienwohnung richtig einrichten<\/h3>\n\t\t\t\t\t<a href=\"https:\/\/www.traum-ferienwohnungen.de\/vermieter-magazin\/ferienwohnung-optimal-einrichten\/\" rel=\"bookmark\">\n\t\t\t\t\t\t<figure> \n\t\t\t\t\t\t<img width=\"1440\" height=\"440\" src=\"https:\/\/www.traum-ferienwohnungen.de\/vermieter-magazin\/wp-content\/uploads\/2022\/02\/ferienwohnung-richtig-einrichten.jpg\" class=\"attachment-post-thumbnail size-post-thumbnail wp-post-image\" alt=\"Illustration von Wohnzimmereinrichtung auf rosa Hintergrund\" loading=\"lazy\" srcset=\"https:\/\/www.traum-ferienwohnungen.de\/vermieter-magazin\/wp-content\/uploads\/2022\/02\/ferienwohnung-richtig-einrichten.jpg 1440w, https:\/\/www.traum-ferienwohnungen.de\/vermieter-magazin\/wp-content\/uploads\/2022\/02\/ferienwohnung-richtig-einrichten-300x92.jpg 300w, https:\/\/www.traum-ferienwohnungen.de\/vermieter-magazin\/wp-content\/uploads\/2022\/02\/ferienwohnung-richtig-einrichten-1024x313.jpg 1024w, https:\/\/www.traum-ferienwohnungen.de\/vermieter-magazin\/wp-content\/uploads\/2022\/02\/ferienwohnung-richtig-einrichten-768x235.jpg 768w\" sizes=\"(max-width: 1440px) 100vw, 1440px\" \/>\n\t\t\t\t\t\t<\/figure>\n\t\t\t\t\t<\/a>\n\t\t\t\t\t<p>Sie wollen Ihre Ferienunterkunft so einrichten, dass sich Ihre G\u00e4ste wohlf\u00fchlen? Lesen Sie hier, worauf es dabei ankommt.\n\t\t\t\t\t<\/p>\n\t\t\t\t\t<a class=\"tfw-button tfw-button--black\" href=\"https:\/\/www.traum-ferienwohnungen.de\/vermieter-magazin\/ferienwohnung-optimal-einrichten\/\" rel=\"bookmark\"> Erfahren Sie Mehr <\/a>\n\t\t\t\t<\/div><div class=\"tfw-card all-post tfw-yellow paginate-hidden\" data-categories=\"Allgemein|Vermarktung\">\n\t\t\t\t\t<div class=\"cat-list\"> <span class=\"cat-item\">Allgemein<\/span><span class=\"cat-item\">Vermarktung<\/span> <\/div>\n\t\t\t\t\t<h3>Google My Business<\/h3>\n\t\t\t\t\t<a href=\"https:\/\/www.traum-ferienwohnungen.de\/vermieter-magazin\/google-my-business-fuer-ferienwohnung\/\" rel=\"bookmark\">\n\t\t\t\t\t\t<figure> \n\t\t\t\t\t\t<img width=\"1440\" height=\"440\" src=\"https:\/\/www.traum-ferienwohnungen.de\/vermieter-magazin\/wp-content\/uploads\/2022\/01\/Google-my-business-ferienwohnung-ferienhaus.jpg\" class=\"attachment-post-thumbnail size-post-thumbnail wp-post-image\" alt=\"Frau schaut auf Google my Business Eintrag\" loading=\"lazy\" srcset=\"https:\/\/www.traum-ferienwohnungen.de\/vermieter-magazin\/wp-content\/uploads\/2022\/01\/Google-my-business-ferienwohnung-ferienhaus.jpg 1440w, https:\/\/www.traum-ferienwohnungen.de\/vermieter-magazin\/wp-content\/uploads\/2022\/01\/Google-my-business-ferienwohnung-ferienhaus-300x92.jpg 300w, https:\/\/www.traum-ferienwohnungen.de\/vermieter-magazin\/wp-content\/uploads\/2022\/01\/Google-my-business-ferienwohnung-ferienhaus-1024x313.jpg 1024w, https:\/\/www.traum-ferienwohnungen.de\/vermieter-magazin\/wp-content\/uploads\/2022\/01\/Google-my-business-ferienwohnung-ferienhaus-768x235.jpg 768w\" sizes=\"(max-width: 1440px) 100vw, 1440px\" \/>\n\t\t\t\t\t\t<\/figure>\n\t\t\t\t\t<\/a>\n\t\t\t\t\t<p>Ein Google My Business Eintrag kann Ihnen zur mehr Sichtbarkeit und mehr G\u00e4ste verhelfen. Erfahren Sie hier, wie die kostenlose Plattform funktioniert.\n\t\t\t\t\t<\/p>\n\t\t\t\t\t<a class=\"tfw-button tfw-button--black\" href=\"https:\/\/www.traum-ferienwohnungen.de\/vermieter-magazin\/google-my-business-fuer-ferienwohnung\/\" rel=\"bookmark\"> Erfahren Sie Mehr <\/a>\n\t\t\t\t<\/div><div class=\"tfw-card all-post tfw-yellow paginate-hidden\" data-categories=\"Allgemein|Vermarktung\">\n\t\t\t\t\t<div class=\"cat-list\"> <span class=\"cat-item\">Allgemein<\/span><span class=\"cat-item\">Vermarktung<\/span> <\/div>\n\t\t\t\t\t<h3>Website f\u00fcr Ferienunterkunft<\/h3>\n\t\t\t\t\t<a href=\"https:\/\/www.traum-ferienwohnungen.de\/vermieter-magazin\/ferienwohnung-website-eigene-homepage-erstellen\/\" rel=\"bookmark\">\n\t\t\t\t\t\t<figure> \n\t\t\t\t\t\t<img width=\"1440\" height=\"440\" src=\"https:\/\/www.traum-ferienwohnungen.de\/vermieter-magazin\/wp-content\/uploads\/2022\/01\/website-erstellen-ferienwohnung-ferienhaus.jpg\" class=\"attachment-post-thumbnail size-post-thumbnail wp-post-image\" alt=\"Grafik mit einem Handy, auf dem eine Website zusammengestellt wird auf gelbem Hintergrund\" loading=\"lazy\" srcset=\"https:\/\/www.traum-ferienwohnungen.de\/vermieter-magazin\/wp-content\/uploads\/2022\/01\/website-erstellen-ferienwohnung-ferienhaus.jpg 1440w, https:\/\/www.traum-ferienwohnungen.de\/vermieter-magazin\/wp-content\/uploads\/2022\/01\/website-erstellen-ferienwohnung-ferienhaus-300x92.jpg 300w, https:\/\/www.traum-ferienwohnungen.de\/vermieter-magazin\/wp-content\/uploads\/2022\/01\/website-erstellen-ferienwohnung-ferienhaus-1024x313.jpg 1024w, https:\/\/www.traum-ferienwohnungen.de\/vermieter-magazin\/wp-content\/uploads\/2022\/01\/website-erstellen-ferienwohnung-ferienhaus-768x235.jpg 768w\" sizes=\"(max-width: 1440px) 100vw, 1440px\" \/>\n\t\t\t\t\t\t<\/figure>\n\t\t\t\t\t<\/a>\n\t\t\t\t\t<p>Eine eigene Website kann Ihre Buchungen steigern. Lernen Sie hier, wie Sie Ihre Website selbst erstellen und welche Tools Sie daf\u00fcr nutzen k\u00f6nnen.\n\t\t\t\t\t<\/p>\n\t\t\t\t\t<a class=\"tfw-button tfw-button--black\" href=\"https:\/\/www.traum-ferienwohnungen.de\/vermieter-magazin\/ferienwohnung-website-eigene-homepage-erstellen\/\" rel=\"bookmark\"> Erfahren Sie Mehr <\/a>\n\t\t\t\t<\/div><div class=\"tfw-card all-post tfw-green paginate-hidden\" data-categories=\"Allgemein|Verwaltung\">\n\t\t\t\t\t<div class=\"cat-list\"> <span class=\"cat-item\">Allgemein<\/span><span class=\"cat-item\">Verwaltung<\/span> <\/div>\n\t\t\t\t\t<h3>Ferienwohnung und Steuern<\/h3>\n\t\t\t\t\t<a href=\"https:\/\/www.traum-ferienwohnungen.de\/vermieter-magazin\/steuer-umsatzsteuer-bei-ferienwohnungen\/\" rel=\"bookmark\">\n\t\t\t\t\t\t<figure> \n\t\t\t\t\t\t<img width=\"1440\" height=\"440\" src=\"https:\/\/www.traum-ferienwohnungen.de\/vermieter-magazin\/wp-content\/uploads\/2021\/12\/ferienwohnung-steuern-einkommen-umsatz-gewerbe.jpg\" class=\"attachment-post-thumbnail size-post-thumbnail wp-post-image\" alt=\"Auswertung auf Clipboard, dazu ein langer Kassenbon und viele Papiere f\u00fcr die Steuer auf gr\u00fcnem Hintergrund\" loading=\"lazy\" srcset=\"https:\/\/www.traum-ferienwohnungen.de\/vermieter-magazin\/wp-content\/uploads\/2021\/12\/ferienwohnung-steuern-einkommen-umsatz-gewerbe.jpg 1440w, https:\/\/www.traum-ferienwohnungen.de\/vermieter-magazin\/wp-content\/uploads\/2021\/12\/ferienwohnung-steuern-einkommen-umsatz-gewerbe-300x92.jpg 300w, https:\/\/www.traum-ferienwohnungen.de\/vermieter-magazin\/wp-content\/uploads\/2021\/12\/ferienwohnung-steuern-einkommen-umsatz-gewerbe-1024x313.jpg 1024w, https:\/\/www.traum-ferienwohnungen.de\/vermieter-magazin\/wp-content\/uploads\/2021\/12\/ferienwohnung-steuern-einkommen-umsatz-gewerbe-768x235.jpg 768w\" sizes=\"(max-width: 1440px) 100vw, 1440px\" \/>\n\t\t\t\t\t\t<\/figure>\n\t\t\t\t\t<\/a>\n\t\t\t\t\t<p>Bei Steuern herrscht oft gro\u00dfe Unsicherheit. Wir zeigen Ihnen, welche Steuern Sie f\u00fcr Ihre Ferienunterkunft wann zahlen m\u00fcssen.\n\t\t\t\t\t<\/p>\n\t\t\t\t\t<a class=\"tfw-button tfw-button--black\" href=\"https:\/\/www.traum-ferienwohnungen.de\/vermieter-magazin\/steuer-umsatzsteuer-bei-ferienwohnungen\/\" rel=\"bookmark\"> Erfahren Sie Mehr <\/a>\n\t\t\t\t<\/div><div class=\"tfw-card all-post tfw-blue paginate-hidden\" data-categories=\"Allgemein|Finanzielles\">\n\t\t\t\t\t<div class=\"cat-list\"> <span class=\"cat-item\">Allgemein<\/span><span class=\"cat-item\">Finanzielles<\/span> <\/div>\n\t\t\t\t\t<h3>Ferienwohnung als Kapitalanlage<\/h3>\n\t\t\t\t\t<a href=\"https:\/\/www.traum-ferienwohnungen.de\/vermieter-magazin\/ferienwohnung-als-kapitalanlage-lohnt-sich-das\/\" rel=\"bookmark\">\n\t\t\t\t\t\t<figure> \n\t\t\t\t\t\t<img width=\"1440\" height=\"440\" src=\"https:\/\/www.traum-ferienwohnungen.de\/vermieter-magazin\/wp-content\/uploads\/2021\/12\/ferienhaus-ferienwohnung-kapitalanlage.jpg\" class=\"attachment-post-thumbnail size-post-thumbnail wp-post-image\" alt=\"Icon eines Hauses, in das von oben ein Euro-St\u00fcck hineinf\u00e4llt. Blauer Hintergrund mit Geldicons \u2013 Ferienwohnung als Kapitalanlage\" loading=\"lazy\" srcset=\"https:\/\/www.traum-ferienwohnungen.de\/vermieter-magazin\/wp-content\/uploads\/2021\/12\/ferienhaus-ferienwohnung-kapitalanlage.jpg 1440w, https:\/\/www.traum-ferienwohnungen.de\/vermieter-magazin\/wp-content\/uploads\/2021\/12\/ferienhaus-ferienwohnung-kapitalanlage-300x92.jpg 300w, https:\/\/www.traum-ferienwohnungen.de\/vermieter-magazin\/wp-content\/uploads\/2021\/12\/ferienhaus-ferienwohnung-kapitalanlage-1024x313.jpg 1024w, https:\/\/www.traum-ferienwohnungen.de\/vermieter-magazin\/wp-content\/uploads\/2021\/12\/ferienhaus-ferienwohnung-kapitalanlage-768x235.jpg 768w\" sizes=\"(max-width: 1440px) 100vw, 1440px\" \/>\n\t\t\t\t\t\t<\/figure>\n\t\t\t\t\t<\/a>\n\t\t\t\t\t<p>Lohnt sich eine Ferienwohnung als Kapitalanlage? Erfahren Sie hier, worauf es dabei ankommt und lernen Sie von unseren Experten im Video!\n\t\t\t\t\t<\/p>\n\t\t\t\t\t<a class=\"tfw-button tfw-button--black\" href=\"https:\/\/www.traum-ferienwohnungen.de\/vermieter-magazin\/ferienwohnung-als-kapitalanlage-lohnt-sich-das\/\" rel=\"bookmark\"> Erfahren Sie Mehr <\/a>\n\t\t\t\t<\/div><div class=\"tfw-card all-post tfw-blue paginate-hidden\" data-categories=\"Allgemein|Finanzielles\">\n\t\t\t\t\t<div class=\"cat-list\"> <span class=\"cat-item\">Allgemein<\/span><span class=\"cat-item\">Finanzielles<\/span> <\/div>\n\t\t\t\t\t<h3>Rendite berechnen<\/h3>\n\t\t\t\t\t<a href=\"https:\/\/www.traum-ferienwohnungen.de\/vermieter-magazin\/rendite-berechnen-ferienwohnung\/\" rel=\"bookmark\">\n\t\t\t\t\t\t<figure> \n\t\t\t\t\t\t<img width=\"1440\" height=\"440\" src=\"https:\/\/www.traum-ferienwohnungen.de\/vermieter-magazin\/wp-content\/uploads\/2021\/12\/rendite-berechnen-ferienwohnung.jpg\" class=\"attachment-post-thumbnail size-post-thumbnail wp-post-image\" alt=\"Grafik mit Grafiken und Geld, um die Entwicklung von Renditen abzubilden auf blauem Hintergrund\" loading=\"lazy\" srcset=\"https:\/\/www.traum-ferienwohnungen.de\/vermieter-magazin\/wp-content\/uploads\/2021\/12\/rendite-berechnen-ferienwohnung.jpg 1440w, https:\/\/www.traum-ferienwohnungen.de\/vermieter-magazin\/wp-content\/uploads\/2021\/12\/rendite-berechnen-ferienwohnung-300x92.jpg 300w, https:\/\/www.traum-ferienwohnungen.de\/vermieter-magazin\/wp-content\/uploads\/2021\/12\/rendite-berechnen-ferienwohnung-1024x313.jpg 1024w, https:\/\/www.traum-ferienwohnungen.de\/vermieter-magazin\/wp-content\/uploads\/2021\/12\/rendite-berechnen-ferienwohnung-768x235.jpg 768w\" sizes=\"(max-width: 1440px) 100vw, 1440px\" \/>\n\t\t\t\t\t\t<\/figure>\n\t\t\t\t\t<\/a>\n\t\t\t\t\t<p>Wenn Sie Ihre Ferienimmobilie als Kapitalanlage nutzen m\u00f6chten, brauchen Sie eine gute Rendite. Erfahren Sie hier, wie Sie Ihre Rendite berechnen und optimieren.\n\t\t\t\t\t<\/p>\n\t\t\t\t\t<a class=\"tfw-button tfw-button--black\" href=\"https:\/\/www.traum-ferienwohnungen.de\/vermieter-magazin\/rendite-berechnen-ferienwohnung\/\" rel=\"bookmark\"> Erfahren Sie Mehr <\/a>\n\t\t\t\t<\/div><div class=\"tfw-card all-post tfw-green paginate-hidden\" data-categories=\"Allgemein|Verwaltung\">\n\t\t\t\t\t<div class=\"cat-list\"> <span class=\"cat-item\">Allgemein<\/span><span class=\"cat-item\">Verwaltung<\/span> <\/div>\n\t\t\t\t\t<h3>Ferienwohnung anmelden<\/h3>\n\t\t\t\t\t<a href=\"https:\/\/www.traum-ferienwohnungen.de\/vermieter-magazin\/ferienwohnung-anmelden-genehmigungen-und-gewerbe-anmeldung\/\" rel=\"bookmark\">\n\t\t\t\t\t\t<figure> \n\t\t\t\t\t\t<img width=\"1440\" height=\"440\" src=\"https:\/\/www.traum-ferienwohnungen.de\/vermieter-magazin\/wp-content\/uploads\/2021\/11\/ferienwohnung-anmelden-header.jpg\" class=\"attachment-post-thumbnail size-post-thumbnail wp-post-image\" alt=\"Laptop mit vielen Checklisten, um eine Ferienwohnung anzumelden auf gr\u00fcnem Hintergrund\" loading=\"lazy\" srcset=\"https:\/\/www.traum-ferienwohnungen.de\/vermieter-magazin\/wp-content\/uploads\/2021\/11\/ferienwohnung-anmelden-header.jpg 1440w, https:\/\/www.traum-ferienwohnungen.de\/vermieter-magazin\/wp-content\/uploads\/2021\/11\/ferienwohnung-anmelden-header-300x92.jpg 300w, https:\/\/www.traum-ferienwohnungen.de\/vermieter-magazin\/wp-content\/uploads\/2021\/11\/ferienwohnung-anmelden-header-1024x313.jpg 1024w, https:\/\/www.traum-ferienwohnungen.de\/vermieter-magazin\/wp-content\/uploads\/2021\/11\/ferienwohnung-anmelden-header-768x235.jpg 768w\" sizes=\"(max-width: 1440px) 100vw, 1440px\" \/>\n\t\t\t\t\t\t<\/figure>\n\t\t\t\t\t<\/a>\n\t\t\t\t\t<p>Wenn Sie ein Ferienwohnung vermieten m\u00f6chten, gibt es einiges zu beachten. Hier erfahren Sie, was sie \u00fcber Genehmigungen, Steuern, Gewerbe &#038; Co. wissen sollten.\n\t\t\t\t\t<\/p>\n\t\t\t\t\t<a class=\"tfw-button tfw-button--black\" href=\"https:\/\/www.traum-ferienwohnungen.de\/vermieter-magazin\/ferienwohnung-anmelden-genehmigungen-und-gewerbe-anmeldung\/\" rel=\"bookmark\"> Erfahren Sie Mehr <\/a>\n\t\t\t\t<\/div><div class=\"tfw-card all-post tfw-green paginate-hidden\" data-categories=\"Allgemein|Verwaltung\">\n\t\t\t\t\t<div class=\"cat-list\"> <span class=\"cat-item\">Allgemein<\/span><span class=\"cat-item\">Verwaltung<\/span> <\/div>\n\t\t\t\t\t<h3>Langfristig vs. kurzfristig vermieten<\/h3>\n\t\t\t\t\t<a href=\"https:\/\/www.traum-ferienwohnungen.de\/vermieter-magazin\/ferienwohnung-kurzfristig-langfristig-vermieten\/\" rel=\"bookmark\">\n\t\t\t\t\t\t<figure> \n\t\t\t\t\t\t<img width=\"1440\" height=\"440\" src=\"https:\/\/www.traum-ferienwohnungen.de\/vermieter-magazin\/wp-content\/uploads\/2021\/11\/kurzfristige-langfristige-vermietung-vorteile-nachteile.jpg\" class=\"attachment-post-thumbnail size-post-thumbnail wp-post-image\" alt=\"Zwei H\u00e4nde, die Schl\u00fcssel f\u00fcr eine Wohnung oder auch Haus \u00fcbergeben auf gr\u00fcnem Hintergrund\" loading=\"lazy\" srcset=\"https:\/\/www.traum-ferienwohnungen.de\/vermieter-magazin\/wp-content\/uploads\/2021\/11\/kurzfristige-langfristige-vermietung-vorteile-nachteile.jpg 1440w, https:\/\/www.traum-ferienwohnungen.de\/vermieter-magazin\/wp-content\/uploads\/2021\/11\/kurzfristige-langfristige-vermietung-vorteile-nachteile-300x92.jpg 300w, https:\/\/www.traum-ferienwohnungen.de\/vermieter-magazin\/wp-content\/uploads\/2021\/11\/kurzfristige-langfristige-vermietung-vorteile-nachteile-1024x313.jpg 1024w, https:\/\/www.traum-ferienwohnungen.de\/vermieter-magazin\/wp-content\/uploads\/2021\/11\/kurzfristige-langfristige-vermietung-vorteile-nachteile-768x235.jpg 768w\" sizes=\"(max-width: 1440px) 100vw, 1440px\" \/>\n\t\t\t\t\t\t<\/figure>\n\t\t\t\t\t<\/a>\n\t\t\t\t\t<p>Bei der Vermietung von Immobilien haben Sie zwei Optionen: kurzfristig oder langfristig. Wir verraten Ihnen die Vor- und Nachteile.\n\t\t\t\t\t<\/p>\n\t\t\t\t\t<a class=\"tfw-button tfw-button--black\" href=\"https:\/\/www.traum-ferienwohnungen.de\/vermieter-magazin\/ferienwohnung-kurzfristig-langfristig-vermieten\/\" rel=\"bookmark\"> Erfahren Sie Mehr <\/a>\n\t\t\t\t<\/div><div class=\"tfw-card all-post tfw-yellow paginate-hidden\" data-categories=\"Allgemein|Vermarktung\">\n\t\t\t\t\t<div class=\"cat-list\"> <span class=\"cat-item\">Allgemein<\/span><span class=\"cat-item\">Vermarktung<\/span> <\/div>\n\t\t\t\t\t<h3>Tipps f\u00fcr mehr Stammg\u00e4ste<\/h3>\n\t\t\t\t\t<a href=\"https:\/\/www.traum-ferienwohnungen.de\/vermieter-magazin\/durch-kundenbindungsmassnahmen-stammgaeste-gewinnen-fuer-ferienwohnung\/\" rel=\"bookmark\">\n\t\t\t\t\t\t<figure> \n\t\t\t\t\t\t<img width=\"1440\" height=\"440\" src=\"https:\/\/www.traum-ferienwohnungen.de\/vermieter-magazin\/wp-content\/uploads\/2021\/11\/kundenbindung-stammgaeste-gewinnen-ferienwohnung-ferienhaus.jpg\" class=\"attachment-post-thumbnail size-post-thumbnail wp-post-image\" alt=\"Gastgeber mit Stammg\u00e4sten, die sich gut unterhalten auf einem Sofa auf gelbem Hintergrund\" loading=\"lazy\" srcset=\"https:\/\/www.traum-ferienwohnungen.de\/vermieter-magazin\/wp-content\/uploads\/2021\/11\/kundenbindung-stammgaeste-gewinnen-ferienwohnung-ferienhaus.jpg 1440w, https:\/\/www.traum-ferienwohnungen.de\/vermieter-magazin\/wp-content\/uploads\/2021\/11\/kundenbindung-stammgaeste-gewinnen-ferienwohnung-ferienhaus-300x92.jpg 300w, https:\/\/www.traum-ferienwohnungen.de\/vermieter-magazin\/wp-content\/uploads\/2021\/11\/kundenbindung-stammgaeste-gewinnen-ferienwohnung-ferienhaus-1024x313.jpg 1024w, https:\/\/www.traum-ferienwohnungen.de\/vermieter-magazin\/wp-content\/uploads\/2021\/11\/kundenbindung-stammgaeste-gewinnen-ferienwohnung-ferienhaus-768x235.jpg 768w\" sizes=\"(max-width: 1440px) 100vw, 1440px\" \/>\n\t\t\t\t\t\t<\/figure>\n\t\t\t\t\t<\/a>\n\t\t\t\t\t<p>Von Stammg\u00e4sten gebucht zu werden spart Zeit und Geld.Erfahren Sie hier, wie Sie Ihre G\u00e4ste zum Wiederkommen animieren.\n\t\t\t\t\t<\/p>\n\t\t\t\t\t<a class=\"tfw-button tfw-button--black\" href=\"https:\/\/www.traum-ferienwohnungen.de\/vermieter-magazin\/durch-kundenbindungsmassnahmen-stammgaeste-gewinnen-fuer-ferienwohnung\/\" rel=\"bookmark\"> Erfahren Sie Mehr <\/a>\n\t\t\t\t<\/div><div class=\"tfw-card all-post tfw-yellow paginate-hidden\" data-categories=\"Allgemein|Vermarktung\">\n\t\t\t\t\t<div class=\"cat-list\"> <span class=\"cat-item\">Allgemein<\/span><span class=\"cat-item\">Vermarktung<\/span> <\/div>\n\t\t\t\t\t<h3>Social Media f\u00fcr Ferienunterk\u00fcnfte<\/h3>\n\t\t\t\t\t<a href=\"https:\/\/www.traum-ferienwohnungen.de\/vermieter-magazin\/social-media-instagram-ferienwohnung\/\" rel=\"bookmark\">\n\t\t\t\t\t\t<figure> \n\t\t\t\t\t\t<img width=\"1440\" height=\"440\" src=\"https:\/\/www.traum-ferienwohnungen.de\/vermieter-magazin\/wp-content\/uploads\/2021\/11\/social-media-instagram-marketing-ferienwohnungen.jpg\" class=\"attachment-post-thumbnail size-post-thumbnail wp-post-image\" alt=\"Smartphone mit mehreren Social Media Icons auf gelbem Hintergrund\" loading=\"lazy\" srcset=\"https:\/\/www.traum-ferienwohnungen.de\/vermieter-magazin\/wp-content\/uploads\/2021\/11\/social-media-instagram-marketing-ferienwohnungen.jpg 1440w, https:\/\/www.traum-ferienwohnungen.de\/vermieter-magazin\/wp-content\/uploads\/2021\/11\/social-media-instagram-marketing-ferienwohnungen-300x92.jpg 300w, https:\/\/www.traum-ferienwohnungen.de\/vermieter-magazin\/wp-content\/uploads\/2021\/11\/social-media-instagram-marketing-ferienwohnungen-1024x313.jpg 1024w, https:\/\/www.traum-ferienwohnungen.de\/vermieter-magazin\/wp-content\/uploads\/2021\/11\/social-media-instagram-marketing-ferienwohnungen-768x235.jpg 768w\" sizes=\"(max-width: 1440px) 100vw, 1440px\" \/>\n\t\t\t\t\t\t<\/figure>\n\t\t\t\t\t<\/a>\n\t\t\t\t\t<p>Social Media &#038; Co. werden auch f\u00fcr Vermieter immer wichtiger.Erfahren Sie hier, wie Sie Instagram f\u00fcr sich nutzen.\n\t\t\t\t\t<\/p>\n\t\t\t\t\t<a class=\"tfw-button tfw-button--black\" href=\"https:\/\/www.traum-ferienwohnungen.de\/vermieter-magazin\/social-media-instagram-ferienwohnung\/\" rel=\"bookmark\"> Erfahren Sie Mehr <\/a>\n\t\t\t\t<\/div><div class=\"tfw-card all-post tfw-yellow paginate-hidden\" data-categories=\"Allgemein|Vermarktung\">\n\t\t\t\t\t<div class=\"cat-list\"> <span class=\"cat-item\">Allgemein<\/span><span class=\"cat-item\">Vermarktung<\/span> <\/div>\n\t\t\t\t\t<h3>Bewertungen sammeln und nutzen<\/h3>\n\t\t\t\t\t<a href=\"https:\/\/www.traum-ferienwohnungen.de\/vermieter-magazin\/richtiger-umgang-mit-gaestebewertungen\/\" rel=\"bookmark\">\n\t\t\t\t\t\t<figure> \n\t\t\t\t\t\t<img width=\"1440\" height=\"440\" src=\"https:\/\/www.traum-ferienwohnungen.de\/vermieter-magazin\/wp-content\/uploads\/2021\/11\/bewertungen-sammeln-nutzen-ferienwohnung-ferienhaus.jpg\" class=\"attachment-post-thumbnail size-post-thumbnail wp-post-image\" alt=\"Frau, die mit einem Magneten Likes und Bewertungen ihrer G\u00e4ste anzieht auf gelben Hintergrund\" loading=\"lazy\" srcset=\"https:\/\/www.traum-ferienwohnungen.de\/vermieter-magazin\/wp-content\/uploads\/2021\/11\/bewertungen-sammeln-nutzen-ferienwohnung-ferienhaus.jpg 1440w, https:\/\/www.traum-ferienwohnungen.de\/vermieter-magazin\/wp-content\/uploads\/2021\/11\/bewertungen-sammeln-nutzen-ferienwohnung-ferienhaus-300x92.jpg 300w, https:\/\/www.traum-ferienwohnungen.de\/vermieter-magazin\/wp-content\/uploads\/2021\/11\/bewertungen-sammeln-nutzen-ferienwohnung-ferienhaus-1024x313.jpg 1024w, https:\/\/www.traum-ferienwohnungen.de\/vermieter-magazin\/wp-content\/uploads\/2021\/11\/bewertungen-sammeln-nutzen-ferienwohnung-ferienhaus-768x235.jpg 768w\" sizes=\"(max-width: 1440px) 100vw, 1440px\" \/>\n\t\t\t\t\t\t<\/figure>\n\t\t\t\t\t<\/a>\n\t\t\t\t\t<p>Bewertungen sind Gold wert im Internet.Wir zeigen Ihnen, wie Sie mit Bewertungen Ihren Vermietungserfolg steigern k\u00f6nnen.\n\t\t\t\t\t<\/p>\n\t\t\t\t\t<a class=\"tfw-button tfw-button--black\" href=\"https:\/\/www.traum-ferienwohnungen.de\/vermieter-magazin\/richtiger-umgang-mit-gaestebewertungen\/\" rel=\"bookmark\"> Erfahren Sie Mehr <\/a>\n\t\t\t\t<\/div><div class=\"tfw-card all-post tfw-yellow paginate-hidden\" data-categories=\"Allgemein|Vermarktung\">\n\t\t\t\t\t<div class=\"cat-list\"> <span class=\"cat-item\">Allgemein<\/span><span class=\"cat-item\">Vermarktung<\/span> <\/div>\n\t\t\t\t\t<h3>Fotos f\u00fcr die Ferienwohnung<\/h3>\n\t\t\t\t\t<a href=\"https:\/\/www.traum-ferienwohnungen.de\/vermieter-magazin\/fotos-von-ferienwohnungen-selber-machen\/\" rel=\"bookmark\">\n\t\t\t\t\t\t<figure> \n\t\t\t\t\t\t<img width=\"1440\" height=\"440\" src=\"https:\/\/www.traum-ferienwohnungen.de\/vermieter-magazin\/wp-content\/uploads\/2021\/11\/fotos-ferienhaus-ferienwohnung-selber-machen-tipps.jpg\" class=\"attachment-post-thumbnail size-post-thumbnail wp-post-image\" alt=\"Frau mit Kamera und zwei Fotos von Ferienwohnungen und Ferienh\u00e4usern auf gelbem Hintergrund\" loading=\"lazy\" srcset=\"https:\/\/www.traum-ferienwohnungen.de\/vermieter-magazin\/wp-content\/uploads\/2021\/11\/fotos-ferienhaus-ferienwohnung-selber-machen-tipps.jpg 1440w, https:\/\/www.traum-ferienwohnungen.de\/vermieter-magazin\/wp-content\/uploads\/2021\/11\/fotos-ferienhaus-ferienwohnung-selber-machen-tipps-300x92.jpg 300w, https:\/\/www.traum-ferienwohnungen.de\/vermieter-magazin\/wp-content\/uploads\/2021\/11\/fotos-ferienhaus-ferienwohnung-selber-machen-tipps-1024x313.jpg 1024w, https:\/\/www.traum-ferienwohnungen.de\/vermieter-magazin\/wp-content\/uploads\/2021\/11\/fotos-ferienhaus-ferienwohnung-selber-machen-tipps-768x235.jpg 768w\" sizes=\"(max-width: 1440px) 100vw, 1440px\" \/>\n\t\t\t\t\t\t<\/figure>\n\t\t\t\t\t<\/a>\n\t\t\t\t\t<p>Gute Bilder sind ein Erfolgsgarant f\u00fcr Ihre Ferienwohnung.Wir zeigen Ihnen, worauf Sie achten sollten, wenn Sie selber Fotos machen.\n\t\t\t\t\t<\/p>\n\t\t\t\t\t<a class=\"tfw-button tfw-button--black\" href=\"https:\/\/www.traum-ferienwohnungen.de\/vermieter-magazin\/fotos-von-ferienwohnungen-selber-machen\/\" rel=\"bookmark\"> Erfahren Sie Mehr <\/a>\n\t\t\t\t<\/div><div class=\"tfw-card all-post tfw-yellow paginate-hidden\" data-categories=\"Allgemein|Vermarktung\">\n\t\t\t\t\t<div class=\"cat-list\"> <span class=\"cat-item\">Allgemein<\/span><span class=\"cat-item\">Vermarktung<\/span> <\/div>\n\t\t\t\t\t<h3>Das perfekte Inserat<\/h3>\n\t\t\t\t\t<a href=\"https:\/\/www.traum-ferienwohnungen.de\/vermieter-magazin\/schreib-tipps-gute-inserate-fuer-ferienwohnungen\/\" rel=\"bookmark\">\n\t\t\t\t\t\t<figure> \n\t\t\t\t\t\t<img width=\"1440\" height=\"440\" src=\"https:\/\/www.traum-ferienwohnungen.de\/vermieter-magazin\/wp-content\/uploads\/2021\/11\/perfektes-inserat-schreiben-ferienwohnung-ferienhaus.jpg\" class=\"attachment-post-thumbnail size-post-thumbnail wp-post-image\" alt=\"Mann mit Gedankenblase, in dem der Screenshot von einem Inserat eines Ferienhauses ist auf gelben Hintergrund\" loading=\"lazy\" srcset=\"https:\/\/www.traum-ferienwohnungen.de\/vermieter-magazin\/wp-content\/uploads\/2021\/11\/perfektes-inserat-schreiben-ferienwohnung-ferienhaus.jpg 1440w, https:\/\/www.traum-ferienwohnungen.de\/vermieter-magazin\/wp-content\/uploads\/2021\/11\/perfektes-inserat-schreiben-ferienwohnung-ferienhaus-300x92.jpg 300w, https:\/\/www.traum-ferienwohnungen.de\/vermieter-magazin\/wp-content\/uploads\/2021\/11\/perfektes-inserat-schreiben-ferienwohnung-ferienhaus-1024x313.jpg 1024w, https:\/\/www.traum-ferienwohnungen.de\/vermieter-magazin\/wp-content\/uploads\/2021\/11\/perfektes-inserat-schreiben-ferienwohnung-ferienhaus-768x235.jpg 768w\" sizes=\"(max-width: 1440px) 100vw, 1440px\" \/>\n\t\t\t\t\t\t<\/figure>\n\t\t\t\t\t<\/a>\n\t\t\t\t\t<p>Ein gutes Inserat ist die Grundlage f\u00fcr viele Buchungen.Wie zeigen Ihnen wie Sie Ihres erstellen und worauf Sie achten sollten.\n\t\t\t\t\t<\/p>\n\t\t\t\t\t<a class=\"tfw-button tfw-button--black\" href=\"https:\/\/www.traum-ferienwohnungen.de\/vermieter-magazin\/schreib-tipps-gute-inserate-fuer-ferienwohnungen\/\" rel=\"bookmark\"> Erfahren Sie Mehr <\/a>\n\t\t\t\t<\/div><div class=\"tfw-card all-post tfw-yellow paginate-hidden\" data-categories=\"Allgemein|Vermarktung\">\n\t\t\t\t\t<div class=\"cat-list\"> <span class=\"cat-item\">Allgemein<\/span><span class=\"cat-item\">Vermarktung<\/span> <\/div>\n\t\t\t\t\t<h3>SEO f\u00fcr Ferienunterk\u00fcnfte<\/h3>\n\t\t\t\t\t<a href=\"https:\/\/www.traum-ferienwohnungen.de\/vermieter-magazin\/suchmaschinenoptimierung-ferienwohnung\/\" rel=\"bookmark\">\n\t\t\t\t\t\t<figure> \n\t\t\t\t\t\t<img width=\"1440\" height=\"440\" src=\"https:\/\/www.traum-ferienwohnungen.de\/vermieter-magazin\/wp-content\/uploads\/2021\/11\/seo-ferienwohnung-ferienhaus-header.jpg\" class=\"attachment-post-thumbnail size-post-thumbnail wp-post-image\" alt=\"Illustration einer Suchmaschine\" loading=\"lazy\" srcset=\"https:\/\/www.traum-ferienwohnungen.de\/vermieter-magazin\/wp-content\/uploads\/2021\/11\/seo-ferienwohnung-ferienhaus-header.jpg 1440w, https:\/\/www.traum-ferienwohnungen.de\/vermieter-magazin\/wp-content\/uploads\/2021\/11\/seo-ferienwohnung-ferienhaus-header-300x92.jpg 300w, https:\/\/www.traum-ferienwohnungen.de\/vermieter-magazin\/wp-content\/uploads\/2021\/11\/seo-ferienwohnung-ferienhaus-header-1024x313.jpg 1024w, https:\/\/www.traum-ferienwohnungen.de\/vermieter-magazin\/wp-content\/uploads\/2021\/11\/seo-ferienwohnung-ferienhaus-header-768x235.jpg 768w\" sizes=\"(max-width: 1440px) 100vw, 1440px\" \/>\n\t\t\t\t\t\t<\/figure>\n\t\t\t\t\t<\/a>\n\t\t\t\t\t<p>Ein Gro\u00dfteil der Urlauber sucht online nach Ferienunterk\u00fcnften.Wir zeigen Ihnen, was Sie tun k\u00f6nnen, damit Ihre Inserate gefunden werden.\n\t\t\t\t\t<\/p>\n\t\t\t\t\t<a class=\"tfw-button tfw-button--black\" href=\"https:\/\/www.traum-ferienwohnungen.de\/vermieter-magazin\/suchmaschinenoptimierung-ferienwohnung\/\" rel=\"bookmark\"> Erfahren Sie Mehr <\/a>\n\t\t\t\t<\/div><div class=\"tfw-card all-post tfw-red paginate-hidden\" data-categories=\"Allgemein|Ausstattung\">\n\t\t\t\t\t<div class=\"cat-list\"> <span class=\"cat-item\">Allgemein<\/span><span class=\"cat-item\">Ausstattung<\/span> <\/div>\n\t\t\t\t\t<h3>Homestaging f\u00fcr Ferienwohnungen<\/h3>\n\t\t\t\t\t<a href=\"https:\/\/www.traum-ferienwohnungen.de\/vermieter-magazin\/homestaging-ferienwohnung\/\" rel=\"bookmark\">\n\t\t\t\t\t\t<figure> \n\t\t\t\t\t\t<img width=\"1440\" height=\"440\" src=\"https:\/\/www.traum-ferienwohnungen.de\/vermieter-magazin\/wp-content\/uploads\/2021\/07\/homestaging-header.jpg\" class=\"attachment-post-thumbnail size-post-thumbnail wp-post-image\" alt=\"Roter Hintergrund, im Vordergrund sieht man Icons: Blaues Sofa, Pflanze und eine Frau\" loading=\"lazy\" srcset=\"https:\/\/www.traum-ferienwohnungen.de\/vermieter-magazin\/wp-content\/uploads\/2021\/07\/homestaging-header.jpg 1440w, https:\/\/www.traum-ferienwohnungen.de\/vermieter-magazin\/wp-content\/uploads\/2021\/07\/homestaging-header-300x92.jpg 300w, https:\/\/www.traum-ferienwohnungen.de\/vermieter-magazin\/wp-content\/uploads\/2021\/07\/homestaging-header-1024x313.jpg 1024w, https:\/\/www.traum-ferienwohnungen.de\/vermieter-magazin\/wp-content\/uploads\/2021\/07\/homestaging-header-768x235.jpg 768w\" sizes=\"(max-width: 1440px) 100vw, 1440px\" \/>\n\t\t\t\t\t\t<\/figure>\n\t\t\t\t\t<\/a>\n\t\t\t\t\t<p>Mit einem professionellen Homestaging k\u00f6nnen Sie Ihre Ferienunterkunft im besten Licht pr\u00e4sentieren und Ihren Vermietungserfolg steigern. Wir zeigen, was dahinter steckt.\n\t\t\t\t\t<\/p>\n\t\t\t\t\t<a class=\"tfw-button tfw-button--black\" href=\"https:\/\/www.traum-ferienwohnungen.de\/vermieter-magazin\/homestaging-ferienwohnung\/\" rel=\"bookmark\"> Erfahren Sie Mehr <\/a>\n\t\t\t\t<\/div><div class=\"tfw-card all-post tfw-green paginate-hidden\" data-categories=\"Allgemein|Verwaltung\">\n\t\t\t\t\t<div class=\"cat-list\"> <span class=\"cat-item\">Allgemein<\/span><span class=\"cat-item\">Verwaltung<\/span> <\/div>\n\t\t\t\t\t<h3>Hygienekonzept f\u00fcr Ferienwohnungen<\/h3>\n\t\t\t\t\t<a href=\"https:\/\/www.traum-ferienwohnungen.de\/vermieter-magazin\/hygienekonzept-fuer-ferienwohnungen\/\" rel=\"bookmark\">\n\t\t\t\t\t\t<figure> \n\t\t\t\t\t\t<img width=\"1440\" height=\"440\" src=\"https:\/\/www.traum-ferienwohnungen.de\/vermieter-magazin\/wp-content\/uploads\/2021\/07\/hygienekonzept-header.jpg\" class=\"attachment-post-thumbnail size-post-thumbnail wp-post-image\" alt=\"Gelber Hintergrund mit Icons, die eine Hand zeigen, die einen Putzlappen h\u00e4lt. Im Vordergrund sind Icons eines Mannes und einer Frau, die Putzmittel halten, zu sehen. \u2013 Hygienekonzept f\u00fcr Ferienwohnungen\" loading=\"lazy\" srcset=\"https:\/\/www.traum-ferienwohnungen.de\/vermieter-magazin\/wp-content\/uploads\/2021\/07\/hygienekonzept-header.jpg 1440w, https:\/\/www.traum-ferienwohnungen.de\/vermieter-magazin\/wp-content\/uploads\/2021\/07\/hygienekonzept-header-300x92.jpg 300w, https:\/\/www.traum-ferienwohnungen.de\/vermieter-magazin\/wp-content\/uploads\/2021\/07\/hygienekonzept-header-1024x313.jpg 1024w, https:\/\/www.traum-ferienwohnungen.de\/vermieter-magazin\/wp-content\/uploads\/2021\/07\/hygienekonzept-header-768x235.jpg 768w\" sizes=\"(max-width: 1440px) 100vw, 1440px\" \/>\n\t\t\t\t\t\t<\/figure>\n\t\t\t\t\t<\/a>\n\t\t\t\t\t<p>Worauf kommt es bei einem Hygienekonzept f\u00fcr Ferienwohnungen an? Was geh\u00f6rt hinein? Das und mehr erfahren Sie in diesem Artikel.\n\t\t\t\t\t<\/p>\n\t\t\t\t\t<a class=\"tfw-button tfw-button--black\" href=\"https:\/\/www.traum-ferienwohnungen.de\/vermieter-magazin\/hygienekonzept-fuer-ferienwohnungen\/\" rel=\"bookmark\"> Erfahren Sie Mehr <\/a>\n\t\t\t\t<\/div><div class=\"tfw-card all-post tfw-green paginate-hidden\" data-categories=\"Allgemein|Verwaltung\">\n\t\t\t\t\t<div class=\"cat-list\"> <span class=\"cat-item\">Allgemein<\/span><span class=\"cat-item\">Verwaltung<\/span> <\/div>\n\t\t\t\t\t<h3>Vorteile einer Hausordnung<\/h3>\n\t\t\t\t\t<a href=\"https:\/\/www.traum-ferienwohnungen.de\/vermieter-magazin\/hausordnung-ferienwohnung-erstellen\/\" rel=\"bookmark\">\n\t\t\t\t\t\t<figure> \n\t\t\t\t\t\t<img width=\"1440\" height=\"440\" src=\"https:\/\/www.traum-ferienwohnungen.de\/vermieter-magazin\/wp-content\/uploads\/2020\/09\/hausordnung-ferienwohnung1440x440px.jpg\" class=\"attachment-post-thumbnail size-post-thumbnail wp-post-image\" alt=\"Hausordnung f\u00fcr eine Ferienwohnung erstellen\" loading=\"lazy\" srcset=\"https:\/\/www.traum-ferienwohnungen.de\/vermieter-magazin\/wp-content\/uploads\/2020\/09\/hausordnung-ferienwohnung1440x440px.jpg 1440w, https:\/\/www.traum-ferienwohnungen.de\/vermieter-magazin\/wp-content\/uploads\/2020\/09\/hausordnung-ferienwohnung1440x440px-300x92.jpg 300w, https:\/\/www.traum-ferienwohnungen.de\/vermieter-magazin\/wp-content\/uploads\/2020\/09\/hausordnung-ferienwohnung1440x440px-1024x313.jpg 1024w, https:\/\/www.traum-ferienwohnungen.de\/vermieter-magazin\/wp-content\/uploads\/2020\/09\/hausordnung-ferienwohnung1440x440px-768x235.jpg 768w\" sizes=\"(max-width: 1440px) 100vw, 1440px\" \/>\n\t\t\t\t\t\t<\/figure>\n\t\t\t\t\t<\/a>\n\t\t\t\t\t<p>Durch eine Hausordnung wird die Vermietung vereinfacht.Lesen Sie, welche Vorteile eine Hausordnung hat und wie Sie diese selbst erstellen k\u00f6nnen.\n\t\t\t\t\t<\/p>\n\t\t\t\t\t<a class=\"tfw-button tfw-button--black\" href=\"https:\/\/www.traum-ferienwohnungen.de\/vermieter-magazin\/hausordnung-ferienwohnung-erstellen\/\" rel=\"bookmark\"> Erfahren Sie Mehr <\/a>\n\t\t\t\t<\/div><div class=\"tfw-card all-post tfw-blue paginate-hidden\" data-categories=\"Allgemein|Finanzielles\">\n\t\t\t\t\t<div class=\"cat-list\"> <span class=\"cat-item\">Allgemein<\/span><span class=\"cat-item\">Finanzielles<\/span> <\/div>\n\t\t\t\t\t<h3>Absicherung durch Kaution<\/h3>\n\t\t\t\t\t<a href=\"https:\/\/www.traum-ferienwohnungen.de\/vermieter-magazin\/absicherung-durch-kaution-fuer-ihre-ferienwohnung\/\" rel=\"bookmark\">\n\t\t\t\t\t\t<figure> \n\t\t\t\t\t\t<img width=\"1440\" height=\"440\" src=\"https:\/\/www.traum-ferienwohnungen.de\/vermieter-magazin\/wp-content\/uploads\/2020\/10\/kaution-fuer-ferienwohnung-1440x440px.jpg\" class=\"attachment-post-thumbnail size-post-thumbnail wp-post-image\" alt=\"Absicherung durch Kaution f\u00fcr Ihre Ferienwohnung\" loading=\"lazy\" srcset=\"https:\/\/www.traum-ferienwohnungen.de\/vermieter-magazin\/wp-content\/uploads\/2020\/10\/kaution-fuer-ferienwohnung-1440x440px.jpg 1440w, https:\/\/www.traum-ferienwohnungen.de\/vermieter-magazin\/wp-content\/uploads\/2020\/10\/kaution-fuer-ferienwohnung-1440x440px-300x92.jpg 300w, https:\/\/www.traum-ferienwohnungen.de\/vermieter-magazin\/wp-content\/uploads\/2020\/10\/kaution-fuer-ferienwohnung-1440x440px-1024x313.jpg 1024w, https:\/\/www.traum-ferienwohnungen.de\/vermieter-magazin\/wp-content\/uploads\/2020\/10\/kaution-fuer-ferienwohnung-1440x440px-768x235.jpg 768w\" sizes=\"(max-width: 1440px) 100vw, 1440px\" \/>\n\t\t\t\t\t\t<\/figure>\n\t\t\t\t\t<\/a>\n\t\t\t\t\t<p>Eine Mietkaution sichert Gastgeber vor Sch\u00e4den am Eigentum ab. Erfahren Sie, worauf Sie bei einer Kaution achten sollten.\n\t\t\t\t\t<\/p>\n\t\t\t\t\t<a class=\"tfw-button tfw-button--black\" href=\"https:\/\/www.traum-ferienwohnungen.de\/vermieter-magazin\/absicherung-durch-kaution-fuer-ihre-ferienwohnung\/\" rel=\"bookmark\"> Erfahren Sie Mehr <\/a>\n\t\t\t\t<\/div><div class=\"tfw-card all-post tfw-green paginate-hidden\" data-categories=\"Allgemein|Verwaltung\">\n\t\t\t\t\t<div class=\"cat-list\"> <span class=\"cat-item\">Allgemein<\/span><span class=\"cat-item\">Verwaltung<\/span> <\/div>\n\t\t\t\t\t<h3>Umgang mit Stornierungen<\/h3>\n\t\t\t\t\t<a href=\"https:\/\/www.traum-ferienwohnungen.de\/vermieter-magazin\/stornorechnung-ferienwohnung-muster\/\" rel=\"bookmark\">\n\t\t\t\t\t\t<figure> \n\t\t\t\t\t\t<img width=\"1440\" height=\"440\" src=\"https:\/\/www.traum-ferienwohnungen.de\/vermieter-magazin\/wp-content\/uploads\/2020\/10\/buchungen-stornieren-ferienwohnung-header.jpg\" class=\"attachment-post-thumbnail size-post-thumbnail wp-post-image\" alt=\"Buchung einer Ferienwohnung stornieren - Stornorechnung f\u00fcr eine Ferienwohnung erstellen mit Muster\" loading=\"lazy\" srcset=\"https:\/\/www.traum-ferienwohnungen.de\/vermieter-magazin\/wp-content\/uploads\/2020\/10\/buchungen-stornieren-ferienwohnung-header.jpg 1440w, https:\/\/www.traum-ferienwohnungen.de\/vermieter-magazin\/wp-content\/uploads\/2020\/10\/buchungen-stornieren-ferienwohnung-header-300x92.jpg 300w, https:\/\/www.traum-ferienwohnungen.de\/vermieter-magazin\/wp-content\/uploads\/2020\/10\/buchungen-stornieren-ferienwohnung-header-1024x313.jpg 1024w, https:\/\/www.traum-ferienwohnungen.de\/vermieter-magazin\/wp-content\/uploads\/2020\/10\/buchungen-stornieren-ferienwohnung-header-768x235.jpg 768w\" sizes=\"(max-width: 1440px) 100vw, 1440px\" \/>\n\t\t\t\t\t\t<\/figure>\n\t\t\t\t\t<\/a>\n\t\t\t\t\t<p>Stornierungen sind bei der Vermietung \u00e4rgerlich, aber leider nicht vermeidbar.Erleichtern Sie sich die Bearbeitung mit unseren Tipps und einer kostenlosen Muster-Stornorechnung \n\t\t\t\t\t<\/p>\n\t\t\t\t\t<a class=\"tfw-button tfw-button--black\" href=\"https:\/\/www.traum-ferienwohnungen.de\/vermieter-magazin\/stornorechnung-ferienwohnung-muster\/\" rel=\"bookmark\"> Erfahren Sie Mehr <\/a>\n\t\t\t\t<\/div><div class=\"tfw-card all-post tfw-yellow paginate-hidden\" data-categories=\"Allgemein\">\n\t\t\t\t\t<div class=\"cat-list\"> <span class=\"cat-item\">Allgemein<\/span> <\/div>\n\t\t\t\t\t<h3>Exklusive Angebote f\u00fcr Sie<\/h3>\n\t\t\t\t\t<a href=\"https:\/\/www.traum-ferienwohnungen.de\/vermieter-magazin\/exklusive-angebote-fuer-sie\/\" rel=\"bookmark\">\n\t\t\t\t\t\t<figure> \n\t\t\t\t\t\t\n\t\t\t\t\t\t<\/figure>\n\t\t\t\t\t<\/a>\n\t\t\t\t\t<p>Roamlike stellt Ihnen eine Auswahl von Markenprodukten zusammen, die auf Ihre Ferienwohnung zugeschnitten sind.Roamlike stellt Ihnen eine Auswahl von Markenprodukten zusammen, die auf Ihre Ferienwohnung zugeschnitten sind.\n\t\t\t\t\t<\/p>\n\t\t\t\t\t<a class=\"tfw-button tfw-button--black\" href=\"https:\/\/www.traum-ferienwohnungen.de\/vermieter-magazin\/exklusive-angebote-fuer-sie\/\" rel=\"bookmark\"> Erfahren Sie Mehr <\/a>\n\t\t\t\t<\/div><div class=\"tfw-card all-post tfw-green paginate-hidden\" data-categories=\"Allgemein|Verwaltung\">\n\t\t\t\t\t<div class=\"cat-list\"> <span class=\"cat-item\">Allgemein<\/span><span class=\"cat-item\">Verwaltung<\/span> <\/div>\n\t\t\t\t\t<h3>Mietvertrag erstellen<\/h3>\n\t\t\t\t\t<a href=\"https:\/\/www.traum-ferienwohnungen.de\/vermieter-magazin\/mustermietvertrag-fuer-ferienwohnungen\/\" rel=\"bookmark\">\n\t\t\t\t\t\t<figure> \n\t\t\t\t\t\t<img width=\"1024\" height=\"313\" src=\"https:\/\/www.traum-ferienwohnungen.de\/vermieter-magazin\/wp-content\/uploads\/2020\/06\/mustermietvertrag-fuer-ferienwohnungen-1024x313-1.jpg\" class=\"attachment-post-thumbnail size-post-thumbnail wp-post-image\" alt=\"Muster-Mietvertrag zur Vermietung Ihrer Ferienwohnung\" loading=\"lazy\" srcset=\"https:\/\/www.traum-ferienwohnungen.de\/vermieter-magazin\/wp-content\/uploads\/2020\/06\/mustermietvertrag-fuer-ferienwohnungen-1024x313-1.jpg 1024w, https:\/\/www.traum-ferienwohnungen.de\/vermieter-magazin\/wp-content\/uploads\/2020\/06\/mustermietvertrag-fuer-ferienwohnungen-1024x313-1-300x92.jpg 300w, https:\/\/www.traum-ferienwohnungen.de\/vermieter-magazin\/wp-content\/uploads\/2020\/06\/mustermietvertrag-fuer-ferienwohnungen-1024x313-1-768x235.jpg 768w\" sizes=\"(max-width: 1024px) 100vw, 1024px\" \/>\n\t\t\t\t\t\t<\/figure>\n\t\t\t\t\t<\/a>\n\t\t\t\t\t<p>Wir erkl\u00e4ren, worauf Sie bei einem Mietvertrag achten m\u00fcssen und stellen Ihnen ein kostenloses Muster zur Verf\u00fcgung.\n\t\t\t\t\t<\/p>\n\t\t\t\t\t<a class=\"tfw-button tfw-button--black\" href=\"https:\/\/www.traum-ferienwohnungen.de\/vermieter-magazin\/mustermietvertrag-fuer-ferienwohnungen\/\" rel=\"bookmark\"> Erfahren Sie Mehr <\/a>\n\t\t\t\t<\/div><div class=\"tfw-card all-post tfw-yellow paginate-hidden\" data-categories=\"Allgemein|Vermarktung\">\n\t\t\t\t\t<div class=\"cat-list\"> <span class=\"cat-item\">Allgemein<\/span><span class=\"cat-item\">Vermarktung<\/span> <\/div>\n\t\t\t\t\t<h3>Sicherheit im Internet<\/h3>\n\t\t\t\t\t<a href=\"https:\/\/www.traum-ferienwohnungen.de\/vermieter-magazin\/gefahren-im-internet-fuer-vermieter\/\" rel=\"bookmark\">\n\t\t\t\t\t\t<figure> \n\t\t\t\t\t\t<img width=\"1024\" height=\"313\" src=\"https:\/\/www.traum-ferienwohnungen.de\/vermieter-magazin\/wp-content\/uploads\/2020\/06\/internet-gefahren-fuer-vermieter-1024x313-2.jpg\" class=\"attachment-post-thumbnail size-post-thumbnail wp-post-image\" alt=\"Gefahren f\u00fcr Vermieter im Internet umgehen\" loading=\"lazy\" srcset=\"https:\/\/www.traum-ferienwohnungen.de\/vermieter-magazin\/wp-content\/uploads\/2020\/06\/internet-gefahren-fuer-vermieter-1024x313-2.jpg 1024w, https:\/\/www.traum-ferienwohnungen.de\/vermieter-magazin\/wp-content\/uploads\/2020\/06\/internet-gefahren-fuer-vermieter-1024x313-2-300x92.jpg 300w, https:\/\/www.traum-ferienwohnungen.de\/vermieter-magazin\/wp-content\/uploads\/2020\/06\/internet-gefahren-fuer-vermieter-1024x313-2-768x235.jpg 768w\" sizes=\"(max-width: 1024px) 100vw, 1024px\" \/>\n\t\t\t\t\t\t<\/figure>\n\t\t\t\t\t<\/a>\n\t\t\t\t\t<p>Erfahren Sie, wie Sie Gefahren im Internet umgehen und Ihre Ferienunterkunft sicher online anbieten k\u00f6nnen.\n\t\t\t\t\t<\/p>\n\t\t\t\t\t<a class=\"tfw-button tfw-button--black\" href=\"https:\/\/www.traum-ferienwohnungen.de\/vermieter-magazin\/gefahren-im-internet-fuer-vermieter\/\" rel=\"bookmark\"> Erfahren Sie Mehr <\/a>\n\t\t\t\t<\/div><div class=\"tfw-card all-post tfw-green paginate-hidden\" data-categories=\"Allgemein|Verwaltung\">\n\t\t\t\t\t<div class=\"cat-list\"> <span class=\"cat-item\">Allgemein<\/span><span class=\"cat-item\">Verwaltung<\/span> <\/div>\n\t\t\t\t\t<h3>Versicherungen f\u00fcr Gastgeber<\/h3>\n\t\t\t\t\t<a href=\"https:\/\/www.traum-ferienwohnungen.de\/vermieter-magazin\/wichtige-versicherungen-fuer-vermieter\/\" rel=\"bookmark\">\n\t\t\t\t\t\t<figure> \n\t\t\t\t\t\t<img width=\"1024\" height=\"313\" src=\"https:\/\/www.traum-ferienwohnungen.de\/vermieter-magazin\/wp-content\/uploads\/2020\/06\/wichtige-versicherungen-fuer-vermieter-1024x313-1.jpg\" class=\"attachment-post-thumbnail size-post-thumbnail wp-post-image\" alt=\"Wichtige Versicherung f\u00fcr Vermieter\" loading=\"lazy\" srcset=\"https:\/\/www.traum-ferienwohnungen.de\/vermieter-magazin\/wp-content\/uploads\/2020\/06\/wichtige-versicherungen-fuer-vermieter-1024x313-1.jpg 1024w, https:\/\/www.traum-ferienwohnungen.de\/vermieter-magazin\/wp-content\/uploads\/2020\/06\/wichtige-versicherungen-fuer-vermieter-1024x313-1-300x92.jpg 300w, https:\/\/www.traum-ferienwohnungen.de\/vermieter-magazin\/wp-content\/uploads\/2020\/06\/wichtige-versicherungen-fuer-vermieter-1024x313-1-768x235.jpg 768w\" sizes=\"(max-width: 1024px) 100vw, 1024px\" \/>\n\t\t\t\t\t\t<\/figure>\n\t\t\t\t\t<\/a>\n\t\t\t\t\t<p>Sichern Sie sich richtig ab und vermeiden Sie so unn\u00f6tige Kosten. Erfahren Sie, welche Versicherung Gastgeber haben sollten.\n\t\t\t\t\t<\/p>\n\t\t\t\t\t<a class=\"tfw-button tfw-button--black\" href=\"https:\/\/www.traum-ferienwohnungen.de\/vermieter-magazin\/wichtige-versicherungen-fuer-vermieter\/\" rel=\"bookmark\"> Erfahren Sie Mehr <\/a>\n\t\t\t\t<\/div><div class=\"tfw-card all-post tfw-blue paginate-hidden\" data-categories=\"Allgemein|Finanzielles\">\n\t\t\t\t\t<div class=\"cat-list\"> <span class=\"cat-item\">Allgemein<\/span><span class=\"cat-item\">Finanzielles<\/span> <\/div>\n\t\t\t\t\t<h3>Wichtiges beim Immobilien-Kauf<\/h3>\n\t\t\t\t\t<a href=\"https:\/\/www.traum-ferienwohnungen.de\/vermieter-magazin\/ratgeber-kauf-ferienimmobilie\/\" rel=\"bookmark\">\n\t\t\t\t\t\t<figure> \n\t\t\t\t\t\t<img width=\"1024\" height=\"313\" src=\"https:\/\/www.traum-ferienwohnungen.de\/vermieter-magazin\/wp-content\/uploads\/2020\/06\/ferienimmobilie-kaufen-e1591187877936-1024x313-1.jpg\" class=\"attachment-post-thumbnail size-post-thumbnail wp-post-image\" alt=\"Wichtige Informationen f\u00fcr den Kauf eines Ferienhauses\" loading=\"lazy\" srcset=\"https:\/\/www.traum-ferienwohnungen.de\/vermieter-magazin\/wp-content\/uploads\/2020\/06\/ferienimmobilie-kaufen-e1591187877936-1024x313-1.jpg 1024w, https:\/\/www.traum-ferienwohnungen.de\/vermieter-magazin\/wp-content\/uploads\/2020\/06\/ferienimmobilie-kaufen-e1591187877936-1024x313-1-300x92.jpg 300w, https:\/\/www.traum-ferienwohnungen.de\/vermieter-magazin\/wp-content\/uploads\/2020\/06\/ferienimmobilie-kaufen-e1591187877936-1024x313-1-768x235.jpg 768w\" sizes=\"(max-width: 1024px) 100vw, 1024px\" \/>\n\t\t\t\t\t\t<\/figure>\n\t\t\t\t\t<\/a>\n\t\t\t\t\t<p>Sie \u00fcberlegen, eine Ferienwohnung zu kaufen?  Wir erkl\u00e4ren Ihnen, worauf es beim Kauf einer Ferienimmobilie ankommt.\n\t\t\t\t\t<\/p>\n\t\t\t\t\t<a class=\"tfw-button tfw-button--black\" href=\"https:\/\/www.traum-ferienwohnungen.de\/vermieter-magazin\/ratgeber-kauf-ferienimmobilie\/\" rel=\"bookmark\"> Erfahren Sie Mehr <\/a>\n\t\t\t\t<\/div><div class=\"tfw-card all-post tfw-purple paginate-hidden\" data-categories=\"Allgemein|Sicherheit\">\n\t\t\t\t\t<div class=\"cat-list\"> <span class=\"cat-item\">Allgemein<\/span><span class=\"cat-item\">Sicherheit<\/span> <\/div>\n\t\t\t\t\t<h3>Schl\u00fcsselsafes im Test<\/h3>\n\t\t\t\t\t<a href=\"https:\/\/www.traum-ferienwohnungen.de\/vermieter-magazin\/schluesseltresore-schluesselsafes-von-masunt-im-test-2019\/\" rel=\"bookmark\">\n\t\t\t\t\t\t<figure> \n\t\t\t\t\t\t<img width=\"1024\" height=\"313\" src=\"https:\/\/www.traum-ferienwohnungen.de\/vermieter-magazin\/wp-content\/uploads\/2020\/06\/schluesseltresore-schluesselsafes-von-masunt-Test-2019-1024x313-1.jpg\" class=\"attachment-post-thumbnail size-post-thumbnail wp-post-image\" alt=\"Schl\u00fcsseltresore &amp; Schl\u00fcsselsafes von Masunt Test 2019\" loading=\"lazy\" srcset=\"https:\/\/www.traum-ferienwohnungen.de\/vermieter-magazin\/wp-content\/uploads\/2020\/06\/schluesseltresore-schluesselsafes-von-masunt-Test-2019-1024x313-1.jpg 1024w, https:\/\/www.traum-ferienwohnungen.de\/vermieter-magazin\/wp-content\/uploads\/2020\/06\/schluesseltresore-schluesselsafes-von-masunt-Test-2019-1024x313-1-300x92.jpg 300w, https:\/\/www.traum-ferienwohnungen.de\/vermieter-magazin\/wp-content\/uploads\/2020\/06\/schluesseltresore-schluesselsafes-von-masunt-Test-2019-1024x313-1-768x235.jpg 768w\" sizes=\"(max-width: 1024px) 100vw, 1024px\" \/>\n\t\t\t\t\t\t<\/figure>\n\t\t\t\t\t<\/a>\n\t\t\t\t\t<p>Welche Anspr\u00fcche muss ein Schl\u00fcsselsafe f\u00fcr Ferienwohnungen erf\u00fcllen? 4 Modelle im Test.\n\t\t\t\t\t<\/p>\n\t\t\t\t\t<a class=\"tfw-button tfw-button--black\" href=\"https:\/\/www.traum-ferienwohnungen.de\/vermieter-magazin\/schluesseltresore-schluesselsafes-von-masunt-im-test-2019\/\" rel=\"bookmark\"> Erfahren Sie Mehr <\/a>\n\t\t\t\t<\/div><\/div><div class=\"posts-foot-nav\">\n\t\t\t<p id=\"total-posts\" class=\"total-posts\" data-total-posts=\"82\"> 6 von 82 Vermieterartikeln <\/p>\n\t\t\t<div class=\"page-btns\">\n\t\t\t\t<button id=\"page-prev-btn\" class=\"page-btn page-btn-pre\" type=\"button\">\n\t\t\t\t\t<svg width=\"7\" height=\"12\" viewBox=\"0 0 7 12\" xmlns=\"http:\/\/www.w3.org\/2000\/svg\" data-svg=\"pagination-previous\"><polyline fill=\"none\" stroke=\"currentColor\" stroke-width=\"1.2\" points=\"6 1 1 6 6 11\"><\/polyline><\/svg>\n\t\t\t\t<\/button>\n\t\t\t\t<div class=\"page-btn-pages\">\n\t\t\t\t\t<button class=\"page-btn\" data-page=\"1\" type=\"button\">1<\/button><button class=\"page-btn\" data-page=\"2\" type=\"button\">2<\/button><button class=\"page-btn\" data-page=\"3\" type=\"button\">3<\/button><button class=\"page-btn\" data-page=\"4\" type=\"button\">4<\/button><button class=\"page-btn\" data-page=\"5\" type=\"button\">5<\/button><button class=\"page-btn\" data-page=\"6\" type=\"button\">6<\/button><button class=\"page-btn\" data-page=\"7\" type=\"button\">7<\/button><button class=\"page-btn\" data-page=\"8\" type=\"button\">8<\/button><button class=\"page-btn\" data-page=\"9\" type=\"button\">9<\/button><button class=\"page-btn\" data-page=\"10\" type=\"button\">10<\/button><button class=\"page-btn\" data-page=\"11\" type=\"button\">11<\/button><button class=\"page-btn\" data-page=\"12\" type=\"button\">12<\/button><button class=\"page-btn\" data-page=\"13\" type=\"button\">13<\/button><button class=\"page-btn\" data-page=\"14\" type=\"button\">14<\/button>\n\t\t\t\t<\/div>\n\t\t\t\t<p class=\"mobile-page-text\">Seite 1 von 14<\/p>\n\t\t\t\t<button id=\"page-next-btn\" class=\"page-btn page-btn-next\" type=\"button\">\n\t\t\t\t\t<svg width=\"7\" height=\"12\" viewBox=\"0 0 7 12\" xmlns=\"http:\/\/www.w3.org\/2000\/svg\" data-svg=\"pagination-next\"><polyline fill=\"none\" stroke=\"currentColor\" stroke-width=\"1.2\" points=\"1 1 6 6 1 11\"><\/polyline><\/svg>\n\t\t\t\t<\/button>\n\t\t\t<\/div>\n\t\t<\/div><\/div><\/div><\/section>\n\n\n\n<section class=\"wp-block-uagb-section uagb-section__wrap uagb-section__background-undefined uagb-block-7b3e9d4c\"><div class=\"uagb-section__overlay\"><\/div><div class=\"uagb-section__inner-wrap\"><\/div><\/section>\n\n\n\n<div class=\"wp-block-columns\">\n<div class=\"wp-block-column\" style=\"flex-basis:100%\">\n<div class=\"wp-block-group\"><div class=\"wp-block-group__inner-container\">\n<section class=\"wp-block-uagb-section uagb-section__wrap uagb-section__background-undefined uagb-block-de8dfa99\"><div class=\"uagb-section__overlay\"><\/div><div class=\"uagb-section__inner-wrap\"><\/div><\/section>\n<\/div><\/div>\n<\/div>\n<\/div>\n\n\n\n<section class=\"wp-block-uagb-section uagb-section__wrap uagb-section__background-undefined uagb-block-e02e79b5\"><div class=\"uagb-section__overlay\"><\/div><div class=\"uagb-section__inner-wrap\">\n<div class=\"wp-block-image\"><figure class=\"aligncenter size-full is-resized\"><img loading=\"lazy\" src=\"https:\/\/www.traum-ferienwohnungen.de\/vermieter-magazin\/wp-content\/uploads\/2022\/06\/disq-award.jpg\" alt=\"\" class=\"wp-image-5040\" width=\"250\" height=\"250\" srcset=\"https:\/\/www.traum-ferienwohnungen.de\/vermieter-magazin\/wp-content\/uploads\/2022\/06\/disq-award.jpg 500w, https:\/\/www.traum-ferienwohnungen.de\/vermieter-magazin\/wp-content\/uploads\/2022\/06\/disq-award-300x300.jpg 300w, https:\/\/www.traum-ferienwohnungen.de\/vermieter-magazin\/wp-content\/uploads\/2022\/06\/disq-award-150x150.jpg 150w\" sizes=\"(max-width: 250px) 100vw, 250px\" \/><\/figure><\/div>\n<\/div><\/section>\n\n\n\n<div class=\"wp-block-columns\">\n<div class=\"wp-block-column\" style=\"flex-basis:100%\">\n<div class=\"wp-block-columns\">\n<div class=\"wp-block-column\" style=\"flex-basis:25%\"><\/div>\n\n\n\n<div class=\"wp-block-column\" style=\"flex-basis:50%\"><\/div>\n\n\n\n<div class=\"wp-block-column\" style=\"flex-basis:25%\"><\/div>\n<\/div>\n<\/div>\n<\/div>\n","protected":false},"excerpt":{"rendered":"","protected":false},"author":2,"featured_media":0,"parent":0,"menu_order":0,"comment_status":"closed","ping_status":"closed","template":"","meta":[],"yoast_head":"<!-- This site is optimized with the Yoast SEO plugin v16.7 - https:\/\/yoast.com\/wordpress\/plugins\/seo\/ -->\n<title>Vermieter Magazin - Vermieter Magazin<\/title>\n<meta name=\"description\" content=\"Auf diesen Seiten finden Sie hilfreiche Tipps und ausf\u00fchrliche Ratgeber rund um die erfolgreiche Vermietung und Vermarktung einer Ferienwohnung oder eines Ferienhauses. Lesen Sie unsere Experten-Tipps und lassen Sie sich inspirieren!\" \/>\n<meta name=\"robots\" content=\"index, follow, max-snippet:-1, max-image-preview:large, max-video-preview:-1\" \/>\n<link rel=\"canonical\" href=\"https:\/\/www.traum-ferienwohnungen.de\/vermieter-magazin\/\" \/>\n<meta property=\"og:locale\" content=\"de_DE\" \/>\n<meta property=\"og:type\" content=\"article\" \/>\n<meta property=\"og:title\" content=\"Vermieter Magazin - Vermieter Magazin\" \/>\n<meta property=\"og:description\" content=\"Auf diesen Seiten finden Sie hilfreiche Tipps und ausf\u00fchrliche Ratgeber rund um die erfolgreiche Vermietung und Vermarktung einer Ferienwohnung oder eines Ferienhauses. Lesen Sie unsere Experten-Tipps und lassen Sie sich inspirieren!\" \/>\n<meta property=\"og:url\" content=\"https:\/\/www.traum-ferienwohnungen.de\/vermieter-magazin\/\" \/>\n<meta property=\"og:site_name\" content=\"Vermieter Magazin\" \/>\n<meta property=\"article:modified_time\" content=\"2024-01-16T20:09:45+00:00\" \/>\n<meta property=\"og:image\" content=\"https:\/\/www.traum-ferienwohnungen.de\/vermieter-magazin\/wp-content\/uploads\/2024\/01\/Banner-for-Traum-HO-Pages-1440x1068-DE-Mobile-2-17.jpg\" \/>\n<meta name=\"twitter:card\" content=\"summary_large_image\" \/>\n<meta name=\"twitter:label1\" content=\"Gesch\u00e4tzte Lesezeit\" \/>\n\t<meta name=\"twitter:data1\" content=\"1\u00a0Minute\" \/>\n<script type=\"application\/ld+json\" class=\"yoast-schema-graph\">{\"@context\":\"https:\/\/schema.org\",\"@graph\":[{\"@type\":\"WebSite\",\"@id\":\"https:\/\/www.traum-ferienwohnungen.de\/vermieter-magazin\/#website\",\"url\":\"https:\/\/www.traum-ferienwohnungen.de\/vermieter-magazin\/\",\"name\":\"Vermieter Magazin\",\"description\":\"\",\"potentialAction\":[{\"@type\":\"SearchAction\",\"target\":{\"@type\":\"EntryPoint\",\"urlTemplate\":\"https:\/\/www.traum-ferienwohnungen.de\/vermieter-magazin\/?s={search_term_string}\"},\"query-input\":\"required name=search_term_string\"}],\"inLanguage\":\"de\"},{\"@type\":\"ImageObject\",\"@id\":\"https:\/\/www.traum-ferienwohnungen.de\/vermieter-magazin\/#primaryimage\",\"inLanguage\":\"de\",\"url\":\"https:\/\/www.traum-ferienwohnungen.de\/vermieter-magazin\/wp-content\/uploads\/2024\/01\/Banner-for-Traum-HO-Pages-1440x1068-DE-Mobile-2-17.jpg\",\"contentUrl\":\"https:\/\/www.traum-ferienwohnungen.de\/vermieter-magazin\/wp-content\/uploads\/2024\/01\/Banner-for-Traum-HO-Pages-1440x1068-DE-Mobile-2-17.jpg\",\"width\":1440,\"height\":1068},{\"@type\":\"WebPage\",\"@id\":\"https:\/\/www.traum-ferienwohnungen.de\/vermieter-magazin\/#webpage\",\"url\":\"https:\/\/www.traum-ferienwohnungen.de\/vermieter-magazin\/\",\"name\":\"Vermieter Magazin - Vermieter Magazin\",\"isPartOf\":{\"@id\":\"https:\/\/www.traum-ferienwohnungen.de\/vermieter-magazin\/#website\"},\"primaryImageOfPage\":{\"@id\":\"https:\/\/www.traum-ferienwohnungen.de\/vermieter-magazin\/#primaryimage\"},\"datePublished\":\"2020-04-02T12:21:39+00:00\",\"dateModified\":\"2024-01-16T20:09:45+00:00\",\"description\":\"Auf diesen Seiten finden Sie hilfreiche Tipps und ausf\\u00fchrliche Ratgeber rund um die erfolgreiche Vermietung und Vermarktung einer Ferienwohnung oder eines Ferienhauses. Lesen Sie unsere Experten-Tipps und lassen Sie sich inspirieren!\",\"breadcrumb\":{\"@id\":\"https:\/\/www.traum-ferienwohnungen.de\/vermieter-magazin\/#breadcrumb\"},\"inLanguage\":\"de\",\"potentialAction\":[{\"@type\":\"ReadAction\",\"target\":[\"https:\/\/www.traum-ferienwohnungen.de\/vermieter-magazin\/\"]}]},{\"@type\":\"BreadcrumbList\",\"@id\":\"https:\/\/www.traum-ferienwohnungen.de\/vermieter-magazin\/#breadcrumb\",\"itemListElement\":[{\"@type\":\"ListItem\",\"position\":1,\"name\":\"Startseite\",\"item\":\"https:\/\/www.traum-ferienwohnungen.de\/vermieter-magazin\/\"},{\"@type\":\"ListItem\",\"position\":2,\"name\":\"Vermieter Magazin\"}]}]}<\/script>\n<!-- \/ Yoast SEO plugin. -->","yoast_head_json":{"title":"Vermieter Magazin - Vermieter Magazin","description":"Auf diesen Seiten finden Sie hilfreiche Tipps und ausf\u00fchrliche Ratgeber rund um die erfolgreiche Vermietung und Vermarktung einer Ferienwohnung oder eines Ferienhauses. Lesen Sie unsere Experten-Tipps und lassen Sie sich inspirieren!","robots":{"index":"index","follow":"follow","max-snippet":"max-snippet:-1","max-image-preview":"max-image-preview:large","max-video-preview":"max-video-preview:-1"},"canonical":"https:\/\/www.traum-ferienwohnungen.de\/vermieter-magazin\/","og_locale":"de_DE","og_type":"article","og_title":"Vermieter Magazin - Vermieter Magazin","og_description":"Auf diesen Seiten finden Sie hilfreiche Tipps und ausf\u00fchrliche Ratgeber rund um die erfolgreiche Vermietung und Vermarktung einer Ferienwohnung oder eines Ferienhauses. Lesen Sie unsere Experten-Tipps und lassen Sie sich inspirieren!","og_url":"https:\/\/www.traum-ferienwohnungen.de\/vermieter-magazin\/","og_site_name":"Vermieter Magazin","article_modified_time":"2024-01-16T20:09:45+00:00","og_image":[{"url":"https:\/\/www.traum-ferienwohnungen.de\/vermieter-magazin\/wp-content\/uploads\/2024\/01\/Banner-for-Traum-HO-Pages-1440x1068-DE-Mobile-2-17.jpg"}],"twitter_card":"summary_large_image","twitter_misc":{"Gesch\u00e4tzte Lesezeit":"1\u00a0Minute"},"schema":{"@context":"https:\/\/schema.org","@graph":[{"@type":"WebSite","@id":"https:\/\/www.traum-ferienwohnungen.de\/vermieter-magazin\/#website","url":"https:\/\/www.traum-ferienwohnungen.de\/vermieter-magazin\/","name":"Vermieter Magazin","description":"","potentialAction":[{"@type":"SearchAction","target":{"@type":"EntryPoint","urlTemplate":"https:\/\/www.traum-ferienwohnungen.de\/vermieter-magazin\/?s={search_term_string}"},"query-input":"required name=search_term_string"}],"inLanguage":"de"},{"@type":"ImageObject","@id":"https:\/\/www.traum-ferienwohnungen.de\/vermieter-magazin\/#primaryimage","inLanguage":"de","url":"https:\/\/www.traum-ferienwohnungen.de\/vermieter-magazin\/wp-content\/uploads\/2024\/01\/Banner-for-Traum-HO-Pages-1440x1068-DE-Mobile-2-17.jpg","contentUrl":"https:\/\/www.traum-ferienwohnungen.de\/vermieter-magazin\/wp-content\/uploads\/2024\/01\/Banner-for-Traum-HO-Pages-1440x1068-DE-Mobile-2-17.jpg","width":1440,"height":1068},{"@type":"WebPage","@id":"https:\/\/www.traum-ferienwohnungen.de\/vermieter-magazin\/#webpage","url":"https:\/\/www.traum-ferienwohnungen.de\/vermieter-magazin\/","name":"Vermieter Magazin - Vermieter Magazin","isPartOf":{"@id":"https:\/\/www.traum-ferienwohnungen.de\/vermieter-magazin\/#website"},"primaryImageOfPage":{"@id":"https:\/\/www.traum-ferienwohnungen.de\/vermieter-magazin\/#primaryimage"},"datePublished":"2020-04-02T12:21:39+00:00","dateModified":"2024-01-16T20:09:45+00:00","description":"Auf diesen Seiten finden Sie hilfreiche Tipps und ausf\u00fchrliche Ratgeber rund um die erfolgreiche Vermietung und Vermarktung einer Ferienwohnung oder eines Ferienhauses. Lesen Sie unsere Experten-Tipps und lassen Sie sich inspirieren!","breadcrumb":{"@id":"https:\/\/www.traum-ferienwohnungen.de\/vermieter-magazin\/#breadcrumb"},"inLanguage":"de","potentialAction":[{"@type":"ReadAction","target":["https:\/\/www.traum-ferienwohnungen.de\/vermieter-magazin\/"]}]},{"@type":"BreadcrumbList","@id":"https:\/\/www.traum-ferienwohnungen.de\/vermieter-magazin\/#breadcrumb","itemListElement":[{"@type":"ListItem","position":1,"name":"Startseite","item":"https:\/\/www.traum-ferienwohnungen.de\/vermieter-magazin\/"},{"@type":"ListItem","position":2,"name":"Vermieter Magazin"}]}]}},"uagb_featured_image_src":{"full":false,"thumbnail":false,"medium":false,"medium_large":false,"large":false,"1536x1536":false,"2048x2048":false},"uagb_author_info":{"display_name":"n.fueller","author_link":"https:\/\/www.traum-ferienwohnungen.de\/vermieter-magazin\/author\/n-fueller\/"},"uagb_comment_info":0,"uagb_excerpt":null,"_links":{"self":[{"href":"https:\/\/www.traum-ferienwohnungen.de\/vermieter-magazin\/wp-json\/wp\/v2\/pages\/8"}],"collection":[{"href":"https:\/\/www.traum-ferienwohnungen.de\/vermieter-magazin\/wp-json\/wp\/v2\/pages"}],"about":[{"href":"https:\/\/www.traum-ferienwohnungen.de\/vermieter-magazin\/wp-json\/wp\/v2\/types\/page"}],"author":[{"embeddable":true,"href":"https:\/\/www.traum-ferienwohnungen.de\/vermieter-magazin\/wp-json\/wp\/v2\/users\/2"}],"replies":[{"embeddable":true,"href":"https:\/\/www.traum-ferienwohnungen.de\/vermieter-magazin\/wp-json\/wp\/v2\/comments?post=8"}],"version-history":[{"count":113,"href":"https:\/\/www.traum-ferienwohnungen.de\/vermieter-magazin\/wp-json\/wp\/v2\/pages\/8\/revisions"}],"predecessor-version":[{"id":8066,"href":"https:\/\/www.traum-ferienwohnungen.de\/vermieter-magazin\/wp-json\/wp\/v2\/pages\/8\/revisions\/8066"}],"wp:attachment":[{"href":"https:\/\/www.traum-ferienwohnungen.de\/vermieter-magazin\/wp-json\/wp\/v2\/media?parent=8"}],"curies":[{"name":"wp","href":"https:\/\/api.w.org\/{rel}","templated":true}]}}